{"id":2924,"date":"2023-11-29T09:28:57","date_gmt":"2023-11-29T09:28:57","guid":{"rendered":"https:\/\/www.ar-architectes.com\/projet\/terre-de-sarcelles-95\/"},"modified":"2023-12-19T16:19:59","modified_gmt":"2023-12-19T16:19:59","slug":"terre-de-sarcelles-95","status":"publish","type":"projet","link":"https:\/\/www.ar-architectes.com\/en\/project\/terre-de-sarcelles-95\/","title":{"rendered":"Terre de Sarcelles (95)"},"content":{"rendered":"\t\t<div data-elementor-type=\"wp-post\" data-elementor-id=\"2924\" class=\"elementor elementor-2924 elementor-1271\">\n\t\t\t\t<div class=\"elementor-element elementor-element-75bc04f e-flex e-con-boxed e-con e-parent\" data-id=\"75bc04f\" data-element_type=\"container\" data-e-type=\"container\">\n\t\t\t\t\t<div class=\"e-con-inner\">\n\t\t\t\t<div class=\"elementor-element elementor-element-09f10ea elementor-widget elementor-widget-heading\" data-id=\"09f10ea\" data-element_type=\"widget\" data-e-type=\"widget\" data-widget_type=\"heading.default\">\n\t\t\t\t<div class=\"elementor-widget-container\">\n\t\t\t\t\t<h2 class=\"elementor-heading-title elementor-size-default\">Eco-Renovation of the Waste Treatment Plant in Sarcelles (95), France \u2013 Terre de Sarcelles <\/h2>\t\t\t\t<\/div>\n\t\t\t\t<\/div>\n\t\t\t\t\t<\/div>\n\t\t\t\t<\/div>\n\t\t<div class=\"elementor-element elementor-element-1cfadb7 e-flex e-con-boxed e-con e-parent\" data-id=\"1cfadb7\" data-element_type=\"container\" data-e-type=\"container\">\n\t\t\t\t\t<div class=\"e-con-inner\">\n\t\t<div class=\"elementor-element elementor-element-a5b518f e-con-full e-flex e-con e-child\" data-id=\"a5b518f\" data-element_type=\"container\" data-e-type=\"container\">\n\t\t\t\t<div class=\"elementor-element elementor-element-552c5b8 projets-highlight elementor-widget elementor-widget-text-editor\" data-id=\"552c5b8\" data-element_type=\"widget\" data-e-type=\"widget\" data-widget_type=\"text-editor.default\">\n\t\t\t\t<div class=\"elementor-widget-container\">\n\t\t\t\t\t\t\t\t\t<p><strong>Client\u00a0:<\/strong> SIGIDURS<\/p><p><strong>Location\u00a0:<\/strong> Sarcelles (95), France<\/p><p><strong>Project\u00a0:<\/strong> Eco-renovation of the waste treatment plant in Sarcelles (95)<\/p><p><strong>Mission\u00a0: <\/strong>Architectural and landscaping ecodesign<\/p><p><strong>Consultant\u00a0: <\/strong>AR ARCHITECTES, VERDI, BG INGENIEURS CONSEILS<\/p><p><strong>Area\u00a0: <\/strong>Plot : 30 000m\u00b2, Building : 10 050m\u00b2<\/p><p><strong>Cost\u00a0:<\/strong> 9 000 000 \u20ac<\/p><p><strong>Date\u00a0: <\/strong>Competition 2020<\/p>\t\t\t\t\t\t\t\t<\/div>\n\t\t\t\t<\/div>\n\t\t\t\t<div class=\"elementor-element elementor-element-f8595a0 elementor-widget elementor-widget-text-editor\" data-id=\"f8595a0\" data-element_type=\"widget\" data-e-type=\"widget\" data-widget_type=\"text-editor.default\">\n\t\t\t\t<div class=\"elementor-widget-container\">\n\t\t\t\t\t\t\t\t\t<p>The architectural, landscaping and environmental aspects of the SIGIDURS Energy Recovery<\/p><p>Centre renovation project revolve around three key ideas:<\/p><ol><li>To homogenize the different buildings and volumes of the Centre in order to show a single architectural unit: create a grey base.<\/li><li>To highlight the process area which represents the heart of the plant and the SIGIDURS approach; create a a coloured perforated metal envelope reminding the old brick used in the city.<\/li><li>Intensively plant the plot and plant with the ambition to create a sustainable green design perfectly integrated into its surroundings.<\/li><\/ol>\t\t\t\t\t\t\t\t<\/div>\n\t\t\t\t<\/div>\n\t\t\t\t<\/div>\n\t\t<div class=\"elementor-element elementor-element-6f696fa e-con-full e-flex e-con e-child\" data-id=\"6f696fa\" data-element_type=\"container\" data-e-type=\"container\">\n\t\t\t\t<div class=\"elementor-element elementor-element-a1efa67 elementor-widget elementor-widget-slider_revolution\" data-id=\"a1efa67\" data-element_type=\"widget\" data-e-type=\"widget\" data-widget_type=\"slider_revolution.default\">\n\t\t\t\t<div class=\"elementor-widget-container\">\n\t\t\t\t\t\n\t\t<div class=\"wp-block-themepunch-revslider\">\n\t\t\t<!-- START Terre de Sarcelles REVOLUTION SLIDER 6.6.16 --><p class=\"rs-p-wp-fix\"><\/p>\n\t\t\t<rs-module-wrap id=\"rev_slider_27_1_wrapper\" data-source=\"gallery\" style=\"visibility:hidden;background:transparent;padding:0;margin:0px auto;margin-top:0;margin-bottom:0;\">\n\t\t\t\t<rs-module id=\"rev_slider_27_1\" style=\"\" data-version=\"6.6.16\">\n\t\t\t\t\t<rs-slides style=\"overflow: hidden; position: absolute;\">\n\t\t\t\t\t\t<rs-slide style=\"position: absolute;\" data-key=\"rs-325\" data-title=\"Slide\" data-thumb=\"\/\/www.ar-architectes.com\/wp-content\/uploads\/2023\/11\/1-6-scaled.jpg\" data-in=\"o:0;\" data-out=\"a:false;\">\n\t\t\t\t\t\t\t<img fetchpriority=\"high\" decoding=\"async\" src=\"\/\/www.ar-architectes.com\/wp-content\/plugins\/revslider\/public\/assets\/assets\/dummy.png\" alt=\"\" title=\"1\" width=\"2560\" height=\"1707\" class=\"rev-slidebg tp-rs-img rs-lazyload\" data-lazyload=\"\/\/www.ar-architectes.com\/wp-content\/uploads\/2023\/11\/1-6-scaled.jpg\" data-no-retina>\n<!---->\t\t\t\t\t\t<\/rs-slide>\n\t\t\t\t\t\t<rs-slide style=\"position: absolute;\" data-key=\"rs-326\" data-title=\"Slide\" data-thumb=\"\/\/www.ar-architectes.com\/wp-content\/uploads\/2023\/11\/2-6-scaled.jpg\" data-in=\"o:0;\" data-out=\"a:false;\">\n\t\t\t\t\t\t\t<img decoding=\"async\" src=\"\/\/www.ar-architectes.com\/wp-content\/plugins\/revslider\/public\/assets\/assets\/dummy.png\" alt=\"\" title=\"2\" width=\"2560\" height=\"1707\" class=\"rev-slidebg tp-rs-img rs-lazyload\" data-lazyload=\"\/\/www.ar-architectes.com\/wp-content\/uploads\/2023\/11\/2-6-scaled.jpg\" data-no-retina>\n<!---->\t\t\t\t\t\t<\/rs-slide>\n\t\t\t\t\t\t<rs-slide style=\"position: absolute;\" data-key=\"rs-327\" data-title=\"Slide\" data-thumb=\"\/\/www.ar-architectes.com\/wp-content\/uploads\/2023\/11\/3-5.jpg\" data-in=\"o:0;\" data-out=\"a:false;\">\n\t\t\t\t\t\t\t<img decoding=\"async\" src=\"\/\/www.ar-architectes.com\/wp-content\/plugins\/revslider\/public\/assets\/assets\/dummy.png\" alt=\"\" title=\"3\" width=\"1619\" height=\"1209\" class=\"rev-slidebg tp-rs-img rs-lazyload\" data-lazyload=\"\/\/www.ar-architectes.com\/wp-content\/uploads\/2023\/11\/3-5.jpg\" data-no-retina>\n<!---->\t\t\t\t\t\t<\/rs-slide>\n\t\t\t\t\t\t<rs-slide style=\"position: absolute;\" data-key=\"rs-328\" data-title=\"Slide\" data-thumb=\"\/\/www.ar-architectes.com\/wp-content\/uploads\/2023\/11\/4-4-scaled.jpg\" data-in=\"o:0;\" data-out=\"a:false;\">\n\t\t\t\t\t\t\t<img loading=\"lazy\" decoding=\"async\" src=\"\/\/www.ar-architectes.com\/wp-content\/plugins\/revslider\/public\/assets\/assets\/dummy.png\" alt=\"\" title=\"\\192.168.1.22agenceAPPEL D&#8217;OFFRE_CONCOURSAR_CONCOURS MOEEN\" width=\"2560\" height=\"1613\" class=\"rev-slidebg tp-rs-img rs-lazyload\" data-lazyload=\"\/\/www.ar-architectes.com\/wp-content\/uploads\/2023\/11\/4-4-scaled.jpg\" data-no-retina>\n<!---->\t\t\t\t\t\t<\/rs-slide>\n\t\t\t\t\t\t<rs-slide style=\"position: absolute;\" data-key=\"rs-329\" data-title=\"Slide\" data-thumb=\"\/\/www.ar-architectes.com\/wp-content\/uploads\/2023\/11\/5-4-scaled.jpg\" data-in=\"o:0;\" data-out=\"a:false;\">\n\t\t\t\t\t\t\t<img loading=\"lazy\" decoding=\"async\" src=\"\/\/www.ar-architectes.com\/wp-content\/plugins\/revslider\/public\/assets\/assets\/dummy.png\" alt=\"\" title=\"AR_3219_ELEVATION FACADE NORD A3 500_281119\" width=\"2560\" height=\"1434\" class=\"rev-slidebg tp-rs-img rs-lazyload\" data-lazyload=\"\/\/www.ar-architectes.com\/wp-content\/uploads\/2023\/11\/5-4-scaled.jpg\" data-no-retina>\n<!---->\t\t\t\t\t\t<\/rs-slide>\n\t\t\t\t\t\t<rs-slide style=\"position: absolute;\" data-key=\"rs-330\" data-title=\"Slide\" data-thumb=\"\/\/www.ar-architectes.com\/wp-content\/uploads\/2023\/11\/6-3-scaled.jpg\" data-in=\"o:0;\" data-out=\"a:false;\">\n\t\t\t\t\t\t\t<img loading=\"lazy\" decoding=\"async\" src=\"\/\/www.ar-architectes.com\/wp-content\/plugins\/revslider\/public\/assets\/assets\/dummy.png\" alt=\"\" title=\"\\SERVEUR-ARagenceAPPEL D&#8217;OFFRE_CONCOURSAR_CONCOURS MOEEN CO\" width=\"2560\" height=\"1404\" class=\"rev-slidebg tp-rs-img rs-lazyload\" data-lazyload=\"\/\/www.ar-architectes.com\/wp-content\/uploads\/2023\/11\/6-3-scaled.jpg\" data-no-retina>\n<!---->\t\t\t\t\t\t<\/rs-slide>\n\t\t\t\t\t\t<rs-slide style=\"position: absolute;\" data-key=\"rs-331\" data-title=\"Slide\" data-thumb=\"\/\/www.ar-architectes.com\/wp-content\/uploads\/2023\/11\/7-3-scaled.jpg\" data-in=\"o:0;\" data-out=\"a:false;\">\n\t\t\t\t\t\t\t<img loading=\"lazy\" decoding=\"async\" src=\"\/\/www.ar-architectes.com\/wp-content\/plugins\/revslider\/public\/assets\/assets\/dummy.png\" alt=\"\" title=\"\\SERVEUR-ARagenceAPPEL D&#8217;OFFRE_CONCOURSAR_CONCOURS MOEEN CO\" width=\"2560\" height=\"1493\" class=\"rev-slidebg tp-rs-img rs-lazyload\" data-lazyload=\"\/\/www.ar-architectes.com\/wp-content\/uploads\/2023\/11\/7-3-scaled.jpg\" data-no-retina>\n<!---->\t\t\t\t\t\t<\/rs-slide>\n\t\t\t\t\t<\/rs-slides>\n\t\t\t\t\t<rs-static-layers><!--\n\t\t\t\t\t--><\/rs-static-layers>\n\t\t\t\t<\/rs-module>\n\t\t\t\t<script>\n\t\t\t\t\tsetREVStartSize({c: 'rev_slider_27_1',rl:[1240,1024,778,480],el:[900],gw:[1240],gh:[900],type:'carousel',justify:'',layout:'fullwidth',thumbh:\"180\",mh:\"0\"});if (window.RS_MODULES!==undefined && window.RS_MODULES.modules!==undefined && window.RS_MODULES.modules[\"revslider271\"]!==undefined) {window.RS_MODULES.modules[\"revslider271\"].once = false;window.revapi27 = undefined;if (window.RS_MODULES.checkMinimal!==undefined) window.RS_MODULES.checkMinimal()}\n\t\t\t\t<\/script>\n\t\t\t<\/rs-module-wrap>\n\t\t\t<!-- END REVOLUTION SLIDER -->\n<\/div>\n\n\t\t\t\t\t\t<\/div>\n\t\t\t\t<\/div>\n\t\t\t\t<\/div>\n\t\t\t\t\t<\/div>\n\t\t\t\t<\/div>\n\t\t<div class=\"elementor-element elementor-element-4d1be87 e-flex e-con-boxed e-con e-parent\" data-id=\"4d1be87\" data-element_type=\"container\" data-e-type=\"container\">\n\t\t\t\t\t<div class=\"e-con-inner\">\n\t\t\t\t<div class=\"elementor-element elementor-element-d34259d download-file-button elementor-widget elementor-widget-bridge_icon_text\" data-id=\"d34259d\" data-element_type=\"widget\" data-e-type=\"widget\" data-widget_type=\"bridge_icon_text.default\">\n\t\t\t\t<div class=\"elementor-widget-container\">\n\t\t\t\t\t<div class='q_icon_with_title small normal_icon '><div class=\"icon_holder \" style=\" \"><span data-icon-type=\"normal\"   style=\"\" class=\"qode_iwt_icon_holder q_font_awsome_icon fa-2x  \"><i class=\"qode_icon_font_awesome fa fa-download qode_iwt_icon_element\" style=\"color: #66B545;\" ><\/i><\/span><\/div><div class=\"icon_text_holder\" style=\"\"><div class=\"icon_text_inner\" style=\"\"><h5 class=\"icon_title\" style=\"color: #000000;font-weight: 700;\"><\/h5><p style='color: #000000'><\/p><a itemprop='url' class='icon_with_title_link' href='https:\/\/www.ar-architectes.com\/wp-content\/uploads\/2023\/12\/AR_SIGIDURS_SARCELLES_ANGLAIS.pdf' target='_self' style='color: #000000;'>T\u00c9L\u00c9CHARGER LA FICHE COMPL\u00c8TE DE CE PROJET<\/a><\/div><\/div><\/div>\t\t\t\t<\/div>\n\t\t\t\t<\/div>\n\t\t\t\t\t<\/div>\n\t\t\t\t<\/div>\n\t\t\t\t<\/div>\n\t\t","protected":false},"excerpt":{"rendered":"<p>The architectural, landscaping and environmental aspects of the SIGIDURS Energy Recovery&#8230;<\/p>\n","protected":false},"featured_media":2340,"template":"","categories":[27],"tags":[26],"class_list":["post-2924","projet","type-projet","status-publish","has-post-thumbnail","hentry","category-france-en","tag-eco-construction-en"],"_links":{"self":[{"href":"https:\/\/www.ar-architectes.com\/en\/wp-json\/wp\/v2\/projet\/2924","targetHints":{"allow":["GET"]}}],"collection":[{"href":"https:\/\/www.ar-architectes.com\/en\/wp-json\/wp\/v2\/projet"}],"about":[{"href":"https:\/\/www.ar-architectes.com\/en\/wp-json\/wp\/v2\/types\/projet"}],"version-history":[{"count":4,"href":"https:\/\/www.ar-architectes.com\/en\/wp-json\/wp\/v2\/projet\/2924\/revisions"}],"predecessor-version":[{"id":3316,"href":"https:\/\/www.ar-architectes.com\/en\/wp-json\/wp\/v2\/projet\/2924\/revisions\/3316"}],"wp:featuredmedia":[{"embeddable":true,"href":"https:\/\/www.ar-architectes.com\/en\/wp-json\/wp\/v2\/media\/2340"}],"wp:attachment":[{"href":"https:\/\/www.ar-architectes.com\/en\/wp-json\/wp\/v2\/media?parent=2924"}],"wp:term":[{"taxonomy":"category","embeddable":true,"href":"https:\/\/www.ar-architectes.com\/en\/wp-json\/wp\/v2\/categories?post=2924"},{"taxonomy":"post_tag","embeddable":true,"href":"https:\/\/www.ar-architectes.com\/en\/wp-json\/wp\/v2\/tags?post=2924"}],"curies":[{"name":"wp","href":"https:\/\/api.w.org\/{rel}","templated":true}]}}