{"id":78,"date":"2023-09-19T20:24:42","date_gmt":"2023-09-19T20:24:42","guid":{"rendered":"https:\/\/www.ar-architectes.com\/?page_id=78"},"modified":"2023-09-24T19:58:08","modified_gmt":"2023-09-24T19:58:08","slug":"france","status":"publish","type":"page","link":"https:\/\/www.ar-architectes.com\/fr\/france\/","title":{"rendered":"France"},"content":{"rendered":"\t\t<div data-elementor-type=\"wp-page\" data-elementor-id=\"78\" class=\"elementor elementor-78\">\n\t\t\t\t<div class=\"elementor-element elementor-element-7f8d30a e-flex e-con-boxed e-con e-parent\" data-id=\"7f8d30a\" data-element_type=\"container\" data-e-type=\"container\">\n\t\t\t\t\t<div class=\"e-con-inner\">\n\t\t\t\t<div class=\"elementor-element elementor-element-aa4ef9c elementor-widget elementor-widget-shortcode\" data-id=\"aa4ef9c\" data-element_type=\"widget\" data-e-type=\"widget\" data-widget_type=\"shortcode.default\">\n\t\t\t\t<div class=\"elementor-widget-container\">\n\t\t\t\t\t\t\t<div class=\"elementor-shortcode\"><style type=\"text\/css\">a.eg-henryharrison-element-1,a.eg-henryharrison-element-2{-webkit-transition:all .4s linear;   -moz-transition:all .4s linear;   -o-transition:all .4s linear;   -ms-transition:all .4s linear;   transition:all .4s linear}.eg-jimmy-carter-element-11 i:before{margin-left:0px; margin-right:0px}.eg-harding-element-17{letter-spacing:1px}.eg-harding-wrapper .esg-entry-media{overflow:hidden; box-sizing:border-box;   -webkit-box-sizing:border-box;   -moz-box-sizing:border-box;   padding:30px 30px 0px 30px}.eg-harding-wrapper .esg-media-poster{overflow:hidden; border-radius:50%;   -webkit-border-radius:50%;   -moz-border-radius:50%}.eg-ulysses-s-grant-wrapper .esg-entry-media{overflow:hidden; box-sizing:border-box;   -webkit-box-sizing:border-box;   -moz-box-sizing:border-box;   padding:30px 30px 0px 30px}.eg-ulysses-s-grant-wrapper .esg-media-poster{overflow:hidden; border-radius:50%;   -webkit-border-radius:50%;   -moz-border-radius:50%}.eg-richard-nixon-wrapper .esg-entry-media{overflow:hidden; box-sizing:border-box;   -webkit-box-sizing:border-box;   -moz-box-sizing:border-box;   padding:30px 30px 0px 30px}.eg-richard-nixon-wrapper .esg-media-poster{overflow:hidden; border-radius:50%;   -webkit-border-radius:50%;   -moz-border-radius:50%}.eg-herbert-hoover-wrapper .esg-media-poster{filter:url(\"data:image\/svg+xml;utf8,<svg xmlns='http:\/\/www.w3.org\/2000\/svg'><filter id='grayscale'><feColorMatrix type='matrix' values='0.3333 0.3333 0.3333 0 0 0.3333 0.3333 0.3333 0 0 0.3333 0.3333 0.3333 0 0 0 0 0 1 0'\/><\/filter><\/svg>#grayscale\");   filter:gray;   -webkit-filter:grayscale(100%)}.eg-herbert-hoover-wrapper:hover .esg-media-poster{filter:url(\"data:image\/svg+xml;utf8,<svg xmlns='http:\/\/www.w3.org\/2000\/svg'><filter id='grayscale'><feColorMatrix type='matrix' values='1 0 0 0 0,0 1 0 0 0,0 0 1 0 0,0 0 0 1 0'\/><\/filter><\/svg>#grayscale\");  -webkit-filter:grayscale(0%)}.eg-lyndon-johnson-wrapper .esg-media-poster{filter:url(\"data:image\/svg+xml;utf8,<svg xmlns='http:\/\/www.w3.org\/2000\/svg'><filter id='grayscale'><feColorMatrix type='matrix' values='0.3333 0.3333 0.3333 0 0 0.3333 0.3333 0.3333 0 0 0.3333 0.3333 0.3333 0 0 0 0 0 1 0'\/><\/filter><\/svg>#grayscale\");   filter:gray;   -webkit-filter:grayscale(100%)}.eg-lyndon-johnson-wrapper:hover .esg-media-poster{filter:url(\"data:image\/svg+xml;utf8,<svg xmlns='http:\/\/www.w3.org\/2000\/svg'><filter id='grayscale'><feColorMatrix type='matrix' values='1 0 0 0 0,0 1 0 0 0,0 0 1 0 0,0 0 0 1 0'\/><\/filter><\/svg>#grayscale\");  -webkit-filter:grayscale(0%)}.esg-overlay.eg-ronald-reagan-container{background:-moz-linear-gradient(top,rgba(0,0,0,0) 50%,rgba(0,0,0,0.83) 99%,rgba(0,0,0,0.85) 100%); background:-webkit-gradient(linear,left top,left bottom,color-stop(50%,rgba(0,0,0,0)),color-stop(99%,rgba(0,0,0,0.83)),color-stop(100%,rgba(0,0,0,0.85))); background:-webkit-linear-gradient(top,rgba(0,0,0,0) 50%,rgba(0,0,0,0.83) 99%,rgba(0,0,0,0.85) 100%); background:-o-linear-gradient(top,rgba(0,0,0,0) 50%,rgba(0,0,0,0.83) 99%,rgba(0,0,0,0.85) 100%); background:-ms-linear-gradient(top,rgba(0,0,0,0) 50%,rgba(0,0,0,0.83) 99%,rgba(0,0,0,0.85) 100%); background:linear-gradient(to bottom,rgba(0,0,0,0) 50%,rgba(0,0,0,0.83) 99%,rgba(0,0,0,0.85) 100%); filter:progid:DXImageTransform.Microsoft.gradient( startColorstr='#00000000',endColorstr='#d9000000',GradientType=0 )}.eg-georgebush-wrapper .esg-entry-cover{background:-moz-linear-gradient(top,rgba(0,0,0,0) 50%,rgba(0,0,0,0.83) 99%,rgba(0,0,0,0.85) 100%); background:-webkit-gradient(linear,left top,left bottom,color-stop(50%,rgba(0,0,0,0)),color-stop(99%,rgba(0,0,0,0.83)),color-stop(100%,rgba(0,0,0,0.85))); background:-webkit-linear-gradient(top,rgba(0,0,0,0) 50%,rgba(0,0,0,0.83) 99%,rgba(0,0,0,0.85) 100%); background:-o-linear-gradient(top,rgba(0,0,0,0) 50%,rgba(0,0,0,0.83) 99%,rgba(0,0,0,0.85) 100%); background:-ms-linear-gradient(top,rgba(0,0,0,0) 50%,rgba(0,0,0,0.83) 99%,rgba(0,0,0,0.85) 100%); background:linear-gradient(to bottom,rgba(0,0,0,0) 50%,rgba(0,0,0,0.83) 99%,rgba(0,0,0,0.85) 100%); filter:progid:DXImageTransform.Microsoft.gradient( startColorstr='#00000000',endColorstr='#d9000000',GradientType=0 )}.eg-jefferson-wrapper{-webkit-border-radius:5px !important; -moz-border-radius:5px !important; border-radius:5px !important; -webkit-mask-image:url(data:image\/png;base64,iVBORw0KGgoAAAANSUhEUgAAAAEAAAABCAIAAACQd1PeAAAAGXRFWHRTb2Z0d2FyZQBBZG9iZSBJbWFnZVJlYWR5ccllPAAAAA5JREFUeNpiYGBgAAgwAAAEAAGbA+oJAAAAAElFTkSuQmCC) !important}.eg-monroe-element-1{text-shadow:0px 1px 3px rgba(0,0,0,0.1)}.eg-lyndon-johnson-wrapper .esg-entry-cover{background:-moz-radial-gradient(center,ellipse cover,rgba(0,0,0,0.35) 0%,rgba(18,18,18,0) 96%,rgba(19,19,19,0) 100%); background:-webkit-gradient(radial,center center,0px,center center,100%,color-stop(0%,rgba(0,0,0,0.35)),color-stop(96%,rgba(18,18,18,0)),color-stop(100%,rgba(19,19,19,0))); background:-webkit-radial-gradient(center,ellipse cover,rgba(0,0,0,0.35) 0%,rgba(18,18,18,0) 96%,rgba(19,19,19,0) 100%); background:-o-radial-gradient(center,ellipse cover,rgba(0,0,0,0.35) 0%,rgba(18,18,18,0) 96%,rgba(19,19,19,0) 100%); background:-ms-radial-gradient(center,ellipse cover,rgba(0,0,0,0.35) 0%,rgba(18,18,18,0) 96%,rgba(19,19,19,0) 100%); background:radial-gradient(ellipse at center,rgba(0,0,0,0.35) 0%,rgba(18,18,18,0) 96%,rgba(19,19,19,0) 100%); filter:progid:DXImageTransform.Microsoft.gradient( startColorstr='#59000000',endColorstr='#00131313',GradientType=1 )}.eg-wilbert-wrapper .esg-entry-cover{background:-moz-radial-gradient(center,ellipse cover,rgba(0,0,0,0.35) 0%,rgba(18,18,18,0) 96%,rgba(19,19,19,0) 100%); background:-webkit-gradient(radial,center center,0px,center center,100%,color-stop(0%,rgba(0,0,0,0.35)),color-stop(96%,rgba(18,18,18,0)),color-stop(100%,rgba(19,19,19,0))); background:-webkit-radial-gradient(center,ellipse cover,rgba(0,0,0,0.35) 0%,rgba(18,18,18,0) 96%,rgba(19,19,19,0) 100%); background:-o-radial-gradient(center,ellipse cover,rgba(0,0,0,0.35) 0%,rgba(18,18,18,0) 96%,rgba(19,19,19,0) 100%); background:-ms-radial-gradient(center,ellipse cover,rgba(0,0,0,0.35) 0%,rgba(18,18,18,0) 96%,rgba(19,19,19,0) 100%); background:radial-gradient(ellipse at center,rgba(0,0,0,0.35) 0%,rgba(18,18,18,0) 96%,rgba(19,19,19,0) 100%); filter:progid:DXImageTransform.Microsoft.gradient( startColorstr='#59000000',endColorstr='#00131313',GradientType=1 )}.eg-wilbert-wrapper .esg-media-poster{-webkit-transition:0.4s ease-in-out;  -moz-transition:0.4s ease-in-out;  -o-transition:0.4s ease-in-out;  transition:0.4s ease-in-out;  filter:url(\"data:image\/svg+xml;utf8,<svg xmlns='http:\/\/www.w3.org\/2000\/svg'><filter id='grayscale'><feColorMatrix type='matrix' values='0.3333 0.3333 0.3333 0 0 0.3333 0.3333 0.3333 0 0 0.3333 0.3333 0.3333 0 0 0 0 0 1 0'\/><\/filter><\/svg>#grayscale\");   filter:gray;   -webkit-filter:grayscale(100%)}.eg-wilbert-wrapper:hover .esg-media-poster{filter:url(\"data:image\/svg+xml;utf8,<svg xmlns='http:\/\/www.w3.org\/2000\/svg'><filter id='grayscale'><feColorMatrix type='matrix' values='1 0 0 0 0,0 1 0 0 0,0 0 1 0 0,0 0 0 1 0'\/><\/filter><\/svg>#grayscale\");  -webkit-filter:grayscale(0%)}.eg-phillie-element-3:after{content:\" \";width:0px;height:0px;border-style:solid;border-width:5px 5px 0 5px;border-color:#000 transparent transparent transparent;left:50%;margin-left:-5px; bottom:-5px; position:absolute}.eg-howardtaft-wrapper .esg-media-poster{filter:url(\"data:image\/svg+xml;utf8,<svg xmlns='http:\/\/www.w3.org\/2000\/svg'><filter id='grayscale'><feColorMatrix type='matrix' values='1 0 0 0 0,0 1 0 0 0,0 0 1 0 0,0 0 0 1 0'\/><\/filter><\/svg>#grayscale\");  -webkit-filter:grayscale(0%)}.eg-howardtaft-wrapper:hover .esg-media-poster{filter:url(\"data:image\/svg+xml;utf8,<svg xmlns='http:\/\/www.w3.org\/2000\/svg'><filter id='grayscale'><feColorMatrix type='matrix' values='0.3333 0.3333 0.3333 0 0 0.3333 0.3333 0.3333 0 0 0.3333 0.3333 0.3333 0 0 0 0 0 1 0'\/><\/filter><\/svg>#grayscale\");   filter:gray;   -webkit-filter:grayscale(100%)}.myportfolio-container .added_to_cart.wc-forward{font-family:\"Open Sans\"; font-size:13px; color:#fff; margin-top:10px}.esgbox-title.esgbox-title-outside-wrap{font-size:15px; font-weight:700; text-align:center}.esgbox-title.esgbox-title-inside-wrap{padding-bottom:10px; font-size:15px; font-weight:700; text-align:center}<\/style>\n<style type=\"text\/css\">.minimal-light .navigationbuttons,.minimal-light .esg-pagination,.minimal-light .esg-filters{text-align:center}.minimal-light .esg-filter-wrapper.dropdownstyle >.esg-selected-filterbutton,.minimal-light input.eg-search-input,.minimal-light .esg-filterbutton,.minimal-light .esg-navigationbutton,.minimal-light .esg-sortbutton,.minimal-light .esg-cartbutton a,.minimal-light .esg-filter-wrapper.eg-search-wrapper .eg-search-clean,.minimal-light .esg-filter-wrapper.eg-search-wrapper .eg-search-submit{color:#999; margin-right:5px; cursor:pointer; padding:0px 16px; border:1px solid #e5e5e5; line-height:38px; border-radius:5px; font-size:12px; font-weight:700; font-family:\"Open Sans\",sans-serif; display:inline-block; background:#fff; margin-bottom:5px; white-space:nowrap; min-height:38px; vertical-align:middle}.minimal-light input.eg-search-input::placeholder{line-height:38px; vertical-align:middle}.minimal-light .esg-navigationbutton *{color:#999}.minimal-light .esg-navigationbutton{padding:0px 16px}.minimal-light .esg-pagination-button:last-child{margin-right:0}.minimal-light .esg-left,.minimal-light .esg-right{padding:0px 11px}.minimal-light .esg-sortbutton-wrapper,.minimal-light .esg-cartbutton-wrapper{display:inline-block}.minimal-light .esg-sortbutton-order,.minimal-light .esg-cartbutton-order{display:inline-block; vertical-align:top; border:1px solid #e5e5e5; width:40px; line-height:38px; border-radius:0px 5px 5px 0px; font-size:12px; font-weight:700; color:#999; cursor:pointer; background:#fff}.minimal-light .esg-cartbutton{color:#333; cursor:default !important}.minimal-light .esg-cartbutton .esgicon-basket{color:#333; font-size:15px; line-height:15px; margin-right:10px}.minimal-light .esg-cartbutton-wrapper{cursor:default !important}.minimal-light .esg-sortbutton,.minimal-light .esg-cartbutton{display:inline-block; position:relative; cursor:pointer; margin-right:0px; border-right:none; border-radius:5px 0px 0px 5px}.minimal-light input.eg-search-input.hovered,.minimal-light input.eg-search-input:focus,.minimal-light .esg-navigationbutton.hovered,.minimal-light .esg-filterbutton.hovered,.minimal-light .esg-sortbutton.hovered,.minimal-light .esg-sortbutton-order.hovered,.minimal-light .esg-cartbutton.hovered a,.minimal-light .esg-filter-wrapper.dropdownstyle >.esg-selected-filterbutton.hovered,.minimal-light .esg-filterbutton.selected,.minimal-light .esg-filter-wrapper.eg-search-wrapper .eg-search-clean.hovered,.minimal-light .esg-filter-wrapper.eg-search-wrapper .eg-search-submit.hovered{background-color:#fff; border-color:#bbb; color:#333; box-shadow:0px 3px 5px 0px rgba(0,0,0,0.13)}.minimal-light .esg-navigationbutton.hovered *{color:#333}.minimal-light .esg-sortbutton-order.hovered .tp-desc{border-color:#bbb; color:#333; box-shadow:0px -3px 5px 0px rgba(0,0,0,0.13) !important}.minimal-light .esg-filter-checked{color:#cbcbcb; background:#cbcbcb; margin-left:10px; font-size:9px; font-weight:300; line-height:9px; vertical-align:middle}.minimal-light .esg-filter-wrapper.dropdownstyle .esg-filter-checked{margin-left:-22px; margin-right:10px}.minimal-light .esg-filterbutton.selected .esg-filter-checked,.minimal-light .esg-filterbutton.hovered .esg-filter-checked{color:#fff; background:#000}.minimal-light .esg-filter-wrapper.eg-search-wrapper{white-space:nowrap}.minimal-light .esg-filter-wrapper.eg-search-wrapper .eg-search-clean,.minimal-light .esg-filter-wrapper.eg-search-wrapper .eg-search-submit{width:40px; padding:0px; margin-left:5px; margin-right:0px}.minimal-light .esg-filter-wrapper.eg-search-wrapper .eg-search-input{width:auto}.minimal-light .esg-dropdown-wrapper{transform:translateZ(10px) translateX(-50%); left:50%; background:rgba(255,255,255,0.95); border-radius:5px; border:1px solid #e5e5e5}.minimal-light .esg-dropdown-wrapper .esg-filterbutton{position:relative; border:none; box-shadow:none; text-align:left; color:#999; background:transparent; line-height:25px; min-height:25px}.minimal-light .esg-dropdown-wrapper .esg-filterbutton.hovered,.minimal-light .esg-dropdown-wrapper .esg-filterbutton.selected{color:#333}.minimal-light .esg-selected-filterbutton .eg-icon-down-open{margin-right:-10px; font-size:12px}.minimal-light .esg-selected-filterbutton.hovered .eg-icon-down-open{color:#333}<\/style>\n<style type=\"text\/css\">.eg-projets-element-1{font-size:15px; line-height:20px; color:#000000; font-weight:600; padding:0px 0px 0px 0px ; border-radius:0px 0px 0px 0px ; background:transparent; z-index:2 !important; display:block; text-transform:uppercase}.eg-projets-element-3{font-size:12px !important; line-height:20px !important; color:#ffffff !important; font-weight:700 !important; display:inline-block !important; float:right !important; clear:both !important; margin:10px 0px 0px 0px !important; padding:5px 10px 4px 10px !important; border-radius:5px 5px 5px 5px !important; background:#3b9b00 !important; position:relative !important; z-index:2 !important; font-family:\"Open Sans\" !important; text-transform:capitalize !important}.eg-projets-element-2{font-size:13px !important; line-height:14px !important; color:#000000 !important; font-weight:300 !important; padding:0px 10px 0px 0px !important; border-radius:0px 0px 0px 0px !important; background:transparent !important; z-index:2 !important; display:block; font-family:Raleway !important; border-top-width:0px !important; border-right-width:0px !important; border-bottom-width:0px !important; border-left-width:0px !important; border-color:#aaaaaa !important; border-style:solid !important}<\/style>\n<style type=\"text\/css\">.eg-projets-element-1:hover{font-size:15px; line-height:20px; color:#000000; font-weight:600; border-radius:0px 0px 0px 0px ; background:transparent; text-transform:uppercase}.eg-projets-element-3:hover{font-size:12px !important; line-height:20px !important; color:#ffffff !important; font-weight:700 !important; border-radius:5px 5px 5px 5px !important; background:#3b9b00 !important; font-family:\"Roboto\" !important; text-transform:capitalize !important}.eg-projets-element-2:hover{font-size:13px !important; line-height:14px !important; color:#000000 !important; font-weight:300 !important; border-radius:0px 0px 0px 0px !important; background:rgba(255,255,255,0.15) !important}<\/style>\n<style type=\"text\/css\">.eg-projets-element-1-a{display:block; text-align:center; clear:both; margin:10px 0px 5px 0px ; position:relative}<\/style>\n<style type=\"text\/css\">.eg-projets-element-2-a{display:block !important; text-align:center !important; clear:none !important; margin:0px 0px 10px 0px !important; position:relative !important}<\/style>\n<style type=\"text\/css\">.eg-projets-container{background:rgba(255,242,242,0.35)}<\/style>\n<style type=\"text\/css\">.eg-projets-content{background:#ffffff; padding:0px 0px 0px 0px; border-width:0px 0px 0px 0px; border-radius:0px 0px 0px 0px; border-color:transparent; border-style:none; text-align:left}<\/style>\n<style type=\"text\/css\">.esg-grid .mainul li.eg-projets-wrapper{background:#ffffff; padding:0px 0px 0px 0px; border-width:0px 0px 0px 0px; border-radius:0px 0px 0px 0px; border-color:transparent; border-style:none}<\/style>\n<style type=\"text\/css\">.esg-grid .mainul li.eg-projets-wrapper .esg-media-poster{background-size:cover; background-position:center center; background-repeat:no-repeat}<\/style>\n<!-- THE ESSENTIAL GRID 3.1.0 POST -->\n\n<article class=\"myportfolio-container esg-grid-wrap-container minimal-light esg-entry-skin-projets source_type_post\" id=\"esg-grid-1-1-wrap\" data-alias=\"projets-france\">\n\n   <div id=\"esg-grid-1-1\" class=\"esg-grid\" style=\"background: transparent;padding: 0px 0px 0px 0px ; box-sizing:border-box; -moz-box-sizing:border-box; -webkit-box-sizing:border-box; display:none\">\n<article class=\"esg-filters esg-singlefilters\" style=\"margin-bottom: 0px; text-align: center; \"><!-- THE FILTER BUTTON --><div class=\"esg-filter-wrapper  esg-fgc-1\" style=\"margin-left: 2.5px; margin-right: 2.5px;\"><div class=\"esg-mobile-filter-button\"><span>Filter Categories<\/span><i class=\"eg-icon-down-open\"><\/i><\/div><div class=\"esg-filterbutton selected esg-allfilter\" data-filter=\"filterall\" data-fid=\"-1\"><span>Tout<\/span><\/div><div class=\"esg-filterbutton\" data-fid=\"6\" data-filter=\"filter-eco-construction\"><span>\u00c9co-construction<\/span><span class=\"esg-filter-checked\"><i class=\"eg-icon-ok-1\"><\/i><\/span><\/div><div class=\"esg-filterbutton\" data-fid=\"5\" data-filter=\"filter-eco-renovation\"><span>\u00c9co-r\u00e9novation<\/span><span class=\"esg-filter-checked\"><i class=\"eg-icon-ok-1\"><\/i><\/span><\/div><div class=\"esg-filterbutton\" data-fid=\"22\" data-filter=\"filter-etude-et-faisabilite\"><span>\u00c9tude et faisabilit\u00e9<\/span><span class=\"esg-filter-checked\"><i class=\"eg-icon-ok-1\"><\/i><\/span><\/div><div class=\"esg-filterbutton\" data-fid=\"12\" data-filter=\"filter-eco-urbanisme-et-paysage\"><span>\u00c9co-urbanisme et paysage<\/span><span class=\"esg-filter-checked\"><i class=\"eg-icon-ok-1\"><\/i><\/span><\/div><div class=\"esg-filterbutton\" data-fid=\"8\" data-filter=\"filter-mise-en-accessibilite\"><span>Mise en accessibilit\u00e9<\/span><span class=\"esg-filter-checked\"><i class=\"eg-icon-ok-1\"><\/i><\/span><\/div><div class=\"esg-filterbutton-last esg-filterbutton\" data-fid=\"23\" data-filter=\"filter-recherche-et-developpement\"><span>Recherche et d\u00e9veloppement<\/span><span class=\"esg-filter-checked\"><i class=\"eg-icon-ok-1\"><\/i><\/span><\/div><div class=\"eg-clearfix\"><\/div><\/div><\/article><div class=\"esg-clear-no-height\"><\/div><ul>\n<li id=\"eg-1-post-id-7219_5819\" data-skin=\"projets\" class=\"filterall filter-eco-construction eg-projets-wrapper eg-post-id-7219\" data-date=\"1691830385\">\n    <div class=\"esg-media-cover-wrapper\">\n<div class=\"esg-entry-media\"><img fetchpriority=\"high\" decoding=\"async\" class=\"esg-entry-media-img\"  src=\"https:\/\/www.ar-architectes.com\/wp-content\/uploads\/2026\/01\/Calais-le-Fort-Risban1-scaled-3128913689.png\" data-no-lazy=\"1\" alt=\"\" width=\"2560\" height=\"1440\"><\/div>\n\n            <div class=\"esg-entry-cover\" data-clickable=\"on\">\n\n<a class=\"eg-invisiblebutton\" href=\"https:\/\/www.ar-architectes.com\/fr\/projet\/stations-pompage-calais-62\/\" target=\"_self\">STATIONS POMPAGE - CALAIS (62)<\/a>                <div class=\"esg-overlay esg-transition eg-projets-container\" data-delay=\"0\" data-duration=\"default\" data-transition=\"esg-fade\"><\/div>\n\n           <\/div>\n<div class=\"esg-entry-content eg-projets-content\">\n\t\t\t\t<div class=\"esg-content eg-post-7219 eg-projets-element-1-a\"><a class=\"eg-projets-element-1 eg-post-7219\" href=\"https:\/\/www.ar-architectes.com\/fr\/projet\/stations-pompage-calais-62\/\" target=\"_self\">STATIONS POMPAGE - CALAIS (62)<\/a><\/div>\n\t\t\t\t<div class=\"esg-content eg-post-7219 eg-projets-element-2-a\"><a class=\"eg-projets-element-2 eg-post-7219\" href=\"https:\/\/www.ar-architectes.com\/fr\/projet\/stations-pompage-calais-62\/\" target=\"_self\">\u00c9co-construction et \u00e9co-r\u00e9habilitation de stations de pompage pour l\u2019optimisation du syst\u00e8me hydraulique Rivi\u00e8re Neuve \/ Pierrettes (62)<\/a><\/div>\n<\/div>   <\/div>\n\n<\/li>\n<li id=\"eg-1-post-id-7252_5575\" data-skin=\"projets\" class=\"filterall filter-eco-construction eg-projets-wrapper eg-post-id-7252\" data-date=\"1691913630\">\n    <div class=\"esg-media-cover-wrapper\">\n<div class=\"esg-entry-media\"><img decoding=\"async\" class=\"esg-entry-media-img\"  src=\"https:\/\/www.ar-architectes.com\/wp-content\/uploads\/2026\/02\/AR_4125-1-scaled.jpg\" data-no-lazy=\"1\" alt=\"\" width=\"2560\" height=\"1422\"><\/div>\n\n            <div class=\"esg-entry-cover\" data-clickable=\"on\">\n\n<a class=\"eg-invisiblebutton\" href=\"https:\/\/www.ar-architectes.com\/fr\/projet\/psem-jean-jaures-chatillon-92\/\" target=\"_self\">PSEM JEAN-JAUR\u00c8S - CH\u00c2TILLON (92)<\/a>                <div class=\"esg-overlay esg-transition eg-projets-container\" data-delay=\"0\" data-duration=\"default\" data-transition=\"esg-fade\"><\/div>\n\n           <\/div>\n<div class=\"esg-entry-content eg-projets-content\">\n\t\t\t\t<div class=\"esg-content eg-post-7252 eg-projets-element-1-a\"><a class=\"eg-projets-element-1 eg-post-7252\" href=\"https:\/\/www.ar-architectes.com\/fr\/projet\/psem-jean-jaures-chatillon-92\/\" target=\"_self\">PSEM JEAN-JAUR\u00c8S - CH\u00c2TILLON (92)<\/a><\/div>\n\t\t\t\t<div class=\"esg-content eg-post-7252 eg-projets-element-2-a\"><a class=\"eg-projets-element-2 eg-post-7252\" href=\"https:\/\/www.ar-architectes.com\/fr\/projet\/psem-jean-jaures-chatillon-92\/\" target=\"_self\">\u00e9co-conception architecturale bas carbone du Poste Sous Enveloppe M\u00e9tallique (PSEM) Jean-Jaur\u00e8s 63kV \u00e0 Ch\u00e2tillon (92)<\/a><\/div>\n<\/div>   <\/div>\n\n<\/li>\n<li id=\"eg-1-post-id-7162_4232\" data-skin=\"projets\" class=\"filterall filter-eco-renovation eg-projets-wrapper eg-post-id-7162\" data-date=\"1691916295\">\n    <div class=\"esg-media-cover-wrapper\">\n<div class=\"esg-entry-media\"><img decoding=\"async\" class=\"esg-entry-media-img\"  src=\"https:\/\/www.ar-architectes.com\/wp-content\/uploads\/2023\/08\/VUE_EXTERIEURE.jpeg\" data-no-lazy=\"1\" alt=\"\" width=\"2000\" height=\"1500\"><\/div>\n\n            <div class=\"esg-entry-cover\" data-clickable=\"on\">\n\n<a class=\"eg-invisiblebutton\" href=\"https:\/\/www.ar-architectes.com\/fr\/projet\/siege-deau-de-paris-75013\/\" target=\"_self\">SIEGE D&#039;EAU DE PARIS (75013)<\/a>                <div class=\"esg-overlay esg-transition eg-projets-container\" data-delay=\"0\" data-duration=\"default\" data-transition=\"esg-fade\"><\/div>\n\n           <\/div>\n<div class=\"esg-entry-content eg-projets-content\">\n\t\t\t\t<div class=\"esg-content eg-post-7162 eg-projets-element-1-a\"><a class=\"eg-projets-element-1 eg-post-7162\" href=\"https:\/\/www.ar-architectes.com\/fr\/projet\/siege-deau-de-paris-75013\/\" target=\"_self\">SIEGE D'EAU DE PARIS (75013)<\/a><\/div>\n\t\t\t\t<div class=\"esg-content eg-post-7162 eg-projets-element-2-a\"><a class=\"eg-projets-element-2 eg-post-7162\" href=\"https:\/\/www.ar-architectes.com\/fr\/projet\/siege-deau-de-paris-75013\/\" target=\"_self\">Restauration \u00e0 l'\u00e9tat initial de la fa\u00e7ade du si\u00e8ge d'Eau de Paris - Rue Neuve Tolbiac \u00e0 Paris (75013)<\/a><\/div>\n<\/div>   <\/div>\n\n<\/li>\n<li id=\"eg-1-post-id-6462_6422\" data-skin=\"projets\" class=\"filterall filter-mise-en-accessibilite eg-projets-wrapper eg-post-id-6462\" data-date=\"1692004182\">\n    <div class=\"esg-media-cover-wrapper\">\n<div class=\"esg-entry-media\"><img loading=\"lazy\" decoding=\"async\" class=\"esg-entry-media-img\"  src=\"https:\/\/www.ar-architectes.com\/wp-content\/uploads\/2025\/06\/COLLEGE-PIERRE-BROSSOLETTE.jpg\" data-no-lazy=\"1\" alt=\"\" width=\"1980\" height=\"1114\"><\/div>\n\n            <div class=\"esg-entry-cover\" data-clickable=\"on\">\n\n<a class=\"eg-invisiblebutton\" href=\"https:\/\/www.ar-architectes.com\/fr\/projet\/melun-77\/\" target=\"_self\">5 COLL\u00c8GES MELUN (77)<\/a>                <div class=\"esg-overlay esg-transition eg-projets-container\" data-delay=\"0\" data-duration=\"default\" data-transition=\"esg-fade\"><\/div>\n\n           <\/div>\n<div class=\"esg-entry-content eg-projets-content\">\n\t\t\t\t<div class=\"esg-content eg-post-6462 eg-projets-element-1-a\"><a class=\"eg-projets-element-1 eg-post-6462\" href=\"https:\/\/www.ar-architectes.com\/fr\/projet\/melun-77\/\" target=\"_self\">5 COLL\u00c8GES MELUN (77)<\/a><\/div>\n\t\t\t\t<div class=\"esg-content eg-post-6462 eg-projets-element-2-a\"><a class=\"eg-projets-element-2 eg-post-6462\" href=\"https:\/\/www.ar-architectes.com\/fr\/projet\/melun-77\/\" target=\"_self\">L'objet de l'op\u00e9ration consiste \u00e0 faire une mise en accessibilit\u00e9 tous handicaps de 5 coll\u00e8ges de la r\u00e9gion Seine-et-Marne (77)<\/a><\/div>\n<\/div>   <\/div>\n\n<\/li>\n<li id=\"eg-1-post-id-6400_1851\" data-skin=\"projets\" class=\"filterall filter-eco-renovation eg-projets-wrapper eg-post-id-6400\" data-date=\"1692024896\">\n    <div class=\"esg-media-cover-wrapper\">\n<div class=\"esg-entry-media\"><img loading=\"lazy\" decoding=\"async\" class=\"esg-entry-media-img\"  src=\"https:\/\/www.ar-architectes.com\/wp-content\/uploads\/2025\/05\/AR_5724_ENTREE-DECHETERIE-EPREVILLE.jpg\" data-no-lazy=\"1\" alt=\"\" width=\"1920\" height=\"936\"><\/div>\n\n            <div class=\"esg-entry-cover\" data-clickable=\"on\">\n\n<a class=\"eg-invisiblebutton\" href=\"https:\/\/www.ar-architectes.com\/fr\/projet\/la-decheterie-depreville-76\/\" target=\"_self\">LA D\u00c9CH\u00c8TERIE D&#039;\u00c9PREVILLE (76)<\/a>                <div class=\"esg-overlay esg-transition eg-projets-container\" data-delay=\"0\" data-duration=\"default\" data-transition=\"esg-fade\"><\/div>\n\n           <\/div>\n<div class=\"esg-entry-content eg-projets-content\">\n\t\t\t\t<div class=\"esg-content eg-post-6400 eg-projets-element-1-a\"><a class=\"eg-projets-element-1 eg-post-6400\" href=\"https:\/\/www.ar-architectes.com\/fr\/projet\/la-decheterie-depreville-76\/\" target=\"_self\">LA D\u00c9CH\u00c8TERIE D'\u00c9PREVILLE (76)<\/a><\/div>\n\t\t\t\t<div class=\"esg-content eg-post-6400 eg-projets-element-2-a\"><a class=\"eg-projets-element-2 eg-post-6400\" href=\"https:\/\/www.ar-architectes.com\/fr\/projet\/la-decheterie-depreville-76\/\" target=\"_self\">Reconstruction de la d\u00e9ch\u00e8terie d'\u00c9preville.<\/a><\/div>\n<\/div>   <\/div>\n\n<\/li>\n<li id=\"eg-1-post-id-5928_8103\" data-skin=\"projets\" class=\"filterall filter-eco-renovation eg-projets-wrapper eg-post-id-5928\" data-date=\"1694390440\">\n    <div class=\"esg-media-cover-wrapper\">\n<div class=\"esg-entry-media\"><img loading=\"lazy\" decoding=\"async\" class=\"esg-entry-media-img\"  src=\"https:\/\/www.ar-architectes.com\/wp-content\/uploads\/2025\/02\/AR_P51-P52_ANCIENNE_EDIT.jpg\" data-no-lazy=\"1\" alt=\"\" width=\"1106\" height=\"768\"><\/div>\n\n            <div class=\"esg-entry-cover\" data-clickable=\"on\">\n\n<a class=\"eg-invisiblebutton\" href=\"https:\/\/www.ar-architectes.com\/fr\/projet\/restauration-des-pavillons-et-securisation-de-leau-potable-du-reservoir-montsouris-a-paris-75014\/\" target=\"_self\">R\u00c9SERVOIR MONTSOURIS \u00e0 Paris (75014)<\/a>                <div class=\"esg-overlay esg-transition eg-projets-container\" data-delay=\"0\" data-duration=\"default\" data-transition=\"esg-fade\"><\/div>\n\n           <\/div>\n<div class=\"esg-entry-content eg-projets-content\">\n\t\t\t\t<div class=\"esg-content eg-post-5928 eg-projets-element-1-a\"><a class=\"eg-projets-element-1 eg-post-5928\" href=\"https:\/\/www.ar-architectes.com\/fr\/projet\/restauration-des-pavillons-et-securisation-de-leau-potable-du-reservoir-montsouris-a-paris-75014\/\" target=\"_self\">R\u00c9SERVOIR MONTSOURIS \u00e0 Paris (75014)<\/a><\/div>\n\t\t\t\t<div class=\"esg-content eg-post-5928 eg-projets-element-2-a\"><a class=\"eg-projets-element-2 eg-post-5928\" href=\"https:\/\/www.ar-architectes.com\/fr\/projet\/restauration-des-pavillons-et-securisation-de-leau-potable-du-reservoir-montsouris-a-paris-75014\/\" target=\"_self\">Restauration patrimoniale des pavillons et s\u00e9curisation des acc\u00e8s \u00e0 l'eau potable du r\u00e9servoir Montsouris.<\/a><\/div>\n<\/div>   <\/div>\n\n<\/li>\n<li id=\"eg-1-post-id-5940_5260\" data-skin=\"projets\" class=\"filterall filter-eco-renovation eg-projets-wrapper eg-post-id-5940\" data-date=\"1694390465\">\n    <div class=\"esg-media-cover-wrapper\">\n<div class=\"esg-entry-media\"><img loading=\"lazy\" decoding=\"async\" class=\"esg-entry-media-img\"  src=\"https:\/\/www.ar-architectes.com\/wp-content\/uploads\/2025\/02\/IMG_8476-1-scaled.jpg\" data-no-lazy=\"1\" alt=\"\" width=\"2560\" height=\"1920\"><\/div>\n\n            <div class=\"esg-entry-cover\" data-clickable=\"on\">\n\n<a class=\"eg-invisiblebutton\" href=\"https:\/\/www.ar-architectes.com\/fr\/projet\/rehabilitation-energetique-et-amenagements-du-site-de-lusine-de-longueville-77\/\" target=\"_self\">L&#039;USINE DE LONGUEVILLE (77)<\/a>                <div class=\"esg-overlay esg-transition eg-projets-container\" data-delay=\"0\" data-duration=\"default\" data-transition=\"esg-fade\"><\/div>\n\n           <\/div>\n<div class=\"esg-entry-content eg-projets-content\">\n\t\t\t\t<div class=\"esg-content eg-post-5940 eg-projets-element-1-a\"><a class=\"eg-projets-element-1 eg-post-5940\" href=\"https:\/\/www.ar-architectes.com\/fr\/projet\/rehabilitation-energetique-et-amenagements-du-site-de-lusine-de-longueville-77\/\" target=\"_self\">L'USINE DE LONGUEVILLE (77)<\/a><\/div>\n\t\t\t\t<div class=\"esg-content eg-post-5940 eg-projets-element-2-a\"><a class=\"eg-projets-element-2 eg-post-5940\" href=\"https:\/\/www.ar-architectes.com\/fr\/projet\/rehabilitation-energetique-et-amenagements-du-site-de-lusine-de-longueville-77\/\" target=\"_self\">R\u00e9habilitation \u00e9nerg\u00e9tique bioclimatique avec un objectif de baisse globale des consommations \u00e9nerg\u00e9tiques<\/a><\/div>\n<\/div>   <\/div>\n\n<\/li>\n<li id=\"eg-1-post-id-6026_820\" data-skin=\"projets\" class=\"filterall filter-eco-renovation eg-projets-wrapper eg-post-id-6026\" data-date=\"1694390582\">\n    <div class=\"esg-media-cover-wrapper\">\n<div class=\"esg-entry-media\"><img loading=\"lazy\" decoding=\"async\" class=\"esg-entry-media-img\"  src=\"https:\/\/www.ar-architectes.com\/wp-content\/uploads\/2025\/03\/AR_LES-ORMES_FACADE-NORD-EST.jpg\" data-no-lazy=\"1\" alt=\"\" width=\"1450\" height=\"1016\"><\/div>\n\n            <div class=\"esg-entry-cover\" data-clickable=\"on\">\n\n<a class=\"eg-invisiblebutton\" href=\"https:\/\/www.ar-architectes.com\/fr\/projet\/latelier-des-ormes-77\/\" target=\"_self\">L&#039;ATELIER DES ORMES (77)<\/a>                <div class=\"esg-overlay esg-transition eg-projets-container\" data-delay=\"0\" data-duration=\"default\" data-transition=\"esg-fade\"><\/div>\n\n           <\/div>\n<div class=\"esg-entry-content eg-projets-content\">\n\t\t\t\t<div class=\"esg-content eg-post-6026 eg-projets-element-1-a\"><a class=\"eg-projets-element-1 eg-post-6026\" href=\"https:\/\/www.ar-architectes.com\/fr\/projet\/latelier-des-ormes-77\/\" target=\"_self\">L'ATELIER DES ORMES (77)<\/a><\/div>\n\t\t\t\t<div class=\"esg-content eg-post-6026 eg-projets-element-2-a\"><a class=\"eg-projets-element-2 eg-post-6026\" href=\"https:\/\/www.ar-architectes.com\/fr\/projet\/latelier-des-ormes-77\/\" target=\"_self\">R\u00e9habilitation thermique, \u00e9co-extension bioclimatique bas carbone de l'atelier des Ormes, aux Ormes-Sur-Voulzie (77)<\/a><\/div>\n<\/div>   <\/div>\n\n<\/li>\n<li id=\"eg-1-post-id-6055_7292\" data-skin=\"projets\" class=\"filterall filter-eco-construction eg-projets-wrapper eg-post-id-6055\" data-date=\"1694390584\">\n    <div class=\"esg-media-cover-wrapper\">\n<div class=\"esg-entry-media\"><img loading=\"lazy\" decoding=\"async\" class=\"esg-entry-media-img\"  src=\"https:\/\/www.ar-architectes.com\/wp-content\/uploads\/2025\/03\/20240424_115642-scaled.jpg\" data-no-lazy=\"1\" alt=\"\" width=\"2560\" height=\"1440\"><\/div>\n\n            <div class=\"esg-entry-cover\" data-clickable=\"on\">\n\n<a class=\"eg-invisiblebutton\" href=\"https:\/\/www.ar-architectes.com\/fr\/projet\/ogec-saint-andre-choisy-le-roi-94\/\" target=\"_self\">OGEC SAINT-ANDR\u00c9, CHOISY-LE-ROI (94)<\/a>                <div class=\"esg-overlay esg-transition eg-projets-container\" data-delay=\"0\" data-duration=\"default\" data-transition=\"esg-fade\"><\/div>\n\n           <\/div>\n<div class=\"esg-entry-content eg-projets-content\">\n\t\t\t\t<div class=\"esg-content eg-post-6055 eg-projets-element-1-a\"><a class=\"eg-projets-element-1 eg-post-6055\" href=\"https:\/\/www.ar-architectes.com\/fr\/projet\/ogec-saint-andre-choisy-le-roi-94\/\" target=\"_self\">OGEC SAINT-ANDR\u00c9, CHOISY-LE-ROI (94)<\/a><\/div>\n\t\t\t\t<div class=\"esg-content eg-post-6055 eg-projets-element-2-a\"><a class=\"eg-projets-element-2 eg-post-6055\" href=\"https:\/\/www.ar-architectes.com\/fr\/projet\/ogec-saint-andre-choisy-le-roi-94\/\" target=\"_self\">Reconstruction du p\u00f4le restauration et extension<\/a><\/div>\n<\/div>   <\/div>\n\n<\/li>\n<li id=\"eg-1-post-id-5223_2251\" data-skin=\"projets\" class=\"filterall filter-eco-construction eg-projets-wrapper eg-post-id-5223\" data-date=\"1694528700\">\n    <div class=\"esg-media-cover-wrapper\">\n<div class=\"esg-entry-media\"><img loading=\"lazy\" decoding=\"async\" class=\"esg-entry-media-img\"  src=\"https:\/\/www.ar-architectes.com\/wp-content\/uploads\/2024\/08\/VUE_PROCHE-scaled.jpg\" data-no-lazy=\"1\" alt=\"\" width=\"2560\" height=\"1610\"><\/div>\n\n            <div class=\"esg-entry-cover\" data-clickable=\"on\">\n\n<a class=\"eg-invisiblebutton\" href=\"https:\/\/www.ar-architectes.com\/fr\/projet\/postes-electrique-sous-enveloppe-metallique-noroit-a-sandouville-76\/\" target=\"_self\">POSTES \u00c9LECTRIQUE SOUS ENVELOPPE M\u00c9TALLIQUE &quot;NOROIT&quot; \u00e0 Sandouville (76)<\/a>                <div class=\"esg-overlay esg-transition eg-projets-container\" data-delay=\"0\" data-duration=\"default\" data-transition=\"esg-fade\"><\/div>\n\n           <\/div>\n<div class=\"esg-entry-content eg-projets-content\">\n\t\t\t\t<div class=\"esg-content eg-post-5223 eg-projets-element-1-a\"><a class=\"eg-projets-element-1 eg-post-5223\" href=\"https:\/\/www.ar-architectes.com\/fr\/projet\/postes-electrique-sous-enveloppe-metallique-noroit-a-sandouville-76\/\" target=\"_self\">POSTES \u00c9LECTRIQUE SOUS ENVELOPPE M\u00c9TALLIQUE \"NOROIT\" \u00e0 Sandouville (76)<\/a><\/div>\n\t\t\t\t<div class=\"esg-content eg-post-5223 eg-projets-element-2-a\"><a class=\"eg-projets-element-2 eg-post-5223\" href=\"https:\/\/www.ar-architectes.com\/fr\/projet\/postes-electrique-sous-enveloppe-metallique-noroit-a-sandouville-76\/\" target=\"_self\">Construction des futurs PSEM 225kv et 400 kV \"Noroit\" \u00e0 Sandouville (76)<\/a><\/div>\n<\/div>   <\/div>\n\n<\/li>\n<li id=\"eg-1-post-id-4971_3718\" data-skin=\"projets\" class=\"filterall filter-eco-construction eg-projets-wrapper eg-post-id-4971\" data-date=\"1694795818\">\n    <div class=\"esg-media-cover-wrapper\">\n<div class=\"esg-entry-media\"><img loading=\"lazy\" decoding=\"async\" class=\"esg-entry-media-img\"  src=\"https:\/\/www.ar-architectes.com\/wp-content\/uploads\/2024\/07\/AR_VUE-EN-PERSPECTIVE_170124-scaled.jpg\" data-no-lazy=\"1\" alt=\"\" width=\"2560\" height=\"1440\"><\/div>\n\n            <div class=\"esg-entry-cover\" data-clickable=\"on\">\n\n<a class=\"eg-invisiblebutton\" href=\"https:\/\/www.ar-architectes.com\/fr\/projet\/usine-de-dessalement-deau-a-ironi-be-a-mayotte-976\/\" target=\"_self\">USINE DE POTABILISATION D&#039;EAU PAR DESSALEMENT A IRONI B\u00c9 \u00c0 MAYOTTE (976)<\/a>                <div class=\"esg-overlay esg-transition eg-projets-container\" data-delay=\"0\" data-duration=\"default\" data-transition=\"esg-fade\"><\/div>\n\n           <\/div>\n<div class=\"esg-entry-content eg-projets-content\">\n\t\t\t\t<div class=\"esg-content eg-post-4971 eg-projets-element-1-a\"><a class=\"eg-projets-element-1 eg-post-4971\" href=\"https:\/\/www.ar-architectes.com\/fr\/projet\/usine-de-dessalement-deau-a-ironi-be-a-mayotte-976\/\" target=\"_self\">USINE DE POTABILISATION D'EAU PAR DESSALEMENT A IRONI B\u00c9 \u00c0 MAYOTTE (976)<\/a><\/div>\n\t\t\t\t<div class=\"esg-content eg-post-4971 eg-projets-element-2-a\"><a class=\"eg-projets-element-2 eg-post-4971\" href=\"https:\/\/www.ar-architectes.com\/fr\/projet\/usine-de-dessalement-deau-a-ironi-be-a-mayotte-976\/\" target=\"_self\">March\u00e9 global de performance \u00ab NATUR\u2019OSMOSE\u00a9 : \u00e9co-conception architecturale et paysag\u00e8re de l'usine de dessalement T, 10 000m3\/J<\/a><\/div>\n<\/div>   <\/div>\n\n<\/li>\n<li id=\"eg-1-post-id-4367_2909\" data-skin=\"projets\" class=\"filterall filter-eco-construction eg-projets-wrapper eg-post-id-4367\" data-date=\"1695044723\">\n    <div class=\"esg-media-cover-wrapper\">\n<div class=\"esg-entry-media\"><img loading=\"lazy\" decoding=\"async\" class=\"esg-entry-media-img\"  src=\"https:\/\/www.ar-architectes.com\/wp-content\/uploads\/2024\/03\/AR_3623_PSEM-AULNAY-SOUS-BOIS_PERSPECTIVE-scaled.jpg\" data-no-lazy=\"1\" alt=\"\" width=\"2560\" height=\"1810\"><\/div>\n\n            <div class=\"esg-entry-cover\" data-clickable=\"on\">\n\n<a class=\"eg-invisiblebutton\" href=\"https:\/\/www.ar-architectes.com\/fr\/projet\/poste-electrique-sous-enveloppe-metallique-daulnay-sous-bois-93\/\" target=\"_self\">Poste \u00e9lectrique sous enveloppe m\u00e9tallique d&#039;Aulnay-Sous-Bois (93)<\/a>                <div class=\"esg-overlay esg-transition eg-projets-container\" data-delay=\"0\" data-duration=\"default\" data-transition=\"esg-fade\"><\/div>\n\n           <\/div>\n<div class=\"esg-entry-content eg-projets-content\">\n\t\t\t\t<div class=\"esg-content eg-post-4367 eg-projets-element-1-a\"><a class=\"eg-projets-element-1 eg-post-4367\" href=\"https:\/\/www.ar-architectes.com\/fr\/projet\/poste-electrique-sous-enveloppe-metallique-daulnay-sous-bois-93\/\" target=\"_self\">Poste \u00e9lectrique sous enveloppe m\u00e9tallique d'Aulnay-Sous-Bois (93)<\/a><\/div>\n\t\t\t\t<div class=\"esg-content eg-post-4367 eg-projets-element-2-a\"><a class=\"eg-projets-element-2 eg-post-4367\" href=\"https:\/\/www.ar-architectes.com\/fr\/projet\/poste-electrique-sous-enveloppe-metallique-daulnay-sous-bois-93\/\" target=\"_self\">Site du futur PSEM de DATA HILLS \u00e0 Aulnay-Sous-Bois (95)<\/a><\/div>\n<\/div>   <\/div>\n\n<\/li>\n<li id=\"eg-1-post-id-110_3195\" data-skin=\"projets\" class=\"filterall filter-eco-renovation eg-projets-wrapper eg-post-id-110\" data-date=\"1695412927\">\n    <div class=\"esg-media-cover-wrapper\">\n<div class=\"esg-entry-media\"><img loading=\"lazy\" decoding=\"async\" class=\"esg-entry-media-img\"  src=\"https:\/\/www.ar-architectes.com\/wp-content\/uploads\/2023\/09\/1-1.jpg\" data-no-lazy=\"1\" alt=\"\" width=\"1920\" height=\"1440\"><\/div>\n\n            <div class=\"esg-entry-cover\" data-clickable=\"on\">\n\n<a class=\"eg-invisiblebutton\" href=\"https:\/\/www.ar-architectes.com\/fr\/projet\/eco-renovation-bioclimatique\/\" target=\"_self\">Ivry-sur-Seine (94)<\/a>                <div class=\"esg-overlay esg-transition eg-projets-container\" data-delay=\"0\" data-duration=\"default\" data-transition=\"esg-fade\"><\/div>\n\n\t\t\t\t<div class=\"esg-top eg-post-110 eg-projets-element-3\">Projet bas carbone<\/div>\n           <\/div>\n<div class=\"esg-entry-content eg-projets-content\">\n\t\t\t\t<div class=\"esg-content eg-post-110 eg-projets-element-1-a\"><a class=\"eg-projets-element-1 eg-post-110\" href=\"https:\/\/www.ar-architectes.com\/fr\/projet\/eco-renovation-bioclimatique\/\" target=\"_self\">Ivry-sur-Seine (94)<\/a><\/div>\n\t\t\t\t<div class=\"esg-content eg-post-110 eg-projets-element-2-a\"><a class=\"eg-projets-element-2 eg-post-110\" href=\"https:\/\/www.ar-architectes.com\/fr\/projet\/eco-renovation-bioclimatique\/\" target=\"_self\">Saint-Just \u00e0 Ivry-sur-Seine (94)<\/a><\/div>\n<\/div>   <\/div>\n\n<\/li>\n<li id=\"eg-1-post-id-161_3153\" data-skin=\"projets\" class=\"filterall filter-eco-renovation eg-projets-wrapper eg-post-id-161\" data-date=\"1696277307\">\n    <div class=\"esg-media-cover-wrapper\">\n<div class=\"esg-entry-media\"><img loading=\"lazy\" decoding=\"async\" class=\"esg-entry-media-img\"  src=\"https:\/\/www.ar-architectes.com\/wp-content\/uploads\/2023\/10\/1-scaled.jpg\" data-no-lazy=\"1\" alt=\"\" width=\"2560\" height=\"1920\"><\/div>\n\n            <div class=\"esg-entry-cover\" data-clickable=\"on\">\n\n<a class=\"eg-invisiblebutton\" href=\"https:\/\/www.ar-architectes.com\/fr\/projet\/eco-renovation-bioclimatique-2\/\" target=\"_self\">Montigny-sur-Loing (77), Les Ormes-sur-Voulzie (77), Longueville (77)<\/a>                <div class=\"esg-overlay esg-transition eg-projets-container\" data-delay=\"0\" data-duration=\"default\" data-transition=\"esg-fade\"><\/div>\n\n           <\/div>\n<div class=\"esg-entry-content eg-projets-content\">\n\t\t\t\t<div class=\"esg-content eg-post-161 eg-projets-element-1-a\"><a class=\"eg-projets-element-1 eg-post-161\" href=\"https:\/\/www.ar-architectes.com\/fr\/projet\/eco-renovation-bioclimatique-2\/\" target=\"_self\">Montigny-sur-Loing (77), Les Ormes-sur-Voulzie (77), Longueville (77)<\/a><\/div>\n\t\t\t\t<div class=\"esg-content eg-post-161 eg-projets-element-2-a\"><a class=\"eg-projets-element-2 eg-post-161\" href=\"https:\/\/www.ar-architectes.com\/fr\/projet\/eco-renovation-bioclimatique-2\/\" target=\"_self\">Am\u00e9nagement Paysager de 3 Sites des Usines d\u2019Eau de Paris.<\/a><\/div>\n<\/div>   <\/div>\n\n<\/li>\n<li id=\"eg-1-post-id-422_6679\" data-skin=\"projets\" class=\"filterall filter-eco-renovation eg-projets-wrapper eg-post-id-422\" data-date=\"1696346306\">\n    <div class=\"esg-media-cover-wrapper\">\n<div class=\"esg-entry-media\"><img loading=\"lazy\" decoding=\"async\" class=\"esg-entry-media-img\"  src=\"https:\/\/www.ar-architectes.com\/wp-content\/uploads\/2023\/10\/2-1.jpg\" data-no-lazy=\"1\" alt=\"\" width=\"1499\" height=\"972\"><\/div>\n\n            <div class=\"esg-entry-cover\" data-clickable=\"on\">\n\n<a class=\"eg-invisiblebutton\" href=\"https:\/\/www.ar-architectes.com\/fr\/projet\/irsn\/\" target=\"_self\">Le V\u00e9sinet (78)<\/a>                <div class=\"esg-overlay esg-transition eg-projets-container\" data-delay=\"0\" data-duration=\"default\" data-transition=\"esg-fade\"><\/div>\n\n           <\/div>\n<div class=\"esg-entry-content eg-projets-content\">\n\t\t\t\t<div class=\"esg-content eg-post-422 eg-projets-element-1-a\"><a class=\"eg-projets-element-1 eg-post-422\" href=\"https:\/\/www.ar-architectes.com\/fr\/projet\/irsn\/\" target=\"_self\">Le V\u00e9sinet (78)<\/a><\/div>\n\t\t\t\t<div class=\"esg-content eg-post-422 eg-projets-element-2-a\"><a class=\"eg-projets-element-2 eg-post-422\" href=\"https:\/\/www.ar-architectes.com\/fr\/projet\/irsn\/\" target=\"_self\">R\u00e9novation \u00c9nerg\u00e9tique du B\u00e2timent C1C2 du Site du V\u00e9sinet de l\u2019IRSN (78)<\/a><\/div>\n<\/div>   <\/div>\n\n<\/li>\n<li id=\"eg-1-post-id-437_8432\" data-skin=\"projets\" class=\"filterall filter-eco-renovation eg-projets-wrapper eg-post-id-437\" data-date=\"1696350010\">\n    <div class=\"esg-media-cover-wrapper\">\n<div class=\"esg-entry-media\"><img loading=\"lazy\" decoding=\"async\" class=\"esg-entry-media-img\"  src=\"https:\/\/www.ar-architectes.com\/wp-content\/uploads\/2023\/10\/1-2-scaled.jpg\" data-no-lazy=\"1\" alt=\"\" width=\"2560\" height=\"1236\"><\/div>\n\n            <div class=\"esg-entry-cover\" data-clickable=\"on\">\n\n<a class=\"eg-invisiblebutton\" href=\"https:\/\/www.ar-architectes.com\/fr\/projet\/irsn-2\/\" target=\"_self\">Dordives (45)<\/a>                <div class=\"esg-overlay esg-transition eg-projets-container\" data-delay=\"0\" data-duration=\"default\" data-transition=\"esg-fade\"><\/div>\n\n           <\/div>\n<div class=\"esg-entry-content eg-projets-content\">\n\t\t\t\t<div class=\"esg-content eg-post-437 eg-projets-element-1-a\"><a class=\"eg-projets-element-1 eg-post-437\" href=\"https:\/\/www.ar-architectes.com\/fr\/projet\/irsn-2\/\" target=\"_self\">Dordives (45)<\/a><\/div>\n\t\t\t\t<div class=\"esg-content eg-post-437 eg-projets-element-2-a\"><a class=\"eg-projets-element-2 eg-post-437\" href=\"https:\/\/www.ar-architectes.com\/fr\/projet\/irsn-2\/\" target=\"_self\">Ce projet concerne une mission de pr\u00e9 \u00e9tude pour l\u2019\u00e9co reconversion d\u2019une usine de 7 000 m\u00b2 \u00e0 Dordives,<\/a><\/div>\n<\/div>   <\/div>\n\n<\/li>\n<li id=\"eg-1-post-id-462_4482\" data-skin=\"projets\" class=\"filterall filter-eco-renovation eg-projets-wrapper eg-post-id-462\" data-date=\"1696351372\">\n    <div class=\"esg-media-cover-wrapper\">\n<div class=\"esg-entry-media\"><img loading=\"lazy\" decoding=\"async\" class=\"esg-entry-media-img\"  src=\"https:\/\/www.ar-architectes.com\/wp-content\/uploads\/2023\/10\/1-3.jpg\" data-no-lazy=\"1\" alt=\"\" width=\"1148\" height=\"800\"><\/div>\n\n            <div class=\"esg-entry-cover\" data-clickable=\"on\">\n\n<a class=\"eg-invisiblebutton\" href=\"https:\/\/www.ar-architectes.com\/fr\/projet\/bessancourt\/\" target=\"_self\">Bessancourt (95)<\/a>                <div class=\"esg-overlay esg-transition eg-projets-container\" data-delay=\"0\" data-duration=\"default\" data-transition=\"esg-fade\"><\/div>\n\n           <\/div>\n<div class=\"esg-entry-content eg-projets-content\">\n\t\t\t\t<div class=\"esg-content eg-post-462 eg-projets-element-1-a\"><a class=\"eg-projets-element-1 eg-post-462\" href=\"https:\/\/www.ar-architectes.com\/fr\/projet\/bessancourt\/\" target=\"_self\">Bessancourt (95)<\/a><\/div>\n\t\t\t\t<div class=\"esg-content eg-post-462 eg-projets-element-2-a\"><a class=\"eg-projets-element-2 eg-post-462\" href=\"https:\/\/www.ar-architectes.com\/fr\/projet\/bessancourt\/\" target=\"_self\">L\u2019ensemble de la d\u00e9chetterie de Bessancourt s\u2019int\u00e8gre dans un \u00e9crin v\u00e9g\u00e9tal.<\/a><\/div>\n<\/div>   <\/div>\n\n<\/li>\n<li id=\"eg-1-post-id-477_7498\" data-skin=\"projets\" class=\"filterall filter-eco-renovation eg-projets-wrapper eg-post-id-477\" data-date=\"1696352724\">\n    <div class=\"esg-media-cover-wrapper\">\n<div class=\"esg-entry-media\"><img loading=\"lazy\" decoding=\"async\" class=\"esg-entry-media-img\"  src=\"https:\/\/www.ar-architectes.com\/wp-content\/uploads\/2023\/10\/1-4.jpg\" data-no-lazy=\"1\" alt=\"\" width=\"1024\" height=\"768\"><\/div>\n\n            <div class=\"esg-entry-cover\" data-clickable=\"on\">\n\n<a class=\"eg-invisiblebutton\" href=\"https:\/\/www.ar-architectes.com\/fr\/projet\/mereville\/\" target=\"_self\">M\u00e9r\u00e9ville (91)<\/a>                <div class=\"esg-overlay esg-transition eg-projets-container\" data-delay=\"0\" data-duration=\"default\" data-transition=\"esg-fade\"><\/div>\n\n           <\/div>\n<div class=\"esg-entry-content eg-projets-content\">\n\t\t\t\t<div class=\"esg-content eg-post-477 eg-projets-element-1-a\"><a class=\"eg-projets-element-1 eg-post-477\" href=\"https:\/\/www.ar-architectes.com\/fr\/projet\/mereville\/\" target=\"_self\">M\u00e9r\u00e9ville (91)<\/a><\/div>\n\t\t\t\t<div class=\"esg-content eg-post-477 eg-projets-element-2-a\"><a class=\"eg-projets-element-2 eg-post-477\" href=\"https:\/\/www.ar-architectes.com\/fr\/projet\/mereville\/\" target=\"_self\">Le b\u00e2timent d\u2019exploitation est en ossature bois et parement min\u00e9ral en gabions.<\/a><\/div>\n<\/div>   <\/div>\n\n<\/li>\n<li id=\"eg-1-post-id-587_6152\" data-skin=\"projets\" class=\"filterall filter-eco-renovation eg-projets-wrapper eg-post-id-587\" data-date=\"1696449933\">\n    <div class=\"esg-media-cover-wrapper\">\n<div class=\"esg-entry-media\"><img loading=\"lazy\" decoding=\"async\" class=\"esg-entry-media-img\"  src=\"https:\/\/www.ar-architectes.com\/wp-content\/uploads\/2023\/10\/1-5-scaled.jpg\" data-no-lazy=\"1\" alt=\"\" width=\"2560\" height=\"1810\"><\/div>\n\n            <div class=\"esg-entry-cover\" data-clickable=\"on\">\n\n<a class=\"eg-invisiblebutton\" href=\"https:\/\/www.ar-architectes.com\/fr\/projet\/plaisir\/\" target=\"_self\">Plaisir (78)<\/a>                <div class=\"esg-overlay esg-transition eg-projets-container\" data-delay=\"0\" data-duration=\"default\" data-transition=\"esg-fade\"><\/div>\n\n           <\/div>\n<div class=\"esg-entry-content eg-projets-content\">\n\t\t\t\t<div class=\"esg-content eg-post-587 eg-projets-element-1-a\"><a class=\"eg-projets-element-1 eg-post-587\" href=\"https:\/\/www.ar-architectes.com\/fr\/projet\/plaisir\/\" target=\"_self\">Plaisir (78)<\/a><\/div>\n\t\t\t\t<div class=\"esg-content eg-post-587 eg-projets-element-2-a\"><a class=\"eg-projets-element-2 eg-post-587\" href=\"https:\/\/www.ar-architectes.com\/fr\/projet\/plaisir\/\" target=\"_self\">L\u2019\u00e9co-r\u00e9habilitation de l\u2019immeuble de Plaisir concerne une r\u00e9fection compl\u00e8te ext\u00e9rieure des b\u00e2timents.<\/a><\/div>\n<\/div>   <\/div>\n\n<\/li>\n<li id=\"eg-1-post-id-601_7885\" data-skin=\"projets\" class=\"filterall filter-eco-construction eg-projets-wrapper eg-post-id-601\" data-date=\"1696450801\">\n    <div class=\"esg-media-cover-wrapper\">\n<div class=\"esg-entry-media\"><img loading=\"lazy\" decoding=\"async\" class=\"esg-entry-media-img\"  src=\"https:\/\/www.ar-architectes.com\/wp-content\/uploads\/2023\/10\/1-6-scaled.jpg\" data-no-lazy=\"1\" alt=\"\" width=\"2560\" height=\"1707\"><\/div>\n\n            <div class=\"esg-entry-cover\" data-clickable=\"on\">\n\n<a class=\"eg-invisiblebutton\" href=\"https:\/\/www.ar-architectes.com\/fr\/projet\/asnieres-sur-oise-station-depuration\/\" target=\"_self\">Asni\u00e8res-sur-Oise (95)<\/a>                <div class=\"esg-overlay esg-transition eg-projets-container\" data-delay=\"0\" data-duration=\"default\" data-transition=\"esg-fade\"><\/div>\n\n\t\t\t\t<div class=\"esg-top eg-post-601 eg-projets-element-3\">Projet bas carbone<\/div>\n           <\/div>\n<div class=\"esg-entry-content eg-projets-content\">\n\t\t\t\t<div class=\"esg-content eg-post-601 eg-projets-element-1-a\"><a class=\"eg-projets-element-1 eg-post-601\" href=\"https:\/\/www.ar-architectes.com\/fr\/projet\/asnieres-sur-oise-station-depuration\/\" target=\"_self\">Asni\u00e8res-sur-Oise (95)<\/a><\/div>\n\t\t\t\t<div class=\"esg-content eg-post-601 eg-projets-element-2-a\"><a class=\"eg-projets-element-2 eg-post-601\" href=\"https:\/\/www.ar-architectes.com\/fr\/projet\/asnieres-sur-oise-station-depuration\/\" target=\"_self\">L\u2019objectif sur ce projet a \u00e9t\u00e9 de concilier l\u2019architecture industrielle durable et un espace paysager riche en faune et flore.<\/a><\/div>\n<\/div>   <\/div>\n\n<\/li>\n<li id=\"eg-1-post-id-627_5902\" data-skin=\"projets\" class=\"filterall filter-eco-construction eg-projets-wrapper eg-post-id-627\" data-date=\"1696452160\">\n    <div class=\"esg-media-cover-wrapper\">\n<div class=\"esg-entry-media\"><img loading=\"lazy\" decoding=\"async\" class=\"esg-entry-media-img\"  src=\"https:\/\/www.ar-architectes.com\/wp-content\/uploads\/2023\/10\/2-7-scaled.jpg\" data-no-lazy=\"1\" alt=\"\" width=\"2560\" height=\"1920\"><\/div>\n\n            <div class=\"esg-entry-cover\" data-clickable=\"on\">\n\n<a class=\"eg-invisiblebutton\" href=\"https:\/\/www.ar-architectes.com\/fr\/projet\/aubevoye-station-depuration\/\" target=\"_self\">Aubevoye (27)<\/a>                <div class=\"esg-overlay esg-transition eg-projets-container\" data-delay=\"0\" data-duration=\"default\" data-transition=\"esg-fade\"><\/div>\n\n\t\t\t\t<div class=\"esg-top eg-post-627 eg-projets-element-3\">Projet \u00e9conomie circulaire<\/div>\n           <\/div>\n<div class=\"esg-entry-content eg-projets-content\">\n\t\t\t\t<div class=\"esg-content eg-post-627 eg-projets-element-1-a\"><a class=\"eg-projets-element-1 eg-post-627\" href=\"https:\/\/www.ar-architectes.com\/fr\/projet\/aubevoye-station-depuration\/\" target=\"_self\">Aubevoye (27)<\/a><\/div>\n\t\t\t\t<div class=\"esg-content eg-post-627 eg-projets-element-2-a\"><a class=\"eg-projets-element-2 eg-post-627\" href=\"https:\/\/www.ar-architectes.com\/fr\/projet\/aubevoye-station-depuration\/\" target=\"_self\">L\u2019ensemble de la station d\u2019\u00e9puration d\u2019Aubevoye r\u00e9pond \u00e0 une d\u00e9marche HQE\u00ae<\/a><\/div>\n<\/div>   <\/div>\n\n<\/li>\n<li id=\"eg-1-post-id-650_7719\" data-skin=\"projets\" class=\"filterall filter-eco-construction eg-projets-wrapper eg-post-id-650\" data-date=\"1696453210\">\n    <div class=\"esg-media-cover-wrapper\">\n<div class=\"esg-entry-media\"><img loading=\"lazy\" decoding=\"async\" class=\"esg-entry-media-img\"  src=\"https:\/\/www.ar-architectes.com\/wp-content\/uploads\/2023\/10\/1-9-scaled.jpg\" data-no-lazy=\"1\" alt=\"\" width=\"2560\" height=\"1920\"><\/div>\n\n            <div class=\"esg-entry-cover\" data-clickable=\"on\">\n\n<a class=\"eg-invisiblebutton\" href=\"https:\/\/www.ar-architectes.com\/fr\/projet\/beynes\/\" target=\"_self\">Beynes (78)<\/a>                <div class=\"esg-overlay esg-transition eg-projets-container\" data-delay=\"0\" data-duration=\"default\" data-transition=\"esg-fade\"><\/div>\n\n\t\t\t\t<div class=\"esg-top eg-post-650 eg-projets-element-3\">Projet \u00e9conomie circulaire<\/div>\n           <\/div>\n<div class=\"esg-entry-content eg-projets-content\">\n\t\t\t\t<div class=\"esg-content eg-post-650 eg-projets-element-1-a\"><a class=\"eg-projets-element-1 eg-post-650\" href=\"https:\/\/www.ar-architectes.com\/fr\/projet\/beynes\/\" target=\"_self\">Beynes (78)<\/a><\/div>\n\t\t\t\t<div class=\"esg-content eg-post-650 eg-projets-element-2-a\"><a class=\"eg-projets-element-2 eg-post-650\" href=\"https:\/\/www.ar-architectes.com\/fr\/projet\/beynes\/\" target=\"_self\">La station des Plantins de Beynes se situe au c\u0153ur d\u2019un site remarquable.<\/a><\/div>\n<\/div>   <\/div>\n\n<\/li>\n<li id=\"eg-1-post-id-738_9720\" data-skin=\"projets\" class=\"filterall filter-eco-construction eg-projets-wrapper eg-post-id-738\" data-date=\"1696579817\">\n    <div class=\"esg-media-cover-wrapper\">\n<div class=\"esg-entry-media\"><img loading=\"lazy\" decoding=\"async\" class=\"esg-entry-media-img\"  src=\"https:\/\/www.ar-architectes.com\/wp-content\/uploads\/2023\/10\/15-2.jpg\" data-no-lazy=\"1\" alt=\"\" width=\"1599\" height=\"846\"><\/div>\n\n            <div class=\"esg-entry-cover\" data-clickable=\"on\">\n\n<a class=\"eg-invisiblebutton\" href=\"https:\/\/www.ar-architectes.com\/fr\/projet\/bois-le-roi\/\" target=\"_self\">Bois-le-Roi (77)<\/a>                <div class=\"esg-overlay esg-transition eg-projets-container\" data-delay=\"0\" data-duration=\"default\" data-transition=\"esg-fade\"><\/div>\n\n           <\/div>\n<div class=\"esg-entry-content eg-projets-content\">\n\t\t\t\t<div class=\"esg-content eg-post-738 eg-projets-element-1-a\"><a class=\"eg-projets-element-1 eg-post-738\" href=\"https:\/\/www.ar-architectes.com\/fr\/projet\/bois-le-roi\/\" target=\"_self\">Bois-le-Roi (77)<\/a><\/div>\n\t\t\t\t<div class=\"esg-content eg-post-738 eg-projets-element-2-a\"><a class=\"eg-projets-element-2 eg-post-738\" href=\"https:\/\/www.ar-architectes.com\/fr\/projet\/bois-le-roi\/\" target=\"_self\">Une station d\u2019\u00e9puration innovante d\u2019une capacit\u00e9 de 9 800 Equivalent-Habitants, traitant 1933 m\u00b3\/j d\u2019eau us\u00e9e au c\u0153ur du \u00ab Parc de Livry \u00bb \u00e0 Chartrettes (77).<\/a><\/div>\n<\/div>   <\/div>\n\n<\/li>\n<li id=\"eg-1-post-id-939_493\" data-skin=\"projets\" class=\"filterall filter-eco-construction eg-projets-wrapper eg-post-id-939\" data-date=\"1700135981\">\n    <div class=\"esg-media-cover-wrapper\">\n<div class=\"esg-entry-media\"><img loading=\"lazy\" decoding=\"async\" class=\"esg-entry-media-img\"  src=\"https:\/\/www.ar-architectes.com\/wp-content\/uploads\/2023\/11\/1-scaled.jpg\" data-no-lazy=\"1\" alt=\"\" width=\"2560\" height=\"1438\"><\/div>\n\n            <div class=\"esg-entry-cover\" data-clickable=\"on\">\n\n<a class=\"eg-invisiblebutton\" href=\"https:\/\/www.ar-architectes.com\/fr\/projet\/champigny-sur-marne-94\/\" target=\"_self\">Champigny-sur-Marne (94)<\/a>                <div class=\"esg-overlay esg-transition eg-projets-container\" data-delay=\"0\" data-duration=\"default\" data-transition=\"esg-fade\"><\/div>\n\n           <\/div>\n<div class=\"esg-entry-content eg-projets-content\">\n\t\t\t\t<div class=\"esg-content eg-post-939 eg-projets-element-1-a\"><a class=\"eg-projets-element-1 eg-post-939\" href=\"https:\/\/www.ar-architectes.com\/fr\/projet\/champigny-sur-marne-94\/\" target=\"_self\">Champigny-sur-Marne (94)<\/a><\/div>\n\t\t\t\t<div class=\"esg-content eg-post-939 eg-projets-element-2-a\"><a class=\"eg-projets-element-2 eg-post-939\" href=\"https:\/\/www.ar-architectes.com\/fr\/projet\/champigny-sur-marne-94\/\" target=\"_self\">La station de d\u00e9pollution des eaux pluviales sera implant\u00e9e au Sud de la commune de Champigny-sur-Marne (94).<\/a><\/div>\n<\/div>   <\/div>\n\n<\/li>\n<li id=\"eg-1-post-id-958_3378\" data-skin=\"projets\" class=\"filterall filter-eco-construction eg-projets-wrapper eg-post-id-958\" data-date=\"1700140914\">\n    <div class=\"esg-media-cover-wrapper\">\n<div class=\"esg-entry-media\"><img loading=\"lazy\" decoding=\"async\" class=\"esg-entry-media-img\"  src=\"https:\/\/www.ar-architectes.com\/wp-content\/uploads\/2023\/11\/5.png\" data-no-lazy=\"1\" alt=\"\" width=\"4961\" height=\"3122\"><\/div>\n\n            <div class=\"esg-entry-cover\" data-clickable=\"on\">\n\n<a class=\"eg-invisiblebutton\" href=\"https:\/\/www.ar-architectes.com\/fr\/projet\/chauvry-95\/\" target=\"_self\">Chauvry (95)<\/a>                <div class=\"esg-overlay esg-transition eg-projets-container\" data-delay=\"0\" data-duration=\"default\" data-transition=\"esg-fade\"><\/div>\n\n\t\t\t\t<div class=\"esg-top eg-post-958 eg-projets-element-3\">Projet \u00e9conomie circulaire<\/div>\n           <\/div>\n<div class=\"esg-entry-content eg-projets-content\">\n\t\t\t\t<div class=\"esg-content eg-post-958 eg-projets-element-1-a\"><a class=\"eg-projets-element-1 eg-post-958\" href=\"https:\/\/www.ar-architectes.com\/fr\/projet\/chauvry-95\/\" target=\"_self\">Chauvry (95)<\/a><\/div>\n\t\t\t\t<div class=\"esg-content eg-post-958 eg-projets-element-2-a\"><a class=\"eg-projets-element-2 eg-post-958\" href=\"https:\/\/www.ar-architectes.com\/fr\/projet\/chauvry-95\/\" target=\"_self\">L\u2019objectif est l\u2019am\u00e9nagement d\u2019une station d\u2019\u00e9puration \u00e0 lit plant\u00e9 de roseaux, comportant un b\u00e2timent technique de 36m\u00b2 de facture sobre<\/a><\/div>\n<\/div>   <\/div>\n\n<\/li>\n<li id=\"eg-1-post-id-976_613\" data-skin=\"projets\" class=\"filterall filter-eco-construction eg-projets-wrapper eg-post-id-976\" data-date=\"1700142021\">\n    <div class=\"esg-media-cover-wrapper\">\n<div class=\"esg-entry-media\"><img loading=\"lazy\" decoding=\"async\" class=\"esg-entry-media-img\"  src=\"https:\/\/www.ar-architectes.com\/wp-content\/uploads\/2023\/11\/11-min-scaled.jpg\" data-no-lazy=\"1\" alt=\"\" width=\"2560\" height=\"1768\"><\/div>\n\n            <div class=\"esg-entry-cover\" data-clickable=\"on\">\n\n<a class=\"eg-invisiblebutton\" href=\"https:\/\/www.ar-architectes.com\/fr\/projet\/claye-souilly-77\/\" target=\"_self\">Claye-Souilly (77)<\/a>                <div class=\"esg-overlay esg-transition eg-projets-container\" data-delay=\"0\" data-duration=\"default\" data-transition=\"esg-fade\"><\/div>\n\n           <\/div>\n<div class=\"esg-entry-content eg-projets-content\">\n\t\t\t\t<div class=\"esg-content eg-post-976 eg-projets-element-1-a\"><a class=\"eg-projets-element-1 eg-post-976\" href=\"https:\/\/www.ar-architectes.com\/fr\/projet\/claye-souilly-77\/\" target=\"_self\">Claye-Souilly (77)<\/a><\/div>\n\t\t\t\t<div class=\"esg-content eg-post-976 eg-projets-element-2-a\"><a class=\"eg-projets-element-2 eg-post-976\" href=\"https:\/\/www.ar-architectes.com\/fr\/projet\/claye-souilly-77\/\" target=\"_self\">\u00ab Recycl\u2019eau \u00bb recycle ses eaux pour arroser les espaces verts et laver les voiries de la commune.<\/a><\/div>\n<\/div>   <\/div>\n\n<\/li>\n<li id=\"eg-1-post-id-998_9072\" data-skin=\"projets\" class=\"filterall filter-eco-construction eg-projets-wrapper eg-post-id-998\" data-date=\"1700143886\">\n    <div class=\"esg-media-cover-wrapper\">\n<div class=\"esg-entry-media\"><img loading=\"lazy\" decoding=\"async\" class=\"esg-entry-media-img\"  src=\"https:\/\/www.ar-architectes.com\/wp-content\/uploads\/2023\/11\/10-min-1-scaled.jpg\" data-no-lazy=\"1\" alt=\"\" width=\"2560\" height=\"1707\"><\/div>\n\n            <div class=\"esg-entry-cover\" data-clickable=\"on\">\n\n<a class=\"eg-invisiblebutton\" href=\"https:\/\/www.ar-architectes.com\/fr\/projet\/coye-la-foret-60\/\" target=\"_self\">Coye la For\u00eat (60)<\/a>                <div class=\"esg-overlay esg-transition eg-projets-container\" data-delay=\"0\" data-duration=\"default\" data-transition=\"esg-fade\"><\/div>\n\n           <\/div>\n<div class=\"esg-entry-content eg-projets-content\">\n\t\t\t\t<div class=\"esg-content eg-post-998 eg-projets-element-1-a\"><a class=\"eg-projets-element-1 eg-post-998\" href=\"https:\/\/www.ar-architectes.com\/fr\/projet\/coye-la-foret-60\/\" target=\"_self\">Coye la For\u00eat (60)<\/a><\/div>\n\t\t\t\t<div class=\"esg-content eg-post-998 eg-projets-element-2-a\"><a class=\"eg-projets-element-2 eg-post-998\" href=\"https:\/\/www.ar-architectes.com\/fr\/projet\/coye-la-foret-60\/\" target=\"_self\">Dans la cadre de la r\u00e9alisation du collecteur de la Vall\u00e9e de la Th\u00e8ve, AR ARCHITECTES a con\u00e7u des postes techniques interm\u00e9diaires localis\u00e9s dans un site particuli\u00e8rement sensible, zone naturelle bois\u00e9e.<\/a><\/div>\n<\/div>   <\/div>\n\n<\/li>\n<li id=\"eg-1-post-id-1022_1364\" data-skin=\"projets\" class=\"filterall filter-eco-construction eg-projets-wrapper eg-post-id-1022\" data-date=\"1700145226\">\n    <div class=\"esg-media-cover-wrapper\">\n<div class=\"esg-entry-media\"><img loading=\"lazy\" decoding=\"async\" class=\"esg-entry-media-img\"  src=\"https:\/\/www.ar-architectes.com\/wp-content\/uploads\/2024\/03\/AR_3417_PCM6_PERS_170723-1-scaled.jpg\" data-no-lazy=\"1\" alt=\"\" width=\"2560\" height=\"1231\"><\/div>\n\n            <div class=\"esg-entry-cover\" data-clickable=\"on\">\n\n<a class=\"eg-invisiblebutton\" href=\"https:\/\/www.ar-architectes.com\/fr\/projet\/deuil-la-barre-95\/\" target=\"_self\">Deuil-la-Barre (95)<\/a>                <div class=\"esg-overlay esg-transition eg-projets-container\" data-delay=\"0\" data-duration=\"default\" data-transition=\"esg-fade\"><\/div>\n\n\t\t\t\t<div class=\"esg-top eg-post-1022 eg-projets-element-3\">Projet \u00e9conomie circulaire<\/div>\n           <\/div>\n<div class=\"esg-entry-content eg-projets-content\">\n\t\t\t\t<div class=\"esg-content eg-post-1022 eg-projets-element-1-a\"><a class=\"eg-projets-element-1 eg-post-1022\" href=\"https:\/\/www.ar-architectes.com\/fr\/projet\/deuil-la-barre-95\/\" target=\"_self\">Deuil-la-Barre (95)<\/a><\/div>\n\t\t\t\t<div class=\"esg-content eg-post-1022 eg-projets-element-2-a\"><a class=\"eg-projets-element-2 eg-post-1022\" href=\"https:\/\/www.ar-architectes.com\/fr\/projet\/deuil-la-barre-95\/\" target=\"_self\">Le bassin de stockage des eaux pluviales sera implant\u00e9 entre la rue Jean Bouin et le Chemin de la Grille Ronde \u00e0 Deuil-La-Barre.<\/a><\/div>\n<\/div>   <\/div>\n\n<\/li>\n<li id=\"eg-1-post-id-1050_3651\" data-skin=\"projets\" class=\"filterall filter-eco-construction eg-projets-wrapper eg-post-id-1050\" data-date=\"1700148043\">\n    <div class=\"esg-media-cover-wrapper\">\n<div class=\"esg-entry-media\"><img loading=\"lazy\" decoding=\"async\" class=\"esg-entry-media-img\"  src=\"https:\/\/www.ar-architectes.com\/wp-content\/uploads\/2023\/11\/1-min-2-scaled.jpg\" data-no-lazy=\"1\" alt=\"\" width=\"2560\" height=\"1919\"><\/div>\n\n            <div class=\"esg-entry-cover\" data-clickable=\"on\">\n\n<a class=\"eg-invisiblebutton\" href=\"https:\/\/www.ar-architectes.com\/fr\/projet\/ermont-95\/\" target=\"_self\">Ermont (95)<\/a>                <div class=\"esg-overlay esg-transition eg-projets-container\" data-delay=\"0\" data-duration=\"default\" data-transition=\"esg-fade\"><\/div>\n\n           <\/div>\n<div class=\"esg-entry-content eg-projets-content\">\n\t\t\t\t<div class=\"esg-content eg-post-1050 eg-projets-element-1-a\"><a class=\"eg-projets-element-1 eg-post-1050\" href=\"https:\/\/www.ar-architectes.com\/fr\/projet\/ermont-95\/\" target=\"_self\">Ermont (95)<\/a><\/div>\n\t\t\t\t<div class=\"esg-content eg-post-1050 eg-projets-element-2-a\"><a class=\"eg-projets-element-2 eg-post-1050\" href=\"https:\/\/www.ar-architectes.com\/fr\/projet\/ermont-95\/\" target=\"_self\">Le nouveau poste technique se situe \u00e0 proximit\u00e9 de la rue de l\u2019Est, de la rue Louis Savoie et de la rue Edouard Branly, \u00e0 Ermont. Le site du poste technique b\u00e9n\u00e9ficie d\u2019un environnement urbain dense.<\/a><\/div>\n<\/div>   <\/div>\n\n<\/li>\n<li id=\"eg-1-post-id-1056_2171\" data-skin=\"projets\" class=\"filterall filter-eco-renovation eg-projets-wrapper eg-post-id-1056\" data-date=\"1700148902\">\n    <div class=\"esg-media-cover-wrapper\">\n<div class=\"esg-entry-media\"><img loading=\"lazy\" decoding=\"async\" class=\"esg-entry-media-img\"  src=\"https:\/\/www.ar-architectes.com\/wp-content\/uploads\/2023\/11\/3-2-scaled.jpg\" data-no-lazy=\"1\" alt=\"\" width=\"2560\" height=\"2424\"><\/div>\n\n            <div class=\"esg-entry-cover\" data-clickable=\"on\">\n\n<a class=\"eg-invisiblebutton\" href=\"https:\/\/www.ar-architectes.com\/fr\/projet\/metz-57\/\" target=\"_self\">Metz (57)<\/a>                <div class=\"esg-overlay esg-transition eg-projets-container\" data-delay=\"0\" data-duration=\"default\" data-transition=\"esg-fade\"><\/div>\n\n           <\/div>\n<div class=\"esg-entry-content eg-projets-content\">\n\t\t\t\t<div class=\"esg-content eg-post-1056 eg-projets-element-1-a\"><a class=\"eg-projets-element-1 eg-post-1056\" href=\"https:\/\/www.ar-architectes.com\/fr\/projet\/metz-57\/\" target=\"_self\">Metz (57)<\/a><\/div>\n\t\t\t\t<div class=\"esg-content eg-post-1056 eg-projets-element-2-a\"><a class=\"eg-projets-element-2 eg-post-1056\" href=\"https:\/\/www.ar-architectes.com\/fr\/projet\/metz-57\/\" target=\"_self\">Ville de Metz consiste en la r\u00e9habilitation du Centre Technique de la Propret\u00e9 Urbaine, situ\u00e9 dans le quartier des Deux Fontaines.<\/a><\/div>\n<\/div>   <\/div>\n\n<\/li>\n<li id=\"eg-1-post-id-1072_3223\" data-skin=\"projets\" class=\"filterall filter-eco-construction eg-projets-wrapper eg-post-id-1072\" data-date=\"1700150850\">\n    <div class=\"esg-media-cover-wrapper\">\n<div class=\"esg-entry-media\"><img loading=\"lazy\" decoding=\"async\" class=\"esg-entry-media-img\"  src=\"https:\/\/www.ar-architectes.com\/wp-content\/uploads\/2023\/11\/1-min-3.jpg\" data-no-lazy=\"1\" alt=\"\" width=\"2016\" height=\"1512\"><\/div>\n\n            <div class=\"esg-entry-cover\" data-clickable=\"on\">\n\n<a class=\"eg-invisiblebutton\" href=\"https:\/\/www.ar-architectes.com\/fr\/projet\/orry-la-ville-60\/\" target=\"_self\">Orry-la-Ville (60)<\/a>                <div class=\"esg-overlay esg-transition eg-projets-container\" data-delay=\"0\" data-duration=\"default\" data-transition=\"esg-fade\"><\/div>\n\n           <\/div>\n<div class=\"esg-entry-content eg-projets-content\">\n\t\t\t\t<div class=\"esg-content eg-post-1072 eg-projets-element-1-a\"><a class=\"eg-projets-element-1 eg-post-1072\" href=\"https:\/\/www.ar-architectes.com\/fr\/projet\/orry-la-ville-60\/\" target=\"_self\">Orry-la-Ville (60)<\/a><\/div>\n\t\t\t\t<div class=\"esg-content eg-post-1072 eg-projets-element-2-a\"><a class=\"eg-projets-element-2 eg-post-1072\" href=\"https:\/\/www.ar-architectes.com\/fr\/projet\/orry-la-ville-60\/\" target=\"_self\">Poste Technique PR5 s\u2019inscrit dans le projet d\u2019extension de la station d\u2019\u00e9puration de Coye-La-For\u00eat port\u00e9 par le Syndicat Intercommunal pour la Collecte et le Traitement des Eaux Us\u00e9es des Bassins de la Th\u00e8ve et de l\u2019Ysieux ( le SICTEUB).<\/a><\/div>\n<\/div>   <\/div>\n\n<\/li>\n<li id=\"eg-1-post-id-1093_9974\" data-skin=\"projets\" class=\"filterall filter-eco-construction eg-projets-wrapper eg-post-id-1093\" data-date=\"1700158509\">\n    <div class=\"esg-media-cover-wrapper\">\n<div class=\"esg-entry-media\"><img loading=\"lazy\" decoding=\"async\" class=\"esg-entry-media-img\"  src=\"https:\/\/www.ar-architectes.com\/wp-content\/uploads\/2023\/11\/1-min-4-scaled.jpg\" data-no-lazy=\"1\" alt=\"\" width=\"2560\" height=\"1707\"><\/div>\n\n            <div class=\"esg-entry-cover\" data-clickable=\"on\">\n\n<a class=\"eg-invisiblebutton\" href=\"https:\/\/www.ar-architectes.com\/fr\/projet\/beynes-78\/\" target=\"_self\">Beynes (78)<\/a>                <div class=\"esg-overlay esg-transition eg-projets-container\" data-delay=\"0\" data-duration=\"default\" data-transition=\"esg-fade\"><\/div>\n\n           <\/div>\n<div class=\"esg-entry-content eg-projets-content\">\n\t\t\t\t<div class=\"esg-content eg-post-1093 eg-projets-element-1-a\"><a class=\"eg-projets-element-1 eg-post-1093\" href=\"https:\/\/www.ar-architectes.com\/fr\/projet\/beynes-78\/\" target=\"_self\">Beynes (78)<\/a><\/div>\n\t\t\t\t<div class=\"esg-content eg-post-1093 eg-projets-element-2-a\"><a class=\"eg-projets-element-2 eg-post-1093\" href=\"https:\/\/www.ar-architectes.com\/fr\/projet\/beynes-78\/\" target=\"_self\">La station des Plantins de Beynes se situe au c\u0153ur d\u2019un site remarquable, bord\u00e9 par une zone de fouilles arch\u00e9ologiques au Sud, et des terrains agricoles au Nord.<\/a><\/div>\n<\/div>   <\/div>\n\n<\/li>\n<li id=\"eg-1-post-id-1109_6800\" data-skin=\"projets\" class=\"filterall filter-eco-construction eg-projets-wrapper eg-post-id-1109\" data-date=\"1700159372\">\n    <div class=\"esg-media-cover-wrapper\">\n<div class=\"esg-entry-media\"><img loading=\"lazy\" decoding=\"async\" class=\"esg-entry-media-img\"  src=\"https:\/\/www.ar-architectes.com\/wp-content\/uploads\/2023\/11\/2-4-scaled.jpg\" data-no-lazy=\"1\" alt=\"\" width=\"2560\" height=\"1921\"><\/div>\n\n            <div class=\"esg-entry-cover\" data-clickable=\"on\">\n\n<a class=\"eg-invisiblebutton\" href=\"https:\/\/www.ar-architectes.com\/fr\/projet\/romilly-sur-seine-10\/\" target=\"_self\">Romilly-sur-Seine (10)<\/a>                <div class=\"esg-overlay esg-transition eg-projets-container\" data-delay=\"0\" data-duration=\"default\" data-transition=\"esg-fade\"><\/div>\n\n\t\t\t\t<div class=\"esg-top eg-post-1109 eg-projets-element-3\">Projet bioclimatique<\/div>\n           <\/div>\n<div class=\"esg-entry-content eg-projets-content\">\n\t\t\t\t<div class=\"esg-content eg-post-1109 eg-projets-element-1-a\"><a class=\"eg-projets-element-1 eg-post-1109\" href=\"https:\/\/www.ar-architectes.com\/fr\/projet\/romilly-sur-seine-10\/\" target=\"_self\">Romilly-sur-Seine (10)<\/a><\/div>\n\t\t\t\t<div class=\"esg-content eg-post-1109 eg-projets-element-2-a\"><a class=\"eg-projets-element-2 eg-post-1109\" href=\"https:\/\/www.ar-architectes.com\/fr\/projet\/romilly-sur-seine-10\/\" target=\"_self\">Le concept est de cr\u00e9er un projet de d\u00e9chetterie en trait d\u2019union entre la zone industrielle existante au nord de la parcelle et la ZNIEFF de type I localis\u00e9e au Sud.<\/a><\/div>\n<\/div>   <\/div>\n\n<\/li>\n<li id=\"eg-1-post-id-1143_1981\" data-skin=\"projets\" class=\"filterall filter-eco-construction eg-projets-wrapper eg-post-id-1143\" data-date=\"1700236479\">\n    <div class=\"esg-media-cover-wrapper\">\n<div class=\"esg-entry-media\"><img loading=\"lazy\" decoding=\"async\" class=\"esg-entry-media-img\"  src=\"https:\/\/www.ar-architectes.com\/wp-content\/uploads\/2023\/11\/14-min-scaled.jpg\" data-no-lazy=\"1\" alt=\"\" width=\"2560\" height=\"1440\"><\/div>\n\n            <div class=\"esg-entry-cover\" data-clickable=\"on\">\n\n<a class=\"eg-invisiblebutton\" href=\"https:\/\/www.ar-architectes.com\/fr\/projet\/saclas-91\/\" target=\"_self\">Saclas (91)<\/a>                <div class=\"esg-overlay esg-transition eg-projets-container\" data-delay=\"0\" data-duration=\"default\" data-transition=\"esg-fade\"><\/div>\n\n           <\/div>\n<div class=\"esg-entry-content eg-projets-content\">\n\t\t\t\t<div class=\"esg-content eg-post-1143 eg-projets-element-1-a\"><a class=\"eg-projets-element-1 eg-post-1143\" href=\"https:\/\/www.ar-architectes.com\/fr\/projet\/saclas-91\/\" target=\"_self\">Saclas (91)<\/a><\/div>\n\t\t\t\t<div class=\"esg-content eg-post-1143 eg-projets-element-2-a\"><a class=\"eg-projets-element-2 eg-post-1143\" href=\"https:\/\/www.ar-architectes.com\/fr\/projet\/saclas-91\/\" target=\"_self\">La nouvelle \u00e9co station d\u2019\u00e9puration de Saclas, est de proposer une int\u00e9gration dans l\u2019espace naturel sensible environnant.<\/a><\/div>\n<\/div>   <\/div>\n\n<\/li>\n<li id=\"eg-1-post-id-1170_2881\" data-skin=\"projets\" class=\"filterall filter-eco-construction eg-projets-wrapper eg-post-id-1170\" data-date=\"1700237931\">\n    <div class=\"esg-media-cover-wrapper\">\n<div class=\"esg-entry-media\"><img loading=\"lazy\" decoding=\"async\" class=\"esg-entry-media-img\"  src=\"https:\/\/www.ar-architectes.com\/wp-content\/uploads\/2023\/11\/1-min-5-scaled.jpg\" data-no-lazy=\"1\" alt=\"\" width=\"2560\" height=\"2056\"><\/div>\n\n            <div class=\"esg-entry-cover\" data-clickable=\"on\">\n\n<a class=\"eg-invisiblebutton\" href=\"https:\/\/www.ar-architectes.com\/fr\/projet\/saint-michel-chef-chef-44\/\" target=\"_self\">Saint-Michel-Chef-Chef (44)<\/a>                <div class=\"esg-overlay esg-transition eg-projets-container\" data-delay=\"0\" data-duration=\"default\" data-transition=\"esg-fade\"><\/div>\n\n\t\t\t\t<div class=\"esg-top eg-post-1170 eg-projets-element-3\">Projet biodiversit\u00e9<\/div>\n           <\/div>\n<div class=\"esg-entry-content eg-projets-content\">\n\t\t\t\t<div class=\"esg-content eg-post-1170 eg-projets-element-1-a\"><a class=\"eg-projets-element-1 eg-post-1170\" href=\"https:\/\/www.ar-architectes.com\/fr\/projet\/saint-michel-chef-chef-44\/\" target=\"_self\">Saint-Michel-Chef-Chef (44)<\/a><\/div>\n\t\t\t\t<div class=\"esg-content eg-post-1170 eg-projets-element-2-a\"><a class=\"eg-projets-element-2 eg-post-1170\" href=\"https:\/\/www.ar-architectes.com\/fr\/projet\/saint-michel-chef-chef-44\/\" target=\"_self\">Les nouveaux ouvrages sont implant\u00e9s autour d\u2019une perc\u00e9e Est-Ouest, ouvrant une perspective jusque vers les jardins.<\/a><\/div>\n<\/div>   <\/div>\n\n<\/li>\n<li id=\"eg-1-post-id-1214_6630\" data-skin=\"projets\" class=\"filterall filter-eco-construction eg-projets-wrapper eg-post-id-1214\" data-date=\"1701099190\">\n    <div class=\"esg-media-cover-wrapper\">\n<div class=\"esg-entry-media\"><img loading=\"lazy\" decoding=\"async\" class=\"esg-entry-media-img\"  src=\"https:\/\/www.ar-architectes.com\/wp-content\/uploads\/2023\/11\/6-min-6-scaled.jpg\" data-no-lazy=\"1\" alt=\"\" width=\"2560\" height=\"1638\"><\/div>\n\n            <div class=\"esg-entry-cover\" data-clickable=\"on\">\n\n<a class=\"eg-invisiblebutton\" href=\"https:\/\/www.ar-architectes.com\/fr\/projet\/souilly-77\/\" target=\"_self\">Souilly (77)<\/a>                <div class=\"esg-overlay esg-transition eg-projets-container\" data-delay=\"0\" data-duration=\"default\" data-transition=\"esg-fade\"><\/div>\n\n           <\/div>\n<div class=\"esg-entry-content eg-projets-content\">\n\t\t\t\t<div class=\"esg-content eg-post-1214 eg-projets-element-1-a\"><a class=\"eg-projets-element-1 eg-post-1214\" href=\"https:\/\/www.ar-architectes.com\/fr\/projet\/souilly-77\/\" target=\"_self\">Souilly (77)<\/a><\/div>\n\t\t\t\t<div class=\"esg-content eg-post-1214 eg-projets-element-2-a\"><a class=\"eg-projets-element-2 eg-post-1214\" href=\"https:\/\/www.ar-architectes.com\/fr\/projet\/souilly-77\/\" target=\"_self\">La plateforme de stockage des boues est un ouvrage pour partie en b\u00e9ton arm\u00e9 pour les cloisonnements.<\/a><\/div>\n<\/div>   <\/div>\n\n<\/li>\n<li id=\"eg-1-post-id-1231_4193\" data-skin=\"projets\" class=\"filterall filter-eco-construction eg-projets-wrapper eg-post-id-1231\" data-date=\"1701100013\">\n    <div class=\"esg-media-cover-wrapper\">\n<div class=\"esg-entry-media\"><img loading=\"lazy\" decoding=\"async\" class=\"esg-entry-media-img\"  src=\"https:\/\/www.ar-architectes.com\/wp-content\/uploads\/2023\/11\/3-4-scaled.jpg\" data-no-lazy=\"1\" alt=\"\" width=\"2560\" height=\"1440\"><\/div>\n\n            <div class=\"esg-entry-cover\" data-clickable=\"on\">\n\n<a class=\"eg-invisiblebutton\" href=\"https:\/\/www.ar-architectes.com\/fr\/projet\/saint-genies-des-mourgues-34\/\" target=\"_self\">Saint-Geni\u00e8s-des-Mourgues (34)<\/a>                <div class=\"esg-overlay esg-transition eg-projets-container\" data-delay=\"0\" data-duration=\"default\" data-transition=\"esg-fade\"><\/div>\n\n           <\/div>\n<div class=\"esg-entry-content eg-projets-content\">\n\t\t\t\t<div class=\"esg-content eg-post-1231 eg-projets-element-1-a\"><a class=\"eg-projets-element-1 eg-post-1231\" href=\"https:\/\/www.ar-architectes.com\/fr\/projet\/saint-genies-des-mourgues-34\/\" target=\"_self\">Saint-Geni\u00e8s-des-Mourgues (34)<\/a><\/div>\n\t\t\t\t<div class=\"esg-content eg-post-1231 eg-projets-element-2-a\"><a class=\"eg-projets-element-2 eg-post-1231\" href=\"https:\/\/www.ar-architectes.com\/fr\/projet\/saint-genies-des-mourgues-34\/\" target=\"_self\">Le site, \u00e0 proximit\u00e9 du village de Saint-G\u00e9ni\u00e8s-des-Mourgues, s\u2019inscrit dans un cadre rural.<\/a><\/div>\n<\/div>   <\/div>\n\n<\/li>\n<li id=\"eg-1-post-id-1271_3784\" data-skin=\"projets\" class=\"filterall filter-eco-construction eg-projets-wrapper eg-post-id-1271\" data-date=\"1701250137\">\n    <div class=\"esg-media-cover-wrapper\">\n<div class=\"esg-entry-media\"><img loading=\"lazy\" decoding=\"async\" class=\"esg-entry-media-img\"  src=\"https:\/\/www.ar-architectes.com\/wp-content\/uploads\/2023\/11\/3-5.jpg\" data-no-lazy=\"1\" alt=\"\" width=\"1619\" height=\"1209\"><\/div>\n\n            <div class=\"esg-entry-cover\" data-clickable=\"on\">\n\n<a class=\"eg-invisiblebutton\" href=\"https:\/\/www.ar-architectes.com\/fr\/projet\/terre-de-sarcelles-95\/\" target=\"_self\">Terre de Sarcelles (95)<\/a>                <div class=\"esg-overlay esg-transition eg-projets-container\" data-delay=\"0\" data-duration=\"default\" data-transition=\"esg-fade\"><\/div>\n\n\t\t\t\t<div class=\"esg-top eg-post-1271 eg-projets-element-3\">Projet biodiversit\u00e9<\/div>\n           <\/div>\n<div class=\"esg-entry-content eg-projets-content\">\n\t\t\t\t<div class=\"esg-content eg-post-1271 eg-projets-element-1-a\"><a class=\"eg-projets-element-1 eg-post-1271\" href=\"https:\/\/www.ar-architectes.com\/fr\/projet\/terre-de-sarcelles-95\/\" target=\"_self\">Terre de Sarcelles (95)<\/a><\/div>\n\t\t\t\t<div class=\"esg-content eg-post-1271 eg-projets-element-2-a\"><a class=\"eg-projets-element-2 eg-post-1271\" href=\"https:\/\/www.ar-architectes.com\/fr\/projet\/terre-de-sarcelles-95\/\" target=\"_self\">Le parti pris architectural, paysage et environnemental du projet !<\/a><\/div>\n<\/div>   <\/div>\n\n<\/li>\n<li id=\"eg-1-post-id-1285_7406\" data-skin=\"projets\" class=\"filterall filter-eco-construction eg-projets-wrapper eg-post-id-1285\" data-date=\"1701250908\">\n    <div class=\"esg-media-cover-wrapper\">\n<div class=\"esg-entry-media\"><img loading=\"lazy\" decoding=\"async\" class=\"esg-entry-media-img\"  src=\"https:\/\/www.ar-architectes.com\/wp-content\/uploads\/2023\/11\/1-7-scaled.jpg\" data-no-lazy=\"1\" alt=\"\" width=\"2560\" height=\"1920\"><\/div>\n\n            <div class=\"esg-entry-cover\" data-clickable=\"on\">\n\n<a class=\"eg-invisiblebutton\" href=\"https:\/\/www.ar-architectes.com\/fr\/projet\/thoiry-78\/\" target=\"_self\">Thoiry (78)<\/a>                <div class=\"esg-overlay esg-transition eg-projets-container\" data-delay=\"0\" data-duration=\"default\" data-transition=\"esg-fade\"><\/div>\n\n\t\t\t\t<div class=\"esg-top eg-post-1285 eg-projets-element-3\">Projet biodiversit\u00e9<\/div>\n           <\/div>\n<div class=\"esg-entry-content eg-projets-content\">\n\t\t\t\t<div class=\"esg-content eg-post-1285 eg-projets-element-1-a\"><a class=\"eg-projets-element-1 eg-post-1285\" href=\"https:\/\/www.ar-architectes.com\/fr\/projet\/thoiry-78\/\" target=\"_self\">Thoiry (78)<\/a><\/div>\n\t\t\t\t<div class=\"esg-content eg-post-1285 eg-projets-element-2-a\"><a class=\"eg-projets-element-2 eg-post-1285\" href=\"https:\/\/www.ar-architectes.com\/fr\/projet\/thoiry-78\/\" target=\"_self\">Les jardins d\u2019infiltration sont constitu\u00e9s de deux zones aliment\u00e9es en parall\u00e8le, permettant d\u2019en laisser une au repos pendant l\u2019entretien.<\/a><\/div>\n<\/div>   <\/div>\n\n<\/li>\n<li id=\"eg-1-post-id-1312_2026\" data-skin=\"projets\" class=\"filterall filter-eco-construction eg-projets-wrapper eg-post-id-1312\" data-date=\"1701252510\">\n    <div class=\"esg-media-cover-wrapper\">\n<div class=\"esg-entry-media\"><img loading=\"lazy\" decoding=\"async\" class=\"esg-entry-media-img\"  src=\"https:\/\/www.ar-architectes.com\/wp-content\/uploads\/2023\/11\/6-5.jpg\" data-no-lazy=\"1\" alt=\"\" width=\"1417\" height=\"1417\"><\/div>\n\n            <div class=\"esg-entry-cover\" data-clickable=\"on\">\n\n<a class=\"eg-invisiblebutton\" href=\"https:\/\/www.ar-architectes.com\/fr\/projet\/valenciennes-59\/\" target=\"_self\">Valenciennes (59)<\/a>                <div class=\"esg-overlay esg-transition eg-projets-container\" data-delay=\"0\" data-duration=\"default\" data-transition=\"esg-fade\"><\/div>\n\n           <\/div>\n<div class=\"esg-entry-content eg-projets-content\">\n\t\t\t\t<div class=\"esg-content eg-post-1312 eg-projets-element-1-a\"><a class=\"eg-projets-element-1 eg-post-1312\" href=\"https:\/\/www.ar-architectes.com\/fr\/projet\/valenciennes-59\/\" target=\"_self\">Valenciennes (59)<\/a><\/div>\n\t\t\t\t<div class=\"esg-content eg-post-1312 eg-projets-element-2-a\"><a class=\"eg-projets-element-2 eg-post-1312\" href=\"https:\/\/www.ar-architectes.com\/fr\/projet\/valenciennes-59\/\" target=\"_self\">Le site de la future station d\u2019\u00e9puration se situe sur la commune de Valenciennes, dans une zone de 23 ha, en partie Nord de la ville.<\/a><\/div>\n<\/div>   <\/div>\n\n<\/li>\n<li id=\"eg-1-post-id-1330_9480\" data-skin=\"projets\" class=\"filterall filter-eco-construction eg-projets-wrapper eg-post-id-1330\" data-date=\"1701253482\">\n    <div class=\"esg-media-cover-wrapper\">\n<div class=\"esg-entry-media\"><img loading=\"lazy\" decoding=\"async\" class=\"esg-entry-media-img\"  src=\"https:\/\/www.ar-architectes.com\/wp-content\/uploads\/2023\/11\/2-9-scaled.jpg\" data-no-lazy=\"1\" alt=\"\" width=\"2560\" height=\"1440\"><\/div>\n\n            <div class=\"esg-entry-cover\" data-clickable=\"on\">\n\n<a class=\"eg-invisiblebutton\" href=\"https:\/\/www.ar-architectes.com\/fr\/projet\/valenton-94\/\" target=\"_self\">Valenton (94)<\/a>                <div class=\"esg-overlay esg-transition eg-projets-container\" data-delay=\"0\" data-duration=\"default\" data-transition=\"esg-fade\"><\/div>\n\n           <\/div>\n<div class=\"esg-entry-content eg-projets-content\">\n\t\t\t\t<div class=\"esg-content eg-post-1330 eg-projets-element-1-a\"><a class=\"eg-projets-element-1 eg-post-1330\" href=\"https:\/\/www.ar-architectes.com\/fr\/projet\/valenton-94\/\" target=\"_self\">Valenton (94)<\/a><\/div>\n\t\t\t\t<div class=\"esg-content eg-post-1330 eg-projets-element-2-a\"><a class=\"eg-projets-element-2 eg-post-1330\" href=\"https:\/\/www.ar-architectes.com\/fr\/projet\/valenton-94\/\" target=\"_self\">Le nouveau centre technique se situe sur le site 1 \u00e0 proximit\u00e9 du chemin de la ferme de l\u2019h\u00f4pital, \u00e0 Valenton.<\/a><\/div>\n<\/div>   <\/div>\n\n<\/li>\n<li id=\"eg-1-post-id-1342_6957\" data-skin=\"projets\" class=\"filterall filter-eco-construction eg-projets-wrapper eg-post-id-1342\" data-date=\"1701254270\">\n    <div class=\"esg-media-cover-wrapper\">\n<div class=\"esg-entry-media\"><img loading=\"lazy\" decoding=\"async\" class=\"esg-entry-media-img\"  src=\"https:\/\/www.ar-architectes.com\/wp-content\/uploads\/2023\/11\/3-7-scaled.jpg\" data-no-lazy=\"1\" alt=\"\" width=\"2560\" height=\"1234\"><\/div>\n\n            <div class=\"esg-entry-cover\" data-clickable=\"on\">\n\n<a class=\"eg-invisiblebutton\" href=\"https:\/\/www.ar-architectes.com\/fr\/projet\/villiers-saint-frederic-78\/\" target=\"_self\">Villiers Saint Fr\u00e9d\u00e9ric (78)<\/a>                <div class=\"esg-overlay esg-transition eg-projets-container\" data-delay=\"0\" data-duration=\"default\" data-transition=\"esg-fade\"><\/div>\n\n           <\/div>\n<div class=\"esg-entry-content eg-projets-content\">\n\t\t\t\t<div class=\"esg-content eg-post-1342 eg-projets-element-1-a\"><a class=\"eg-projets-element-1 eg-post-1342\" href=\"https:\/\/www.ar-architectes.com\/fr\/projet\/villiers-saint-frederic-78\/\" target=\"_self\">Villiers Saint Fr\u00e9d\u00e9ric (78)<\/a><\/div>\n\t\t\t\t<div class=\"esg-content eg-post-1342 eg-projets-element-2-a\"><a class=\"eg-projets-element-2 eg-post-1342\" href=\"https:\/\/www.ar-architectes.com\/fr\/projet\/villiers-saint-frederic-78\/\" target=\"_self\">L\u2019ensemble des am\u00e9nagements se sont cr\u00e9\u00e9s en totale coordination avec la zone de rejet v\u00e9g\u00e9talis\u00e9e au Sud-Ouest de la station, tissant un lien entre qui franchit la Mauldre<\/a><\/div>\n<\/div>   <\/div>\n\n<\/li>\n<li id=\"eg-1-post-id-1358_9172\" data-skin=\"projets\" class=\"filterall filter-eco-construction eg-projets-wrapper eg-post-id-1358\" data-date=\"1701255951\">\n    <div class=\"esg-media-cover-wrapper\">\n<div class=\"esg-entry-media\"><img loading=\"lazy\" decoding=\"async\" class=\"esg-entry-media-img\"  src=\"https:\/\/www.ar-architectes.com\/wp-content\/uploads\/2023\/11\/6-8-scaled.jpg\" data-no-lazy=\"1\" alt=\"\" width=\"2560\" height=\"1920\"><\/div>\n\n            <div class=\"esg-entry-cover\" data-clickable=\"on\">\n\n<a class=\"eg-invisiblebutton\" href=\"https:\/\/www.ar-architectes.com\/fr\/projet\/vitry-sur-seine-94\/\" target=\"_self\">Vitry-sur-Seine (94)<\/a>                <div class=\"esg-overlay esg-transition eg-projets-container\" data-delay=\"0\" data-duration=\"default\" data-transition=\"esg-fade\"><\/div>\n\n\t\t\t\t<div class=\"esg-top eg-post-1358 eg-projets-element-3\">Projet bas carbone<\/div>\n           <\/div>\n<div class=\"esg-entry-content eg-projets-content\">\n\t\t\t\t<div class=\"esg-content eg-post-1358 eg-projets-element-1-a\"><a class=\"eg-projets-element-1 eg-post-1358\" href=\"https:\/\/www.ar-architectes.com\/fr\/projet\/vitry-sur-seine-94\/\" target=\"_self\">Vitry-sur-Seine (94)<\/a><\/div>\n\t\t\t\t<div class=\"esg-content eg-post-1358 eg-projets-element-2-a\"><a class=\"eg-projets-element-2 eg-post-1358\" href=\"https:\/\/www.ar-architectes.com\/fr\/projet\/vitry-sur-seine-94\/\" target=\"_self\">La station de pompage est incluse dans un contexte urbain marqu\u00e9 avec \u00e0 l\u2019Est les voies ferr\u00e9es, au Nord, la futur SMI, au Sud l\u2019A86 qui surplombe le terrain et \u00e0 l\u2019Ouest, une zone industrielle.<\/a><\/div>\n<\/div>   <\/div>\n\n<\/li>\n<li id=\"eg-1-post-id-1379_9934\" data-skin=\"projets\" class=\"filterall filter-eco-urbanisme-et-paysage eg-projets-wrapper eg-post-id-1379\" data-date=\"1701257131\">\n    <div class=\"esg-media-cover-wrapper\">\n<div class=\"esg-entry-media\"><img loading=\"lazy\" decoding=\"async\" class=\"esg-entry-media-img\"  src=\"https:\/\/www.ar-architectes.com\/wp-content\/uploads\/2023\/11\/1-12.jpg\" data-no-lazy=\"1\" alt=\"\" width=\"2048\" height=\"1536\"><\/div>\n\n            <div class=\"esg-entry-cover\" data-clickable=\"on\">\n\n<a class=\"eg-invisiblebutton\" href=\"https:\/\/www.ar-architectes.com\/fr\/projet\/marines-95\/\" target=\"_self\">Marines (95)<\/a>                <div class=\"esg-overlay esg-transition eg-projets-container\" data-delay=\"0\" data-duration=\"default\" data-transition=\"esg-fade\"><\/div>\n\n\t\t\t\t<div class=\"esg-top eg-post-1379 eg-projets-element-3\">Projet biodiversit\u00e9<\/div>\n           <\/div>\n<div class=\"esg-entry-content eg-projets-content\">\n\t\t\t\t<div class=\"esg-content eg-post-1379 eg-projets-element-1-a\"><a class=\"eg-projets-element-1 eg-post-1379\" href=\"https:\/\/www.ar-architectes.com\/fr\/projet\/marines-95\/\" target=\"_self\">Marines (95)<\/a><\/div>\n\t\t\t\t<div class=\"esg-content eg-post-1379 eg-projets-element-2-a\"><a class=\"eg-projets-element-2 eg-post-1379\" href=\"https:\/\/www.ar-architectes.com\/fr\/projet\/marines-95\/\" target=\"_self\">La station d\u2019\u00e9puration de Marines est localis\u00e9e entre la zone d\u2019activit\u00e9 de l\u2019Isle et la d\u00e9viation de Marines joignant la route d\u00e9partementale 915.<\/a><\/div>\n<\/div>   <\/div>\n\n<\/li>\n<li id=\"eg-1-post-id-1405_2476\" data-skin=\"projets\" class=\"filterall filter-eco-urbanisme-et-paysage eg-projets-wrapper eg-post-id-1405\" data-date=\"1701705132\">\n    <div class=\"esg-media-cover-wrapper\">\n<div class=\"esg-entry-media\"><img loading=\"lazy\" decoding=\"async\" class=\"esg-entry-media-img\"  src=\"https:\/\/www.ar-architectes.com\/wp-content\/uploads\/2023\/12\/7-scaled.jpg\" data-no-lazy=\"1\" alt=\"\" width=\"2560\" height=\"1810\"><\/div>\n\n            <div class=\"esg-entry-cover\" data-clickable=\"on\">\n\n<a class=\"eg-invisiblebutton\" href=\"https:\/\/www.ar-architectes.com\/fr\/projet\/rozay-en-brie-77\/\" target=\"_self\">Rozay-en-Brie (77)<\/a>                <div class=\"esg-overlay esg-transition eg-projets-container\" data-delay=\"0\" data-duration=\"default\" data-transition=\"esg-fade\"><\/div>\n\n           <\/div>\n<div class=\"esg-entry-content eg-projets-content\">\n\t\t\t\t<div class=\"esg-content eg-post-1405 eg-projets-element-1-a\"><a class=\"eg-projets-element-1 eg-post-1405\" href=\"https:\/\/www.ar-architectes.com\/fr\/projet\/rozay-en-brie-77\/\" target=\"_self\">Rozay-en-Brie (77)<\/a><\/div>\n\t\t\t\t<div class=\"esg-content eg-post-1405 eg-projets-element-2-a\"><a class=\"eg-projets-element-2 eg-post-1405\" href=\"https:\/\/www.ar-architectes.com\/fr\/projet\/rozay-en-brie-77\/\" target=\"_self\">L\u2019objectif est l\u2019am\u00e9nagement d\u2019un \u00e9co-jardin p\u00e9dagogique autour de la nouvelle Maison d\u2019Accueil Rurale pour Personnes Ag\u00e9es.<\/a><\/div>\n<\/div>   <\/div>\n\n<\/li>\n<li id=\"eg-1-post-id-1422_7933\" data-skin=\"projets\" class=\"filterall filter-eco-urbanisme-et-paysage eg-projets-wrapper eg-post-id-1422\" data-date=\"1701706119\">\n    <div class=\"esg-media-cover-wrapper\">\n<div class=\"esg-entry-media\"><img loading=\"lazy\" decoding=\"async\" class=\"esg-entry-media-img\"  src=\"https:\/\/www.ar-architectes.com\/wp-content\/uploads\/2023\/12\/4-1.jpg\" data-no-lazy=\"1\" alt=\"\" width=\"2335\" height=\"1651\"><\/div>\n\n            <div class=\"esg-entry-cover\" data-clickable=\"on\">\n\n<a class=\"eg-invisiblebutton\" href=\"https:\/\/www.ar-architectes.com\/fr\/projet\/montceau-les-mines-71\/\" target=\"_self\">Montceau les Mines (71)<\/a>                <div class=\"esg-overlay esg-transition eg-projets-container\" data-delay=\"0\" data-duration=\"default\" data-transition=\"esg-fade\"><\/div>\n\n           <\/div>\n<div class=\"esg-entry-content eg-projets-content\">\n\t\t\t\t<div class=\"esg-content eg-post-1422 eg-projets-element-1-a\"><a class=\"eg-projets-element-1 eg-post-1422\" href=\"https:\/\/www.ar-architectes.com\/fr\/projet\/montceau-les-mines-71\/\" target=\"_self\">Montceau les Mines (71)<\/a><\/div>\n\t\t\t\t<div class=\"esg-content eg-post-1422 eg-projets-element-2-a\"><a class=\"eg-projets-element-2 eg-post-1422\" href=\"https:\/\/www.ar-architectes.com\/fr\/projet\/montceau-les-mines-71\/\" target=\"_self\">Le site est constitu\u00e9 d\u2019une multitude de limites physiques et visuelles dans le sens longitudinal du quartier des \u00e9quipages.<\/a><\/div>\n<\/div>   <\/div>\n\n<\/li>\n<li id=\"eg-1-post-id-1434_6500\" data-skin=\"projets\" class=\"filterall filter-eco-urbanisme-et-paysage eg-projets-wrapper eg-post-id-1434\" data-date=\"1701715847\">\n    <div class=\"esg-media-cover-wrapper\">\n<div class=\"esg-entry-media\"><img loading=\"lazy\" decoding=\"async\" class=\"esg-entry-media-img\"  src=\"https:\/\/www.ar-architectes.com\/wp-content\/uploads\/2023\/12\/1-2-scaled.jpg\" data-no-lazy=\"1\" alt=\"\" width=\"2560\" height=\"1963\"><\/div>\n\n            <div class=\"esg-entry-cover\" data-clickable=\"on\">\n\n<a class=\"eg-invisiblebutton\" href=\"https:\/\/www.ar-architectes.com\/fr\/projet\/vittel-88\/\" target=\"_self\">Vittel (88)<\/a>                <div class=\"esg-overlay esg-transition eg-projets-container\" data-delay=\"0\" data-duration=\"default\" data-transition=\"esg-fade\"><\/div>\n\n           <\/div>\n<div class=\"esg-entry-content eg-projets-content\">\n\t\t\t\t<div class=\"esg-content eg-post-1434 eg-projets-element-1-a\"><a class=\"eg-projets-element-1 eg-post-1434\" href=\"https:\/\/www.ar-architectes.com\/fr\/projet\/vittel-88\/\" target=\"_self\">Vittel (88)<\/a><\/div>\n\t\t\t\t<div class=\"esg-content eg-post-1434 eg-projets-element-2-a\"><a class=\"eg-projets-element-2 eg-post-1434\" href=\"https:\/\/www.ar-architectes.com\/fr\/projet\/vittel-88\/\" target=\"_self\">L\u2019aire des gens du voyage a \u00e9t\u00e9 con\u00e7ue dans un souci d\u2019assurer une prise en charge totale des effluents issus de l\u2019activit\u00e9 des r\u00e9sidents.<\/a><\/div>\n<\/div>   <\/div>\n\n<\/li>\n<li id=\"eg-1-post-id-1443_3768\" data-skin=\"projets\" class=\"filterall filter-eco-urbanisme-et-paysage eg-projets-wrapper eg-post-id-1443\" data-date=\"1701716349\">\n    <div class=\"esg-media-cover-wrapper\">\n<div class=\"esg-entry-media\"><img loading=\"lazy\" decoding=\"async\" class=\"esg-entry-media-img\"  src=\"https:\/\/www.ar-architectes.com\/wp-content\/uploads\/2023\/12\/1-4-scaled.jpg\" data-no-lazy=\"1\" alt=\"\" width=\"2560\" height=\"1920\"><\/div>\n\n            <div class=\"esg-entry-cover\" data-clickable=\"on\">\n\n<a class=\"eg-invisiblebutton\" href=\"https:\/\/www.ar-architectes.com\/fr\/projet\/lile-a-nanterre-92\/\" target=\"_self\">l\u2019\u00cele \u00e0 Nanterre (92)<\/a>                <div class=\"esg-overlay esg-transition eg-projets-container\" data-delay=\"0\" data-duration=\"default\" data-transition=\"esg-fade\"><\/div>\n\n\t\t\t\t<div class=\"esg-top eg-post-1443 eg-projets-element-3\">Projet biodiversit\u00e9<\/div>\n           <\/div>\n<div class=\"esg-entry-content eg-projets-content\">\n\t\t\t\t<div class=\"esg-content eg-post-1443 eg-projets-element-1-a\"><a class=\"eg-projets-element-1 eg-post-1443\" href=\"https:\/\/www.ar-architectes.com\/fr\/projet\/lile-a-nanterre-92\/\" target=\"_self\">l\u2019\u00cele \u00e0 Nanterre (92)<\/a><\/div>\n\t\t\t\t<div class=\"esg-content eg-post-1443 eg-projets-element-2-a\"><a class=\"eg-projets-element-2 eg-post-1443\" href=\"https:\/\/www.ar-architectes.com\/fr\/projet\/lile-a-nanterre-92\/\" target=\"_self\">Le projet du Parc des Bords de Seine a \u00e9t\u00e9 con\u00e7u comme une \u00ab machine naturelle \u00bb pour purifier la ville.<\/a><\/div>\n<\/div>   <\/div>\n\n<\/li>\n<li id=\"eg-1-post-id-1465_6154\" data-skin=\"projets\" class=\"filterall filter-mise-en-accessibilite eg-projets-wrapper eg-post-id-1465\" data-date=\"1701791319\">\n    <div class=\"esg-media-cover-wrapper\">\n<div class=\"esg-entry-media\"><img loading=\"lazy\" decoding=\"async\" class=\"esg-entry-media-img\"  src=\"https:\/\/www.ar-architectes.com\/wp-content\/uploads\/2023\/12\/2-4.jpg\" data-no-lazy=\"1\" alt=\"\" width=\"1277\" height=\"718\"><\/div>\n\n            <div class=\"esg-entry-cover\" data-clickable=\"on\">\n\n<a class=\"eg-invisiblebutton\" href=\"https:\/\/www.ar-architectes.com\/fr\/projet\/versailles-78\/\" target=\"_self\">Versailles (78)<\/a>                <div class=\"esg-overlay esg-transition eg-projets-container\" data-delay=\"0\" data-duration=\"default\" data-transition=\"esg-fade\"><\/div>\n\n\t\t\t\t<div class=\"esg-top eg-post-1465 eg-projets-element-3\">Projet accessibilit\u00e9<\/div>\n           <\/div>\n<div class=\"esg-entry-content eg-projets-content\">\n\t\t\t\t<div class=\"esg-content eg-post-1465 eg-projets-element-1-a\"><a class=\"eg-projets-element-1 eg-post-1465\" href=\"https:\/\/www.ar-architectes.com\/fr\/projet\/versailles-78\/\" target=\"_self\">Versailles (78)<\/a><\/div>\n\t\t\t\t<div class=\"esg-content eg-post-1465 eg-projets-element-2-a\"><a class=\"eg-projets-element-2 eg-post-1465\" href=\"https:\/\/www.ar-architectes.com\/fr\/projet\/versailles-78\/\" target=\"_self\">La mission consiste \u00e0 assurer la mise en accessibilit\u00e9 tout handicap du Tribunal Judiciaire \u00e0 travers : une signalisation adapt\u00e9e, les cheminements.<\/a><\/div>\n<\/div>   <\/div>\n\n<\/li>\n<li id=\"eg-1-post-id-1477_5601\" data-skin=\"projets\" class=\"filterall filter-mise-en-accessibilite eg-projets-wrapper eg-post-id-1477\" data-date=\"1701791513\">\n    <div class=\"esg-media-cover-wrapper\">\n<div class=\"esg-entry-media\"><img loading=\"lazy\" decoding=\"async\" class=\"esg-entry-media-img\"  src=\"https:\/\/www.ar-architectes.com\/wp-content\/uploads\/2023\/12\/6-2.jpg\" data-no-lazy=\"1\" alt=\"\" width=\"2048\" height=\"1152\"><\/div>\n\n            <div class=\"esg-entry-cover\" data-clickable=\"on\">\n\n<a class=\"eg-invisiblebutton\" href=\"https:\/\/www.ar-architectes.com\/fr\/projet\/36-lycees-franciliens\/\" target=\"_self\">36 Lyc\u00e9es Franciliens<\/a>                <div class=\"esg-overlay esg-transition eg-projets-container\" data-delay=\"0\" data-duration=\"default\" data-transition=\"esg-fade\"><\/div>\n\n\t\t\t\t<div class=\"esg-top eg-post-1477 eg-projets-element-3\">Projet accessibilit\u00e9<\/div>\n           <\/div>\n<div class=\"esg-entry-content eg-projets-content\">\n\t\t\t\t<div class=\"esg-content eg-post-1477 eg-projets-element-1-a\"><a class=\"eg-projets-element-1 eg-post-1477\" href=\"https:\/\/www.ar-architectes.com\/fr\/projet\/36-lycees-franciliens\/\" target=\"_self\">36 Lyc\u00e9es Franciliens<\/a><\/div>\n\t\t\t\t<div class=\"esg-content eg-post-1477 eg-projets-element-2-a\"><a class=\"eg-projets-element-2 eg-post-1477\" href=\"https:\/\/www.ar-architectes.com\/fr\/projet\/36-lycees-franciliens\/\" target=\"_self\">Les 36 lyc\u00e9es franciliens concern\u00e9s par cet accord-cadre sont des ERP d\u2019environ 10 000 m\u00b2 chacun.<\/a><\/div>\n<\/div>   <\/div>\n\n<\/li>\n<li id=\"eg-1-post-id-1497_413\" data-skin=\"projets\" class=\"filterall filter-mise-en-accessibilite eg-projets-wrapper eg-post-id-1497\" data-date=\"1701792428\">\n    <div class=\"esg-media-cover-wrapper\">\n<div class=\"esg-entry-media\"><img loading=\"lazy\" decoding=\"async\" class=\"esg-entry-media-img\"  src=\"https:\/\/www.ar-architectes.com\/wp-content\/uploads\/2023\/12\/2-6.jpg\" data-no-lazy=\"1\" alt=\"\" width=\"1000\" height=\"750\"><\/div>\n\n            <div class=\"esg-entry-cover\" data-clickable=\"on\">\n\n<a class=\"eg-invisiblebutton\" href=\"https:\/\/www.ar-architectes.com\/fr\/projet\/lycee-isaac-newton-a-clichy-92\/\" target=\"_self\">Lyc\u00e9e Isaac Newton \u00e0 Clichy (92)<\/a>                <div class=\"esg-overlay esg-transition eg-projets-container\" data-delay=\"0\" data-duration=\"default\" data-transition=\"esg-fade\"><\/div>\n\n\t\t\t\t<div class=\"esg-top eg-post-1497 eg-projets-element-3\">Projet accessibilit\u00e9<\/div>\n           <\/div>\n<div class=\"esg-entry-content eg-projets-content\">\n\t\t\t\t<div class=\"esg-content eg-post-1497 eg-projets-element-1-a\"><a class=\"eg-projets-element-1 eg-post-1497\" href=\"https:\/\/www.ar-architectes.com\/fr\/projet\/lycee-isaac-newton-a-clichy-92\/\" target=\"_self\">Lyc\u00e9e Isaac Newton \u00e0 Clichy (92)<\/a><\/div>\n\t\t\t\t<div class=\"esg-content eg-post-1497 eg-projets-element-2-a\"><a class=\"eg-projets-element-2 eg-post-1497\" href=\"https:\/\/www.ar-architectes.com\/fr\/projet\/lycee-isaac-newton-a-clichy-92\/\" target=\"_self\">Le lyc\u00e9e Isaac Newton doit satisfaire aux nouvelles exigences r\u00e9glementaires, ainsi trois missions de r\u00e9habilitation et remise aux normes sont n\u00e9cessaires.<\/a><\/div>\n<\/div>   <\/div>\n\n<\/li>\n<li id=\"eg-1-post-id-1512_1944\" data-skin=\"projets\" class=\"filterall filter-mise-en-accessibilite eg-projets-wrapper eg-post-id-1512\" data-date=\"1701794530\">\n    <div class=\"esg-media-cover-wrapper\">\n<div class=\"esg-entry-media\"><img loading=\"lazy\" decoding=\"async\" class=\"esg-entry-media-img\"  src=\"https:\/\/www.ar-architectes.com\/wp-content\/uploads\/2023\/12\/2-7-scaled.jpg\" data-no-lazy=\"1\" alt=\"\" width=\"2560\" height=\"1920\"><\/div>\n\n            <div class=\"esg-entry-cover\" data-clickable=\"on\">\n\n<a class=\"eg-invisiblebutton\" href=\"https:\/\/www.ar-architectes.com\/fr\/projet\/12-lycees-franciliens-ca\/\" target=\"_self\">12 Lyc\u00e9es Franciliens CA<\/a>                <div class=\"esg-overlay esg-transition eg-projets-container\" data-delay=\"0\" data-duration=\"default\" data-transition=\"esg-fade\"><\/div>\n\n\t\t\t\t<div class=\"esg-top eg-post-1512 eg-projets-element-3\">Projet accessibilit\u00e9<\/div>\n           <\/div>\n<div class=\"esg-entry-content eg-projets-content\">\n\t\t\t\t<div class=\"esg-content eg-post-1512 eg-projets-element-1-a\"><a class=\"eg-projets-element-1 eg-post-1512\" href=\"https:\/\/www.ar-architectes.com\/fr\/projet\/12-lycees-franciliens-ca\/\" target=\"_self\">12 Lyc\u00e9es Franciliens CA<\/a><\/div>\n\t\t\t\t<div class=\"esg-content eg-post-1512 eg-projets-element-2-a\"><a class=\"eg-projets-element-2 eg-post-1512\" href=\"https:\/\/www.ar-architectes.com\/fr\/projet\/12-lycees-franciliens-ca\/\" target=\"_self\">Les 12 lyc\u00e9es franciliens du secteur Nord-Est, sont des ERP d\u2019environ 10 000 m\u00b2 chacun.<\/a><\/div>\n<\/div>   <\/div>\n\n<\/li>\n<li id=\"eg-1-post-id-1524_6474\" data-skin=\"projets\" class=\"filterall filter-mise-en-accessibilite eg-projets-wrapper eg-post-id-1524\" data-date=\"1701795659\">\n    <div class=\"esg-media-cover-wrapper\">\n<div class=\"esg-entry-media\"><img loading=\"lazy\" decoding=\"async\" class=\"esg-entry-media-img\"  src=\"https:\/\/www.ar-architectes.com\/wp-content\/uploads\/2023\/12\/5-6-scaled.jpg\" data-no-lazy=\"1\" alt=\"\" width=\"2560\" height=\"1920\"><\/div>\n\n            <div class=\"esg-entry-cover\" data-clickable=\"on\">\n\n<a class=\"eg-invisiblebutton\" href=\"https:\/\/www.ar-architectes.com\/fr\/projet\/14-etablissements-franciliens\/\" target=\"_self\">14 \u00c9tablissements Franciliens<\/a>                <div class=\"esg-overlay esg-transition eg-projets-container\" data-delay=\"0\" data-duration=\"default\" data-transition=\"esg-fade\"><\/div>\n\n           <\/div>\n<div class=\"esg-entry-content eg-projets-content\">\n\t\t\t\t<div class=\"esg-content eg-post-1524 eg-projets-element-1-a\"><a class=\"eg-projets-element-1 eg-post-1524\" href=\"https:\/\/www.ar-architectes.com\/fr\/projet\/14-etablissements-franciliens\/\" target=\"_self\">14 \u00c9tablissements Franciliens<\/a><\/div>\n\t\t\t\t<div class=\"esg-content eg-post-1524 eg-projets-element-2-a\"><a class=\"eg-projets-element-2 eg-post-1524\" href=\"https:\/\/www.ar-architectes.com\/fr\/projet\/14-etablissements-franciliens\/\" target=\"_self\">Les 14 \u00e9tablissements franciliens de Paris et du secteur Sud-Ouest, sont des ERP d\u2019environ 10 000 m\u00b2 chacun, r\u00e9parties sur diff\u00e9rents niveaux variant selon les \u00e9tablissements.<\/a><\/div>\n<\/div>   <\/div>\n\n<\/li>\n<li id=\"eg-1-post-id-1542_108\" data-skin=\"projets\" class=\"filterall filter-mise-en-accessibilite eg-projets-wrapper eg-post-id-1542\" data-date=\"1701796341\">\n    <div class=\"esg-media-cover-wrapper\">\n<div class=\"esg-entry-media\"><img loading=\"lazy\" decoding=\"async\" class=\"esg-entry-media-img\"  src=\"https:\/\/www.ar-architectes.com\/wp-content\/uploads\/2023\/12\/5-7.jpg\" data-no-lazy=\"1\" alt=\"\" width=\"1920\" height=\"1080\"><\/div>\n\n            <div class=\"esg-entry-cover\" data-clickable=\"on\">\n\n<a class=\"eg-invisiblebutton\" href=\"https:\/\/www.ar-architectes.com\/fr\/projet\/7-lycees-franciliens\/\" target=\"_self\">7 Lyc\u00e9es Franciliens<\/a>                <div class=\"esg-overlay esg-transition eg-projets-container\" data-delay=\"0\" data-duration=\"default\" data-transition=\"esg-fade\"><\/div>\n\n           <\/div>\n<div class=\"esg-entry-content eg-projets-content\">\n\t\t\t\t<div class=\"esg-content eg-post-1542 eg-projets-element-1-a\"><a class=\"eg-projets-element-1 eg-post-1542\" href=\"https:\/\/www.ar-architectes.com\/fr\/projet\/7-lycees-franciliens\/\" target=\"_self\">7 Lyc\u00e9es Franciliens<\/a><\/div>\n\t\t\t\t<div class=\"esg-content eg-post-1542 eg-projets-element-2-a\"><a class=\"eg-projets-element-2 eg-post-1542\" href=\"https:\/\/www.ar-architectes.com\/fr\/projet\/7-lycees-franciliens\/\" target=\"_self\">Les 7 lyc\u00e9es franciliens du secteur Nord-Est, sont des ERP d\u2019environ 20 000 m\u00b2 chacun.<\/a><\/div>\n<\/div>   <\/div>\n\n<\/li>\n<li id=\"eg-1-post-id-1554_3086\" data-skin=\"projets\" class=\"filterall filter-mise-en-accessibilite eg-projets-wrapper eg-post-id-1554\" data-date=\"1701796905\">\n    <div class=\"esg-media-cover-wrapper\">\n<div class=\"esg-entry-media\"><img loading=\"lazy\" decoding=\"async\" class=\"esg-entry-media-img\"  src=\"https:\/\/www.ar-architectes.com\/wp-content\/uploads\/2023\/12\/1-9-scaled.jpg\" data-no-lazy=\"1\" alt=\"\" width=\"2560\" height=\"1707\"><\/div>\n\n            <div class=\"esg-entry-cover\" data-clickable=\"on\">\n\n<a class=\"eg-invisiblebutton\" href=\"https:\/\/www.ar-architectes.com\/fr\/projet\/mabillon-a-paris-75006\/\" target=\"_self\">Mabillon CROUS \u00e0 Paris (75006)<\/a>                <div class=\"esg-overlay esg-transition eg-projets-container\" data-delay=\"0\" data-duration=\"default\" data-transition=\"esg-fade\"><\/div>\n\n           <\/div>\n<div class=\"esg-entry-content eg-projets-content\">\n\t\t\t\t<div class=\"esg-content eg-post-1554 eg-projets-element-1-a\"><a class=\"eg-projets-element-1 eg-post-1554\" href=\"https:\/\/www.ar-architectes.com\/fr\/projet\/mabillon-a-paris-75006\/\" target=\"_self\">Mabillon CROUS \u00e0 Paris (75006)<\/a><\/div>\n\t\t\t\t<div class=\"esg-content eg-post-1554 eg-projets-element-2-a\"><a class=\"eg-projets-element-2 eg-post-1554\" href=\"https:\/\/www.ar-architectes.com\/fr\/projet\/mabillon-a-paris-75006\/\" target=\"_self\">Mise en Conformit\u00e9, Accessibilit\u00e9 et S\u00e9curit\u00e9 du 4\u00e8me \u00e9tage du CROUS Mabillon.<\/a><\/div>\n<\/div>   <\/div>\n\n<\/li>\n<li id=\"eg-1-post-id-1565_7032\" data-skin=\"projets\" class=\"filterall filter-mise-en-accessibilite eg-projets-wrapper eg-post-id-1565\" data-date=\"1701797511\">\n    <div class=\"esg-media-cover-wrapper\">\n<div class=\"esg-entry-media\"><img loading=\"lazy\" decoding=\"async\" class=\"esg-entry-media-img\"  src=\"https:\/\/www.ar-architectes.com\/wp-content\/uploads\/2023\/12\/1-10.jpg\" data-no-lazy=\"1\" alt=\"\" width=\"1291\" height=\"861\"><\/div>\n\n            <div class=\"esg-entry-cover\" data-clickable=\"on\">\n\n<a class=\"eg-invisiblebutton\" href=\"https:\/\/www.ar-architectes.com\/fr\/projet\/gymnase-de-sevres-92\/\" target=\"_self\">Gymnase de S\u00e8vres (92)<\/a>                <div class=\"esg-overlay esg-transition eg-projets-container\" data-delay=\"0\" data-duration=\"default\" data-transition=\"esg-fade\"><\/div>\n\n           <\/div>\n<div class=\"esg-entry-content eg-projets-content\">\n\t\t\t\t<div class=\"esg-content eg-post-1565 eg-projets-element-1-a\"><a class=\"eg-projets-element-1 eg-post-1565\" href=\"https:\/\/www.ar-architectes.com\/fr\/projet\/gymnase-de-sevres-92\/\" target=\"_self\">Gymnase de S\u00e8vres (92)<\/a><\/div>\n\t\t\t\t<div class=\"esg-content eg-post-1565 eg-projets-element-2-a\"><a class=\"eg-projets-element-2 eg-post-1565\" href=\"https:\/\/www.ar-architectes.com\/fr\/projet\/gymnase-de-sevres-92\/\" target=\"_self\">Le gymnase des Cent gardes est un ERP construit en 1989 de type X, de seconde cat\u00e9gorie, de 4 700m\u00b2 de surface r\u00e9partie sur 3 niveaux, dont 2 sont enterr\u00e9s.<\/a><\/div>\n<\/div>   <\/div>\n\n<\/li>\n<li id=\"eg-1-post-id-1577_780\" data-skin=\"projets\" class=\"filterall filter-mise-en-accessibilite eg-projets-wrapper eg-post-id-1577\" data-date=\"1701799306\">\n    <div class=\"esg-media-cover-wrapper\">\n<div class=\"esg-entry-media\"><img loading=\"lazy\" decoding=\"async\" class=\"esg-entry-media-img\"  src=\"https:\/\/www.ar-architectes.com\/wp-content\/uploads\/2023\/12\/1-11.jpg\" data-no-lazy=\"1\" alt=\"\" width=\"1040\" height=\"790\"><\/div>\n\n            <div class=\"esg-entry-cover\" data-clickable=\"on\">\n\n<a class=\"eg-invisiblebutton\" href=\"https:\/\/www.ar-architectes.com\/fr\/projet\/5-lycees-franciliens\/\" target=\"_self\">5 Lyc\u00e9es Franciliens Ouest<\/a>                <div class=\"esg-overlay esg-transition eg-projets-container\" data-delay=\"0\" data-duration=\"default\" data-transition=\"esg-fade\"><\/div>\n\n           <\/div>\n<div class=\"esg-entry-content eg-projets-content\">\n\t\t\t\t<div class=\"esg-content eg-post-1577 eg-projets-element-1-a\"><a class=\"eg-projets-element-1 eg-post-1577\" href=\"https:\/\/www.ar-architectes.com\/fr\/projet\/5-lycees-franciliens\/\" target=\"_self\">5 Lyc\u00e9es Franciliens Ouest<\/a><\/div>\n\t\t\t\t<div class=\"esg-content eg-post-1577 eg-projets-element-2-a\"><a class=\"eg-projets-element-2 eg-post-1577\" href=\"https:\/\/www.ar-architectes.com\/fr\/projet\/5-lycees-franciliens\/\" target=\"_self\">Les 5 lyc\u00e9es franciliens du secteur Ouest sont des ERP r\u00e9parties sur plusieurs niveaux variant selon les \u00e9tablissements.<\/a><\/div>\n<\/div>   <\/div>\n\n<\/li>\n<li id=\"eg-1-post-id-1597_4083\" data-skin=\"projets\" class=\"filterall filter-mise-en-accessibilite eg-projets-wrapper eg-post-id-1597\" data-date=\"1701800973\">\n    <div class=\"esg-media-cover-wrapper\">\n<div class=\"esg-entry-media\"><img loading=\"lazy\" decoding=\"async\" class=\"esg-entry-media-img\"  src=\"https:\/\/www.ar-architectes.com\/wp-content\/uploads\/2023\/12\/1-12.jpg\" data-no-lazy=\"1\" alt=\"\" width=\"1031\" height=\"791\"><\/div>\n\n            <div class=\"esg-entry-cover\" data-clickable=\"on\">\n\n<a class=\"eg-invisiblebutton\" href=\"https:\/\/www.ar-architectes.com\/fr\/projet\/5-lycees-franciliens-est\/\" target=\"_self\">5 Lyc\u00e9es Franciliens Est<\/a>                <div class=\"esg-overlay esg-transition eg-projets-container\" data-delay=\"0\" data-duration=\"default\" data-transition=\"esg-fade\"><\/div>\n\n           <\/div>\n<div class=\"esg-entry-content eg-projets-content\">\n\t\t\t\t<div class=\"esg-content eg-post-1597 eg-projets-element-1-a\"><a class=\"eg-projets-element-1 eg-post-1597\" href=\"https:\/\/www.ar-architectes.com\/fr\/projet\/5-lycees-franciliens-est\/\" target=\"_self\">5 Lyc\u00e9es Franciliens Est<\/a><\/div>\n\t\t\t\t<div class=\"esg-content eg-post-1597 eg-projets-element-2-a\"><a class=\"eg-projets-element-2 eg-post-1597\" href=\"https:\/\/www.ar-architectes.com\/fr\/projet\/5-lycees-franciliens-est\/\" target=\"_self\">Les 5 lyc\u00e9es franciliens du secteur Est sont des ERP r\u00e9partis sur plusieurs niveaux variant selon les \u00e9tablissements.<\/a><\/div>\n<\/div>   <\/div>\n\n<\/li>\n<li id=\"eg-1-post-id-1614_5316\" data-skin=\"projets\" class=\"filterall filter-mise-en-accessibilite eg-projets-wrapper eg-post-id-1614\" data-date=\"1701801860\">\n    <div class=\"esg-media-cover-wrapper\">\n<div class=\"esg-entry-media\"><img loading=\"lazy\" decoding=\"async\" class=\"esg-entry-media-img\"  src=\"https:\/\/www.ar-architectes.com\/wp-content\/uploads\/2023\/12\/1-13.jpg\" data-no-lazy=\"1\" alt=\"\" width=\"612\" height=\"508\"><\/div>\n\n            <div class=\"esg-entry-cover\" data-clickable=\"on\">\n\n<a class=\"eg-invisiblebutton\" href=\"https:\/\/www.ar-architectes.com\/fr\/projet\/16-lycees-thionville-57\/\" target=\"_self\">16 Lyc\u00e9es Thionville (57)<\/a>                <div class=\"esg-overlay esg-transition eg-projets-container\" data-delay=\"0\" data-duration=\"default\" data-transition=\"esg-fade\"><\/div>\n\n           <\/div>\n<div class=\"esg-entry-content eg-projets-content\">\n\t\t\t\t<div class=\"esg-content eg-post-1614 eg-projets-element-1-a\"><a class=\"eg-projets-element-1 eg-post-1614\" href=\"https:\/\/www.ar-architectes.com\/fr\/projet\/16-lycees-thionville-57\/\" target=\"_self\">16 Lyc\u00e9es Thionville (57)<\/a><\/div>\n\t\t\t\t<div class=\"esg-content eg-post-1614 eg-projets-element-2-a\"><a class=\"eg-projets-element-2 eg-post-1614\" href=\"https:\/\/www.ar-architectes.com\/fr\/projet\/16-lycees-thionville-57\/\" target=\"_self\">Les 16 lyc\u00e9es de la R\u00e9gion GRAND EST sont des ERP d\u2019environ 20 000 m\u00b2 chacun, r\u00e9partis sur diff\u00e9rents niveaux variant selon les \u00e9tablissements.<\/a><\/div>\n<\/div>   <\/div>\n\n<\/li>\n<li id=\"eg-1-post-id-1640_6224\" data-skin=\"projets\" class=\"filterall filter-mise-en-accessibilite eg-projets-wrapper eg-post-id-1640\" data-date=\"1701813489\">\n    <div class=\"esg-media-cover-wrapper\">\n<div class=\"esg-entry-media\"><img loading=\"lazy\" decoding=\"async\" class=\"esg-entry-media-img\"  src=\"https:\/\/www.ar-architectes.com\/wp-content\/uploads\/2023\/12\/3-12.jpg\" data-no-lazy=\"1\" alt=\"\" width=\"1420\" height=\"789\"><\/div>\n\n            <div class=\"esg-entry-cover\" data-clickable=\"on\">\n\n<a class=\"eg-invisiblebutton\" href=\"https:\/\/www.ar-architectes.com\/fr\/projet\/10-lycees-franciliens-secteur-de-troyes-10\/\" target=\"_self\">10 Lyc\u00e9es Franciliens Secteur de Troyes (10)<\/a>                <div class=\"esg-overlay esg-transition eg-projets-container\" data-delay=\"0\" data-duration=\"default\" data-transition=\"esg-fade\"><\/div>\n\n           <\/div>\n<div class=\"esg-entry-content eg-projets-content\">\n\t\t\t\t<div class=\"esg-content eg-post-1640 eg-projets-element-1-a\"><a class=\"eg-projets-element-1 eg-post-1640\" href=\"https:\/\/www.ar-architectes.com\/fr\/projet\/10-lycees-franciliens-secteur-de-troyes-10\/\" target=\"_self\">10 Lyc\u00e9es Franciliens Secteur de Troyes (10)<\/a><\/div>\n\t\t\t\t<div class=\"esg-content eg-post-1640 eg-projets-element-2-a\"><a class=\"eg-projets-element-2 eg-post-1640\" href=\"https:\/\/www.ar-architectes.com\/fr\/projet\/10-lycees-franciliens-secteur-de-troyes-10\/\" target=\"_self\">Les 10 lyc\u00e9es franciliens de la r\u00e9gion Grand Est sont des ERP r\u00e9partis sur plusieurs niveaux variant selon les \u00e9tablissements.<\/a><\/div>\n<\/div>   <\/div>\n\n<\/li>\n<li id=\"eg-1-post-id-1652_3097\" data-skin=\"projets\" class=\"filterall filter-etude-et-faisabilite eg-projets-wrapper eg-post-id-1652\" data-date=\"1701814221\">\n    <div class=\"esg-media-cover-wrapper\">\n<div class=\"esg-entry-media\"><img loading=\"lazy\" decoding=\"async\" class=\"esg-entry-media-img\"  src=\"https:\/\/www.ar-architectes.com\/wp-content\/uploads\/2023\/12\/1-15.jpg\" data-no-lazy=\"1\" alt=\"\" width=\"1024\" height=\"768\"><\/div>\n\n            <div class=\"esg-entry-cover\" data-clickable=\"on\">\n\n<a class=\"eg-invisiblebutton\" href=\"https:\/\/www.ar-architectes.com\/fr\/projet\/hotels-eco-friendly-du-groupe-accor\/\" target=\"_self\">H\u00f4tels \u00c9co-Friendly du Groupe ACCOR<\/a>                <div class=\"esg-overlay esg-transition eg-projets-container\" data-delay=\"0\" data-duration=\"default\" data-transition=\"esg-fade\"><\/div>\n\n           <\/div>\n<div class=\"esg-entry-content eg-projets-content\">\n\t\t\t\t<div class=\"esg-content eg-post-1652 eg-projets-element-1-a\"><a class=\"eg-projets-element-1 eg-post-1652\" href=\"https:\/\/www.ar-architectes.com\/fr\/projet\/hotels-eco-friendly-du-groupe-accor\/\" target=\"_self\">H\u00f4tels \u00c9co-Friendly du Groupe ACCOR<\/a><\/div>\n\t\t\t\t<div class=\"esg-content eg-post-1652 eg-projets-element-2-a\"><a class=\"eg-projets-element-2 eg-post-1652\" href=\"https:\/\/www.ar-architectes.com\/fr\/projet\/hotels-eco-friendly-du-groupe-accor\/\" target=\"_self\">Le groupe ACCOR renforce sa prise de position sur le d\u00e9veloppement durable avec la cr\u00e9ation d\u2019une nouvelle marque d\u2019h\u00f4tels \u00e9co-friendly.<\/a><\/div>\n<\/div>   <\/div>\n\n<\/li>\n<li id=\"eg-1-post-id-1671_1350\" data-skin=\"projets\" class=\"filterall filter-etude-et-faisabilite eg-projets-wrapper eg-post-id-1671\" data-date=\"1701945630\">\n    <div class=\"esg-media-cover-wrapper\">\n<div class=\"esg-entry-media\"><img loading=\"lazy\" decoding=\"async\" class=\"esg-entry-media-img\"  src=\"https:\/\/www.ar-architectes.com\/wp-content\/uploads\/2023\/12\/5-14.jpg\" data-no-lazy=\"1\" alt=\"\" width=\"1620\" height=\"1345\"><\/div>\n\n            <div class=\"esg-entry-cover\" data-clickable=\"on\">\n\n<a class=\"eg-invisiblebutton\" href=\"https:\/\/www.ar-architectes.com\/fr\/projet\/bagneux-sur-loing-77\/\" target=\"_self\">Bagneux-sur-Loing (77)<\/a>                <div class=\"esg-overlay esg-transition eg-projets-container\" data-delay=\"0\" data-duration=\"default\" data-transition=\"esg-fade\"><\/div>\n\n           <\/div>\n<div class=\"esg-entry-content eg-projets-content\">\n\t\t\t\t<div class=\"esg-content eg-post-1671 eg-projets-element-1-a\"><a class=\"eg-projets-element-1 eg-post-1671\" href=\"https:\/\/www.ar-architectes.com\/fr\/projet\/bagneux-sur-loing-77\/\" target=\"_self\">Bagneux-sur-Loing (77)<\/a><\/div>\n\t\t\t\t<div class=\"esg-content eg-post-1671 eg-projets-element-2-a\"><a class=\"eg-projets-element-2 eg-post-1671\" href=\"https:\/\/www.ar-architectes.com\/fr\/projet\/bagneux-sur-loing-77\/\" target=\"_self\">Notre mission a \u00e9t\u00e9, suivant les objectifs du ma\u00eetre d\u2019ouvrage, de concevoir une r\u00e9flexion globale autour d\u2019une \u00e9conomie circulaire \u00e9nerg\u00e9tique permettant \u00e0 l\u2019ensemble de la commune de Bagneaux-sur-Loing de b\u00e9n\u00e9ficier des implantations existantes (entreprises et industriels verriers).<\/a><\/div>\n<\/div>   <\/div>\n\n<\/li>\n<li id=\"eg-1-post-id-1753_4026\" data-skin=\"projets\" class=\"filterall filter-etude-et-faisabilite eg-projets-wrapper eg-post-id-1753\" data-date=\"1701963145\">\n    <div class=\"esg-media-cover-wrapper\">\n<div class=\"esg-entry-media\"><img loading=\"lazy\" decoding=\"async\" class=\"esg-entry-media-img\"  src=\"https:\/\/www.ar-architectes.com\/wp-content\/uploads\/2023\/12\/4-15-scaled.jpg\" data-no-lazy=\"1\" alt=\"\" width=\"2560\" height=\"1703\"><\/div>\n\n            <div class=\"esg-entry-cover\" data-clickable=\"on\">\n\n<a class=\"eg-invisiblebutton\" href=\"https:\/\/www.ar-architectes.com\/fr\/projet\/fontenay-sous-bois-94\/\" target=\"_self\">Fontenay-sous-Bois (94)<\/a>                <div class=\"esg-overlay esg-transition eg-projets-container\" data-delay=\"0\" data-duration=\"default\" data-transition=\"esg-fade\"><\/div>\n\n           <\/div>\n<div class=\"esg-entry-content eg-projets-content\">\n\t\t\t\t<div class=\"esg-content eg-post-1753 eg-projets-element-1-a\"><a class=\"eg-projets-element-1 eg-post-1753\" href=\"https:\/\/www.ar-architectes.com\/fr\/projet\/fontenay-sous-bois-94\/\" target=\"_self\">Fontenay-sous-Bois (94)<\/a><\/div>\n\t\t\t\t<div class=\"esg-content eg-post-1753 eg-projets-element-2-a\"><a class=\"eg-projets-element-2 eg-post-1753\" href=\"https:\/\/www.ar-architectes.com\/fr\/projet\/fontenay-sous-bois-94\/\" target=\"_self\">L\u2019objectif du ma\u00eetre d\u2019ouvrage est de r\u00e9aliser une \u00e9co-r\u00e9habilitation du b\u00e2timent industriel Cypreos afin de s\u2019int\u00e9grer dans la d\u00e9marche de d\u00e9veloppement durable de la ville, et p\u00e9renniser \u00e0 terme le tissu industriel existant alentour.<\/a><\/div>\n<\/div>   <\/div>\n\n<\/li>\n<li id=\"eg-1-post-id-1766_4849\" data-skin=\"projets\" class=\"filterall filter-recherche-et-developpement eg-projets-wrapper eg-post-id-1766\" data-date=\"1701964049\">\n    <div class=\"esg-media-cover-wrapper\">\n<div class=\"esg-entry-media\"><img loading=\"lazy\" decoding=\"async\" class=\"esg-entry-media-img\"  src=\"https:\/\/www.ar-architectes.com\/wp-content\/uploads\/2023\/12\/1-18.jpg\" data-no-lazy=\"1\" alt=\"\" width=\"1461\" height=\"736\"><\/div>\n\n            <div class=\"esg-entry-cover\" data-clickable=\"on\">\n\n<a class=\"eg-invisiblebutton\" href=\"https:\/\/www.ar-architectes.com\/fr\/projet\/bluepur\/\" target=\"_self\">Blue\u2019Pur Bassin d\u2019Arcachon (33)<\/a>                <div class=\"esg-overlay esg-transition eg-projets-container\" data-delay=\"0\" data-duration=\"default\" data-transition=\"esg-fade\"><\/div>\n\n           <\/div>\n<div class=\"esg-entry-content eg-projets-content\">\n\t\t\t\t<div class=\"esg-content eg-post-1766 eg-projets-element-1-a\"><a class=\"eg-projets-element-1 eg-post-1766\" href=\"https:\/\/www.ar-architectes.com\/fr\/projet\/bluepur\/\" target=\"_self\">Blue\u2019Pur Bassin d\u2019Arcachon (33)<\/a><\/div>\n\t\t\t\t<div class=\"esg-content eg-post-1766 eg-projets-element-2-a\"><a class=\"eg-projets-element-2 eg-post-1766\" href=\"https:\/\/www.ar-architectes.com\/fr\/projet\/bluepur\/\" target=\"_self\">Comment concevoir un b\u00e2timent intelligent et \u00e9cologique permettant de traiter les hydrocarbures issus des eaux us\u00e9es des activit\u00e9s portuaires polluantes, par les plantes ?<\/a><\/div>\n<\/div>   <\/div>\n\n<\/li>\n<li id=\"eg-1-post-id-1778_4056\" data-skin=\"projets\" class=\"filterall filter-recherche-et-developpement eg-projets-wrapper eg-post-id-1778\" data-date=\"1701964847\">\n    <div class=\"esg-media-cover-wrapper\">\n<div class=\"esg-entry-media\"><img loading=\"lazy\" decoding=\"async\" class=\"esg-entry-media-img\"  src=\"https:\/\/www.ar-architectes.com\/wp-content\/uploads\/2023\/12\/1-19-scaled.jpg\" data-no-lazy=\"1\" alt=\"\" width=\"2560\" height=\"1920\"><\/div>\n\n            <div class=\"esg-entry-cover\" data-clickable=\"on\">\n\n<a class=\"eg-invisiblebutton\" href=\"https:\/\/www.ar-architectes.com\/fr\/projet\/chateau-deau-de-villiers-le-bel-95\/\" target=\"_self\">Ch\u00e2teau d\u2019Eau de Villiers-le-Bel (95)<\/a>                <div class=\"esg-overlay esg-transition eg-projets-container\" data-delay=\"0\" data-duration=\"default\" data-transition=\"esg-fade\"><\/div>\n\n           <\/div>\n<div class=\"esg-entry-content eg-projets-content\">\n\t\t\t\t<div class=\"esg-content eg-post-1778 eg-projets-element-1-a\"><a class=\"eg-projets-element-1 eg-post-1778\" href=\"https:\/\/www.ar-architectes.com\/fr\/projet\/chateau-deau-de-villiers-le-bel-95\/\" target=\"_self\">Ch\u00e2teau d\u2019Eau de Villiers-le-Bel (95)<\/a><\/div>\n\t\t\t\t<div class=\"esg-content eg-post-1778 eg-projets-element-2-a\"><a class=\"eg-projets-element-2 eg-post-1778\" href=\"https:\/\/www.ar-architectes.com\/fr\/projet\/chateau-deau-de-villiers-le-bel-95\/\" target=\"_self\">La sculpture verticale \u00e0 3 plateaux est un symbole de regroupement, d\u2019entraide et d\u2019\u00e9cologie.<\/a><\/div>\n<\/div>   <\/div>\n\n<\/li>\n<\/ul>\n<article class=\"esg-filters esg-singlefilters\" style=\"margin-top: 0px; text-align: center; \"><div class=\"esg-pagination  esg-fgc-1\" style=\"margin-left: 2.5px; margin-right: 2.5px;\"><\/div><\/article><div class=\"esg-clear-no-height\"><\/div>    <\/div>\n\n<\/article>\n<div class=\"clear\"><\/div>\n<script type=\"text\/javascript\">\nvar essapi_1_1;\nfunction esginit_1_1() {\njQuery(document).ready(function() {\n  var lightboxOptions = {\n        margin : [0,0,0,0],\n        buttons : [\"share\",\"thumbs\",\"close\"],\n        infobar : true,\n        loop : true,\n        slideShow : {\"autoStart\": false, \"speed\": 3000},\n        videoAutoPlay : true,\n        animationEffect : \"fade\",\n        animationDuration : 500,\n        beforeShow: function(a, c) {\n          var i = 0,\n              multiple = false;\n          a = a.slides;\n          for(var b in a) {\n            i++;\n            if (i > 1) {\n              multiple = true;\n              break;\n            }\n          }\n          if (!multiple) jQuery(\"body\").addClass(\"esgbox-single\");\n          if (c.type === \"image\") jQuery(\".esgbox-button--zoom\").show();\n          if (c.contentType === \"html\") c.$slide.addClass(\"esgbox-slide--overflow-\" + c.opts.overflow);\n        },\n        beforeLoad: function(a, b) {\n          jQuery(\"body\").removeClass(\"esg-four-by-three\");\n          if (b.opts.$orig.data(\"ratio\") === \"4:3\") jQuery(\"body\").addClass(\"esg-four-by-three\");\n        },\n        afterLoad: function() {jQuery(window).trigger(\"resize.esglb\");},\n        afterClose : function() {jQuery(\"body\").removeClass(\"esgbox-hidearrows esgbox-single\");},\n        transitionEffect : \"fade\",\n        transitionDuration : 500,\n        hash : \"group\",\n        arrows : true,\n        wheel : false,\n        baseClass : \"esgbox-container-1\",\n        captionPosition : \"bottom\",\n        overflow : \"auto\",\n  };\n\n  jQuery(\"#esg-grid-1-1\").data(\"lightboxsettings\", lightboxOptions);\n\n  essapi_1_1 = jQuery(\"#esg-grid-1-1\").tpessential({\n        gridID:1,\n        layout:\"masonry\",\n        lazyLoad:\"off\",\n        row:10,\n        apiName: \"essapi_1_1\",\n        loadMoreAjaxToken:\"8bfed103b4\",\n        loadMoreAjaxUrl:\"https:\/\/www.ar-architectes.com\/wp-admin\/admin-ajax.php\",\n        loadMoreAjaxAction:\"Essential_Grid_Front_request_ajax\",\n        ajaxContentTarget:\"ess-grid-ajax-container-\",\n        ajaxScrollToOffset:\"0\",\n        ajaxCloseButton:\"off\",\n        ajaxContentSliding:\"on\",\n        ajaxScrollToOnLoad:\"on\",\n        ajaxCallbackArgument:\"off\",\n        ajaxNavButton:\"off\",\n        ajaxCloseType:\"type1\",\n        ajaxCloseInner:\"false\",\n        ajaxCloseStyle:\"light\",\n        ajaxClosePosition:\"tr\",\n        space:30,\n        pageAnimation:\"fade\",\n        videoPlaybackInGrid: \"on\",\n        videoLoopInGrid: \"off\",\n        videoPlaybackOnHover: \"off\",\n        videoInlineMute: \"on\",\n        videoInlineControls: \"off\",\n        keepLayersInline: \"off\",\n        startAnimation: \"none\",\n        startAnimationSpeed: 1000,\n        startAnimationDelay: 100,\n        startAnimationType: \"item\",\n        animationType: \"item\",\n        paginationScrollToTop:\"off\",\n        paginationAutoplay:\"off\",\n        spinner:\"spinner0\",\n        minVisibleItems:3,\n        lightBoxMode:\"single\",\n        lightboxHash:\"group\",\n        lightboxPostMinWid:\"75%\",\n        lightboxPostMaxWid:\"75%\",\n        lightboxSpinner:\"off\",\n        lightBoxFeaturedImg:\"off\",\n        lightBoxPostTitle:\"off\",\n        lightBoxPostTitleTag:\"h2\",\n        lightboxMargin : \"0|0|0|0\",\n        lbContentPadding : \"0|0|0|0\",\n        lbContentOverflow : \"auto\",\n        animSpeed:1000,\n        delayBasic:1,\n        mainhoverdelay:1,\n        filterType:\"single\",\n        showDropFilter:\"hover\",\n        filterGroupClass:\"esg-fgc-1\",\n        filterNoMatch:\"No Items for the Selected Filter\",\n        filterDeepLink:\"off\",\n        hideMarkups: \"on\",\n        inViewport: true,\n        viewportBuffer: 20,\n        youtubeNoCookie:\"false\",\n        convertFilterMobile:false,\n        convertFilterMobileWidth:768,\n        paginationSwipe: \"off\",\n        paginationDragVer: \"on\",\n        pageSwipeThrottle: 30,\n        hideBlankItemsAt: \"1\",\n        responsiveEntries: [\n            { width:1900,amount:3,mmheight:0},\n            { width:1400,amount:3,mmheight:0},\n            { width:1170,amount:3,mmheight:0},\n            { width:1024,amount:3,mmheight:0},\n            { width:960,amount:3,mmheight:0},\n            { width:778,amount:2,mmheight:0},\n            { width:640,amount:2,mmheight:0},\n            { width:480,amount:1,mmheight:0},\n            ]\n  });\n\n\n});\n} \/\/ End of EsgInitScript\nvar once_1_1 = false;\nif (document.readyState === \"loading\") document.addEventListener('readystatechange',function() { if ((document.readyState === \"interactive\" || document.readyState === \"complete\") && !once_1_1 ) { once_1_1 = true; esginit_1_1();}}); else {once_1_1 = true; esginit_1_1();}\n<\/script>\n\t\n<\/div>\n\t\t\t\t\t\t<\/div>\n\t\t\t\t<\/div>\n\t\t\t\t\t<\/div>\n\t\t\t\t<\/div>\n\t\t\t\t<\/div>\n\t\t","protected":false},"excerpt":{"rendered":"","protected":false},"author":1,"featured_media":0,"parent":0,"menu_order":0,"comment_status":"closed","ping_status":"closed","template":"","meta":{"_monsterinsights_skip_tracking":false,"_monsterinsights_sitenote_active":false,"_monsterinsights_sitenote_note":"","_monsterinsights_sitenote_category":0,"footnotes":""},"class_list":["post-78","page","type-page","status-publish","hentry"],"_links":{"self":[{"href":"https:\/\/www.ar-architectes.com\/fr\/wp-json\/wp\/v2\/pages\/78","targetHints":{"allow":["GET"]}}],"collection":[{"href":"https:\/\/www.ar-architectes.com\/fr\/wp-json\/wp\/v2\/pages"}],"about":[{"href":"https:\/\/www.ar-architectes.com\/fr\/wp-json\/wp\/v2\/types\/page"}],"author":[{"embeddable":true,"href":"https:\/\/www.ar-architectes.com\/fr\/wp-json\/wp\/v2\/users\/1"}],"replies":[{"embeddable":true,"href":"https:\/\/www.ar-architectes.com\/fr\/wp-json\/wp\/v2\/comments?post=78"}],"version-history":[{"count":4,"href":"https:\/\/www.ar-architectes.com\/fr\/wp-json\/wp\/v2\/pages\/78\/revisions"}],"predecessor-version":[{"id":133,"href":"https:\/\/www.ar-architectes.com\/fr\/wp-json\/wp\/v2\/pages\/78\/revisions\/133"}],"wp:attachment":[{"href":"https:\/\/www.ar-architectes.com\/fr\/wp-json\/wp\/v2\/media?parent=78"}],"curies":[{"name":"wp","href":"https:\/\/api.w.org\/{rel}","templated":true}]}}