{"id":1022,"date":"2023-11-16T14:33:46","date_gmt":"2023-11-16T14:33:46","guid":{"rendered":"https:\/\/www.ar-architectes.com\/?post_type=projet&#038;p=1022"},"modified":"2024-03-07T08:43:20","modified_gmt":"2024-03-07T08:43:20","slug":"deuil-la-barre-95","status":"publish","type":"projet","link":"https:\/\/www.ar-architectes.com\/fr\/projet\/deuil-la-barre-95\/","title":{"rendered":"Deuil-la-Barre (95)"},"content":{"rendered":"\t\t<div data-elementor-type=\"wp-post\" data-elementor-id=\"1022\" class=\"elementor elementor-1022\">\n\t\t\t\t<div class=\"elementor-element elementor-element-75bc04f e-flex e-con-boxed e-con e-parent\" data-id=\"75bc04f\" data-element_type=\"container\" data-e-type=\"container\">\n\t\t\t\t\t<div class=\"e-con-inner\">\n\t\t\t\t<div class=\"elementor-element elementor-element-09f10ea elementor-widget elementor-widget-heading\" data-id=\"09f10ea\" data-element_type=\"widget\" data-e-type=\"widget\" data-widget_type=\"heading.default\">\n\t\t\t\t<div class=\"elementor-widget-container\">\n\t\t\t\t\t<h2 class=\"elementor-heading-title elementor-size-default\">cycl'eau - \u00c9co-Conception Architecturale des Locaux Techniques du Bassin de Stockage des Eaux Pluviales Enterr\u00e9e \u00e0 Deuil-la-Barre <\/h2>\t\t\t\t<\/div>\n\t\t\t\t<\/div>\n\t\t\t\t\t<\/div>\n\t\t\t\t<\/div>\n\t\t<div class=\"elementor-element elementor-element-1cfadb7 e-flex e-con-boxed e-con e-parent\" data-id=\"1cfadb7\" data-element_type=\"container\" data-e-type=\"container\">\n\t\t\t\t\t<div class=\"e-con-inner\">\n\t\t<div class=\"elementor-element elementor-element-a5b518f e-con-full e-flex e-con e-child\" data-id=\"a5b518f\" data-element_type=\"container\" data-e-type=\"container\">\n\t\t\t\t<div class=\"elementor-element elementor-element-552c5b8 projets-highlight elementor-widget elementor-widget-text-editor\" data-id=\"552c5b8\" data-element_type=\"widget\" data-e-type=\"widget\" data-widget_type=\"text-editor.default\">\n\t\t\t\t<div class=\"elementor-widget-container\">\n\t\t\t\t\t\t\t\t\t<p><strong>Ma\u00eetre d\u2019ouvrage\u00a0:<\/strong> SIARE<\/p><p><strong>Localisation\u00a0:<\/strong> Deuil-la-Barre (95)<\/p><p><strong>Projet\u00a0:<\/strong> Conception architecturale et paysag\u00e8re des locaux techniques d\u2019un bassin de stockage des eaux pluviales enterr\u00e9<\/p><p><strong>Mission\u00a0:<\/strong> Ma\u00eetrise d\u2019oeuvre architecturale et paysag\u00e8re<\/p><p><strong>Ma\u00eetrise d\u2019\u0153uvre\u00a0: <\/strong>AR ARCHITECTES, ARTELIA<\/p><p><strong>Surface\u00a0: <\/strong>4 931m\u00b2<\/p><p><strong>Budget\u00a0:<\/strong> 11\u00a0055 665 \u20ac HT<\/p><p><strong>Calendrier\u00a0: <\/strong>Chantier en cours<\/p>\t\t\t\t\t\t\t\t<\/div>\n\t\t\t\t<\/div>\n\t\t\t\t<div class=\"elementor-element elementor-element-f8595a0 elementor-widget elementor-widget-text-editor\" data-id=\"f8595a0\" data-element_type=\"widget\" data-e-type=\"widget\" data-widget_type=\"text-editor.default\">\n\t\t\t\t<div class=\"elementor-widget-container\">\n\t\t\t\t\t\t\t\t\t<p>Le bassin de stockage des eaux pluviales sera implant\u00e9 entre la rue Jean Bouin et le Chemin de la Grille Ronde \u00e0 Deuil-La-Barre (95).<\/p><p>Le principe architectural de ce poste technique est de travailler l\u2019imbrication de deux volumes simples avec un rev\u00eatement m\u00e9tallique pour r\u00e9pondre \u00e0 l\u2019environnement industriel; et un rev\u00eatement bois, un mur et une toiture v\u00e9g\u00e9talis\u00e9s pour cr\u00e9er un lien avec la future coul\u00e9e verte, permettant de s\u2019int\u00e9grer dans le site et de dialoguer avec l\u2019environnement proche, enrichissant la biodiversit\u00e9 de ce site et minimisant les nuisances visuelles pour les riverains et voyageurs de la ligne de RER H surplombant le site.<\/p>\t\t\t\t\t\t\t\t<\/div>\n\t\t\t\t<\/div>\n\t\t\t\t<\/div>\n\t\t<div class=\"elementor-element elementor-element-6f696fa e-con-full e-flex e-con e-child\" data-id=\"6f696fa\" data-element_type=\"container\" data-e-type=\"container\">\n\t\t\t\t<div class=\"elementor-element elementor-element-a1efa67 elementor-widget elementor-widget-slider_revolution\" data-id=\"a1efa67\" data-element_type=\"widget\" data-e-type=\"widget\" data-widget_type=\"slider_revolution.default\">\n\t\t\t\t<div class=\"elementor-widget-container\">\n\t\t\t\t\t\n\t\t<div class=\"wp-block-themepunch-revslider\">\n\t\t\t<!-- START DeuillaBarre REVOLUTION SLIDER 6.6.16 --><p class=\"rs-p-wp-fix\"><\/p>\n\t\t\t<rs-module-wrap id=\"rev_slider_17_1_wrapper\" data-source=\"gallery\" style=\"visibility:hidden;background:transparent;padding:0;margin:0px auto;margin-top:0;margin-bottom:0;\">\n\t\t\t\t<rs-module id=\"rev_slider_17_1\" style=\"\" data-version=\"6.6.16\">\n\t\t\t\t\t<rs-slides style=\"overflow: hidden; position: absolute;\">\n\t\t\t\t\t\t<rs-slide style=\"position: absolute;\" data-key=\"rs-213\" data-title=\"Slide\" data-thumb=\"\/\/www.ar-architectes.com\/wp-content\/uploads\/2024\/03\/AR_3417_PCM6_PERS_170723-1-scaled.jpg\" data-in=\"o:0;\" data-out=\"a:false;\">\n\t\t\t\t\t\t\t<img fetchpriority=\"high\" decoding=\"async\" src=\"\/\/www.ar-architectes.com\/wp-content\/plugins\/revslider\/public\/assets\/assets\/dummy.png\" alt=\"\" title=\"AR_3417_PCM6_PERS_170723\" width=\"2560\" height=\"1231\" class=\"rev-slidebg tp-rs-img rs-lazyload\" data-lazyload=\"\/\/www.ar-architectes.com\/wp-content\/uploads\/2024\/03\/AR_3417_PCM6_PERS_170723-1-scaled.jpg\" data-bg=\"f:contain;\" data-no-retina>\n<!---->\t\t\t\t\t\t<\/rs-slide>\n\t\t\t\t\t\t<rs-slide style=\"position: absolute;\" data-key=\"rs-214\" data-title=\"Slide\" data-thumb=\"\/\/www.ar-architectes.com\/wp-content\/uploads\/2024\/03\/PLAN-MASSE-BIOCLIMATIQUE1.jpg\" data-in=\"o:0;\" data-out=\"a:false;\">\n\t\t\t\t\t\t\t<img decoding=\"async\" src=\"\/\/www.ar-architectes.com\/wp-content\/plugins\/revslider\/public\/assets\/assets\/dummy.png\" alt=\"\" title=\"PLAN MASSE BIOCLIMATIQUE1\" width=\"8848\" height=\"5855\" class=\"rev-slidebg tp-rs-img rs-lazyload\" data-lazyload=\"\/\/www.ar-architectes.com\/wp-content\/uploads\/2024\/03\/PLAN-MASSE-BIOCLIMATIQUE1.jpg\" data-bg=\"f:contain;\" data-no-retina>\n<!---->\t\t\t\t\t\t<\/rs-slide>\n\t\t\t\t\t\t<rs-slide style=\"position: absolute;\" data-key=\"rs-737\" data-title=\"Slide\" data-thumb=\"\/\/www.ar-architectes.com\/wp-content\/uploads\/2024\/03\/Capture-decran-2024-03-06-163257.png\" data-in=\"o:0;\" data-out=\"a:false;\">\n\t\t\t\t\t\t\t<img decoding=\"async\" src=\"\/\/www.ar-architectes.com\/wp-content\/plugins\/revslider\/public\/assets\/assets\/dummy.png\" alt=\"\" title=\"Capture d&rsquo;\u00e9cran 2024-03-06 163257\" width=\"838\" height=\"644\" class=\"rev-slidebg tp-rs-img rs-lazyload\" data-lazyload=\"\/\/www.ar-architectes.com\/wp-content\/uploads\/2024\/03\/Capture-decran-2024-03-06-163257.png\" data-bg=\"f:contain;\" data-no-retina>\n<!---->\t\t\t\t\t\t<\/rs-slide>\n\t\t\t\t\t\t<rs-slide style=\"position: absolute;\" data-key=\"rs-215\" data-title=\"Slide\" data-thumb=\"\/\/www.ar-architectes.com\/wp-content\/uploads\/2023\/11\/3-1-scaled.jpg\" data-in=\"o:0;\" data-out=\"a:false;\">\n\t\t\t\t\t\t\t<img loading=\"lazy\" decoding=\"async\" src=\"\/\/www.ar-architectes.com\/wp-content\/plugins\/revslider\/public\/assets\/assets\/dummy.png\" alt=\"\" title=\"Image\" width=\"2560\" height=\"1810\" class=\"rev-slidebg tp-rs-img rs-lazyload\" data-lazyload=\"\/\/www.ar-architectes.com\/wp-content\/uploads\/2023\/11\/3-1-scaled.jpg\" data-no-retina>\n<!---->\t\t\t\t\t\t<\/rs-slide>\n\t\t\t\t\t\t<rs-slide style=\"position: absolute;\" data-key=\"rs-217\" data-title=\"Slide\" data-thumb=\"\/\/www.ar-architectes.com\/wp-content\/uploads\/2024\/03\/Image1.png\" data-in=\"o:0;\" data-out=\"a:false;\">\n\t\t\t\t\t\t\t<img loading=\"lazy\" decoding=\"async\" src=\"\/\/www.ar-architectes.com\/wp-content\/plugins\/revslider\/public\/assets\/assets\/dummy.png\" alt=\"\" title=\"Image1\" width=\"489\" height=\"275\" class=\"rev-slidebg tp-rs-img rs-lazyload\" data-lazyload=\"\/\/www.ar-architectes.com\/wp-content\/uploads\/2024\/03\/Image1.png\" data-no-retina>\n<!---->\t\t\t\t\t\t<\/rs-slide>\n\t\t\t\t\t\t<rs-slide style=\"position: absolute;\" data-key=\"rs-216\" data-title=\"Slide\" data-thumb=\"\/\/www.ar-architectes.com\/wp-content\/uploads\/2023\/11\/4.jpeg\" data-in=\"o:0;\" data-out=\"a:false;\">\n\t\t\t\t\t\t\t<img loading=\"lazy\" decoding=\"async\" src=\"\/\/www.ar-architectes.com\/wp-content\/plugins\/revslider\/public\/assets\/assets\/dummy.png\" alt=\"\" title=\"4\" width=\"1600\" height=\"1200\" class=\"rev-slidebg tp-rs-img rs-lazyload\" data-lazyload=\"\/\/www.ar-architectes.com\/wp-content\/uploads\/2023\/11\/4.jpeg\" data-no-retina>\n<!---->\t\t\t\t\t\t<\/rs-slide>\n\t\t\t\t\t\t<rs-slide style=\"position: absolute;\" data-key=\"rs-218\" data-title=\"Slide\" data-thumb=\"\/\/www.ar-architectes.com\/wp-content\/uploads\/2023\/11\/6.jpeg\" data-in=\"o:0;\" data-out=\"a:false;\">\n\t\t\t\t\t\t\t<img loading=\"lazy\" decoding=\"async\" src=\"\/\/www.ar-architectes.com\/wp-content\/plugins\/revslider\/public\/assets\/assets\/dummy.png\" alt=\"\" title=\"6\" width=\"1536\" height=\"2048\" class=\"rev-slidebg tp-rs-img rs-lazyload\" data-lazyload=\"\/\/www.ar-architectes.com\/wp-content\/uploads\/2023\/11\/6.jpeg\" data-no-retina>\n<!---->\t\t\t\t\t\t<\/rs-slide>\n\t\t\t\t\t\t<rs-slide style=\"position: absolute;\" data-key=\"rs-219\" data-title=\"Slide\" data-thumb=\"\/\/www.ar-architectes.com\/wp-content\/uploads\/2023\/11\/7-scaled.jpg\" data-in=\"o:0;\" data-out=\"a:false;\">\n\t\t\t\t\t\t\t<img loading=\"lazy\" decoding=\"async\" src=\"\/\/www.ar-architectes.com\/wp-content\/plugins\/revslider\/public\/assets\/assets\/dummy.png\" alt=\"\" title=\"7\" width=\"2560\" height=\"1920\" class=\"rev-slidebg tp-rs-img rs-lazyload\" data-lazyload=\"\/\/www.ar-architectes.com\/wp-content\/uploads\/2023\/11\/7-scaled.jpg\" data-no-retina>\n<!---->\t\t\t\t\t\t<\/rs-slide>\n\t\t\t\t\t\t<rs-slide style=\"position: absolute;\" data-key=\"rs-220\" data-title=\"Slide\" data-thumb=\"\/\/www.ar-architectes.com\/wp-content\/uploads\/2023\/11\/9-scaled.jpg\" data-in=\"o:0;\" data-out=\"a:false;\">\n\t\t\t\t\t\t\t<img loading=\"lazy\" decoding=\"async\" src=\"\/\/www.ar-architectes.com\/wp-content\/plugins\/revslider\/public\/assets\/assets\/dummy.png\" alt=\"\" title=\"9\" width=\"2560\" height=\"1920\" class=\"rev-slidebg tp-rs-img rs-lazyload\" data-lazyload=\"\/\/www.ar-architectes.com\/wp-content\/uploads\/2023\/11\/9-scaled.jpg\" data-no-retina>\n<!---->\t\t\t\t\t\t<\/rs-slide>\n\t\t\t\t\t\t<rs-slide style=\"position: absolute;\" data-key=\"rs-221\" data-title=\"Slide\" data-thumb=\"\/\/www.ar-architectes.com\/wp-content\/uploads\/2023\/11\/10-scaled.jpg\" data-in=\"o:0;\" data-out=\"a:false;\">\n\t\t\t\t\t\t\t<img loading=\"lazy\" decoding=\"async\" src=\"\/\/www.ar-architectes.com\/wp-content\/plugins\/revslider\/public\/assets\/assets\/dummy.png\" alt=\"\" title=\"\\Serveur-aragenceAFFAIRESPROJETS EN COURSMARCHES PUBLICSMO\" width=\"2560\" height=\"1876\" class=\"rev-slidebg tp-rs-img rs-lazyload\" data-lazyload=\"\/\/www.ar-architectes.com\/wp-content\/uploads\/2023\/11\/10-scaled.jpg\" data-no-retina>\n<!---->\t\t\t\t\t\t<\/rs-slide>\n\t\t\t\t\t\t<rs-slide style=\"position: absolute;\" data-key=\"rs-736\" data-title=\"Slide\" data-thumb=\"\/\/www.ar-architectes.com\/wp-content\/uploads\/2024\/03\/AR_3417_INAUGURATION-BASSIN-SIARE_DEUIL-LA-BARRE_PANNEAU-A0_130923-1.jpg\" data-in=\"o:0;\" data-out=\"a:false;\">\n\t\t\t\t\t\t\t<img loading=\"lazy\" decoding=\"async\" src=\"\/\/www.ar-architectes.com\/wp-content\/plugins\/revslider\/public\/assets\/assets\/dummy.png\" alt=\"\" title=\"AR_3417_INAUGURATION BASSIN SIARE_DEUIL-LA-BARRE_PANNEAU A0_130923\" width=\"9933\" height=\"14053\" class=\"rev-slidebg tp-rs-img rs-lazyload\" data-lazyload=\"\/\/www.ar-architectes.com\/wp-content\/uploads\/2024\/03\/AR_3417_INAUGURATION-BASSIN-SIARE_DEUIL-LA-BARRE_PANNEAU-A0_130923-1.jpg\" data-bg=\"f:contain;\" data-no-retina>\n<!---->\t\t\t\t\t\t<\/rs-slide>\n\t\t\t\t\t<\/rs-slides>\n\t\t\t\t\t<rs-static-layers><!--\n\t\t\t\t\t--><\/rs-static-layers>\n\t\t\t\t<\/rs-module>\n\t\t\t\t<script>\n\t\t\t\t\tsetREVStartSize({c: 'rev_slider_17_1',rl:[1240,1024,778,480],el:[900],gw:[1240],gh:[900],type:'carousel',justify:'',layout:'fullwidth',thumbh:\"180\",mh:\"0\"});if (window.RS_MODULES!==undefined && window.RS_MODULES.modules!==undefined && window.RS_MODULES.modules[\"revslider171\"]!==undefined) {window.RS_MODULES.modules[\"revslider171\"].once = false;window.revapi17 = undefined;if (window.RS_MODULES.checkMinimal!==undefined) window.RS_MODULES.checkMinimal()}\n\t\t\t\t<\/script>\n\t\t\t<\/rs-module-wrap>\n\t\t\t<!-- END REVOLUTION SLIDER -->\n<\/div>\n\n\t\t\t\t\t\t<\/div>\n\t\t\t\t<\/div>\n\t\t\t\t<\/div>\n\t\t\t\t\t<\/div>\n\t\t\t\t<\/div>\n\t\t<div class=\"elementor-element elementor-element-4d1be87 e-flex e-con-boxed e-con e-parent\" data-id=\"4d1be87\" data-element_type=\"container\" data-e-type=\"container\">\n\t\t\t\t\t<div class=\"e-con-inner\">\n\t\t\t\t<div class=\"elementor-element elementor-element-d34259d download-file-button elementor-widget elementor-widget-bridge_icon_text\" data-id=\"d34259d\" data-element_type=\"widget\" data-e-type=\"widget\" data-widget_type=\"bridge_icon_text.default\">\n\t\t\t\t<div class=\"elementor-widget-container\">\n\t\t\t\t\t<div class='q_icon_with_title small normal_icon '><div class=\"icon_holder \" style=\" \"><span data-icon-type=\"normal\"   style=\"\" class=\"qode_iwt_icon_holder q_font_awsome_icon fa-2x  \"><i class=\"qode_icon_font_awesome fa fa-download qode_iwt_icon_element\" style=\"color: #66B545;\" ><\/i><\/span><\/div><div class=\"icon_text_holder\" style=\"\"><div class=\"icon_text_inner\" style=\"\"><h5 class=\"icon_title\" style=\"color: #000000;font-weight: 700;\"><\/h5><p style='color: #000000'><\/p><a itemprop='url' class='icon_with_title_link' href='https:\/\/www.ar-architectes.com\/wp-content\/uploads\/2023\/11\/AR_BASSIN-STOCKAGE-EP_DEUIL-LA-BARRE_FRANCAIS.pdf' target='_self' style='color: #000000;'>T\u00c9L\u00c9CHARGER LA FICHE COMPL\u00c8TE DE CE PROJET<\/a><\/div><\/div><\/div>\t\t\t\t<\/div>\n\t\t\t\t<\/div>\n\t\t\t\t\t<\/div>\n\t\t\t\t<\/div>\n\t\t\t\t<\/div>\n\t\t","protected":false},"excerpt":{"rendered":"<p>Le bassin de stockage des eaux pluviales sera implant\u00e9 entre la rue Jean Bouin et le Chemin de la Grille Ronde \u00e0 Deuil-La-Barre.<\/p>\n","protected":false},"featured_media":4454,"template":"","categories":[3],"tags":[6],"class_list":["post-1022","projet","type-projet","status-publish","has-post-thumbnail","hentry","category-france","tag-eco-construction"],"_links":{"self":[{"href":"https:\/\/www.ar-architectes.com\/fr\/wp-json\/wp\/v2\/projet\/1022","targetHints":{"allow":["GET"]}}],"collection":[{"href":"https:\/\/www.ar-architectes.com\/fr\/wp-json\/wp\/v2\/projet"}],"about":[{"href":"https:\/\/www.ar-architectes.com\/fr\/wp-json\/wp\/v2\/types\/projet"}],"version-history":[{"count":8,"href":"https:\/\/www.ar-architectes.com\/fr\/wp-json\/wp\/v2\/projet\/1022\/revisions"}],"predecessor-version":[{"id":4458,"href":"https:\/\/www.ar-architectes.com\/fr\/wp-json\/wp\/v2\/projet\/1022\/revisions\/4458"}],"wp:featuredmedia":[{"embeddable":true,"href":"https:\/\/www.ar-architectes.com\/fr\/wp-json\/wp\/v2\/media\/4454"}],"wp:attachment":[{"href":"https:\/\/www.ar-architectes.com\/fr\/wp-json\/wp\/v2\/media?parent=1022"}],"wp:term":[{"taxonomy":"category","embeddable":true,"href":"https:\/\/www.ar-architectes.com\/fr\/wp-json\/wp\/v2\/categories?post=1022"},{"taxonomy":"post_tag","embeddable":true,"href":"https:\/\/www.ar-architectes.com\/fr\/wp-json\/wp\/v2\/tags?post=1022"}],"curies":[{"name":"wp","href":"https:\/\/api.w.org\/{rel}","templated":true}]}}