{"id":1143,"date":"2023-11-17T15:54:39","date_gmt":"2023-11-17T15:54:39","guid":{"rendered":"https:\/\/www.ar-architectes.com\/?post_type=projet&#038;p=1143"},"modified":"2023-11-17T16:45:46","modified_gmt":"2023-11-17T16:45:46","slug":"saclas-91","status":"publish","type":"projet","link":"https:\/\/www.ar-architectes.com\/fr\/projet\/saclas-91\/","title":{"rendered":"Saclas (91)"},"content":{"rendered":"\t\t<div data-elementor-type=\"wp-post\" data-elementor-id=\"1143\" class=\"elementor elementor-1143\">\n\t\t\t\t<div class=\"elementor-element elementor-element-75bc04f e-flex e-con-boxed e-con e-parent\" data-id=\"75bc04f\" data-element_type=\"container\" data-e-type=\"container\">\n\t\t\t\t\t<div class=\"e-con-inner\">\n\t\t\t\t<div class=\"elementor-element elementor-element-09f10ea elementor-widget elementor-widget-heading\" data-id=\"09f10ea\" data-element_type=\"widget\" data-e-type=\"widget\" data-widget_type=\"heading.default\">\n\t\t\t\t<div class=\"elementor-widget-container\">\n\t\t\t\t\t<h2 class=\"elementor-heading-title elementor-size-default\">\u00c9co-Station des Quatre Rivi\u00e8res \u2013 R\u00e9habilitation de la Station d\u2019\u00c9puration de Saclas.<\/h2>\t\t\t\t<\/div>\n\t\t\t\t<\/div>\n\t\t\t\t\t<\/div>\n\t\t\t\t<\/div>\n\t\t<div class=\"elementor-element elementor-element-1cfadb7 e-flex e-con-boxed e-con e-parent\" data-id=\"1cfadb7\" data-element_type=\"container\" data-e-type=\"container\">\n\t\t\t\t\t<div class=\"e-con-inner\">\n\t\t<div class=\"elementor-element elementor-element-a5b518f e-con-full e-flex e-con e-child\" data-id=\"a5b518f\" data-element_type=\"container\" data-e-type=\"container\">\n\t\t\t\t<div class=\"elementor-element elementor-element-552c5b8 projets-highlight elementor-widget elementor-widget-text-editor\" data-id=\"552c5b8\" data-element_type=\"widget\" data-e-type=\"widget\" data-widget_type=\"text-editor.default\">\n\t\t\t\t<div class=\"elementor-widget-container\">\n\t\t\t\t\t\t\t\t\t<p><strong>Ma\u00eetre d\u2019ouvrage\u00a0:<\/strong> Syndicat Intercommunal des quatre rivi\u00e8res des portes de la Beauce<\/p><p><strong>Localisation\u00a0:<\/strong> Saclas (91)<\/p><p><strong>Projet\u00a0:<\/strong> MOE Architecture HQE\u00ae et paysage<\/p><p><strong>Mission\u00a0:<\/strong> CR Architecture HQE\u00ae et paysage<\/p><p><strong>Ma\u00eetrise d\u2019\u0153uvre\u00a0: <\/strong>AR ARCHITECTES, TERNOIS, EGDC<\/p><p><strong>Surface\u00a0: <\/strong>64m\u00b2 SHON, 3760 m\u00b2 (parcelle)<\/p><p><strong>Budget\u00a0:<\/strong> 2 500 000 \u20ac HT<\/p><p><strong>Calendrier\u00a0: <\/strong>Concours laur\u00e9at en Juin 2010, Inaugur\u00e9 en 2013<\/p>\t\t\t\t\t\t\t\t<\/div>\n\t\t\t\t<\/div>\n\t\t\t\t<div class=\"elementor-element elementor-element-f8595a0 elementor-widget elementor-widget-text-editor\" data-id=\"f8595a0\" data-element_type=\"widget\" data-e-type=\"widget\" data-widget_type=\"text-editor.default\">\n\t\t\t\t<div class=\"elementor-widget-container\">\n\t\t\t\t\t\t\t\t\t<p>Au vu de l\u2019ensemble des caract\u00e9ristiques urbaines et paysag\u00e8res, l\u2019objectif pour la construction de la nouvelle \u00e9co station d\u2019\u00e9puration de Saclas, est de proposer une int\u00e9gration dans l\u2019espace naturel sensible environnant, en cr\u00e9ant un nouvel acc\u00e8s \u00e0 la station \u00e0 travers un sas arbor\u00e9, en conservant un front non b\u00e2ti proche de la Juine, en concevant un b\u00e2timent d\u2019exploitation \u00e9co-con\u00e7u ouvert au public, en cr\u00e9ant une zone humide accompagn\u00e9e d\u2019un jardin aquatique.<\/p>\t\t\t\t\t\t\t\t<\/div>\n\t\t\t\t<\/div>\n\t\t\t\t<\/div>\n\t\t<div class=\"elementor-element elementor-element-6f696fa e-con-full e-flex e-con e-child\" data-id=\"6f696fa\" data-element_type=\"container\" data-e-type=\"container\">\n\t\t\t\t<div class=\"elementor-element elementor-element-a1efa67 elementor-widget elementor-widget-slider_revolution\" data-id=\"a1efa67\" data-element_type=\"widget\" data-e-type=\"widget\" data-widget_type=\"slider_revolution.default\">\n\t\t\t\t<div class=\"elementor-widget-container\">\n\t\t\t\t\t\n\t\t<div class=\"wp-block-themepunch-revslider\">\n\t\t\t<!-- START Saclas REVOLUTION SLIDER 6.6.16 --><p class=\"rs-p-wp-fix\"><\/p>\n\t\t\t<rs-module-wrap id=\"rev_slider_23_1_wrapper\" data-source=\"gallery\" style=\"visibility:hidden;background:transparent;padding:0;margin:0px auto;margin-top:0;margin-bottom:0;\">\n\t\t\t\t<rs-module id=\"rev_slider_23_1\" style=\"\" data-version=\"6.6.16\">\n\t\t\t\t\t<rs-slides style=\"overflow: hidden; position: absolute;\">\n\t\t\t\t\t\t<rs-slide style=\"position: absolute;\" data-key=\"rs-274\" data-title=\"Slide\" data-thumb=\"\/\/www.ar-architectes.com\/wp-content\/uploads\/2023\/11\/1-copie-min-scaled.jpg\" data-in=\"o:0;\" data-out=\"a:false;\">\n\t\t\t\t\t\t\t<img fetchpriority=\"high\" decoding=\"async\" src=\"\/\/www.ar-architectes.com\/wp-content\/plugins\/revslider\/public\/assets\/assets\/dummy.png\" alt=\"\" title=\"1 copie-min\" width=\"2560\" height=\"1707\" class=\"rev-slidebg tp-rs-img rs-lazyload\" data-lazyload=\"\/\/www.ar-architectes.com\/wp-content\/uploads\/2023\/11\/1-copie-min-scaled.jpg\" data-no-retina>\n<!---->\t\t\t\t\t\t<\/rs-slide>\n\t\t\t\t\t\t<rs-slide style=\"position: absolute;\" data-key=\"rs-275\" data-title=\"Slide\" data-thumb=\"\/\/www.ar-architectes.com\/wp-content\/uploads\/2023\/11\/2-copie-min-scaled.jpg\" data-in=\"o:0;\" data-out=\"a:false;\">\n\t\t\t\t\t\t\t<img decoding=\"async\" src=\"\/\/www.ar-architectes.com\/wp-content\/plugins\/revslider\/public\/assets\/assets\/dummy.png\" alt=\"\" title=\"2 copie-min\" width=\"2560\" height=\"1706\" class=\"rev-slidebg tp-rs-img rs-lazyload\" data-lazyload=\"\/\/www.ar-architectes.com\/wp-content\/uploads\/2023\/11\/2-copie-min-scaled.jpg\" data-no-retina>\n<!---->\t\t\t\t\t\t<\/rs-slide>\n\t\t\t\t\t\t<rs-slide style=\"position: absolute;\" data-key=\"rs-276\" data-title=\"Slide\" data-thumb=\"\/\/www.ar-architectes.com\/wp-content\/uploads\/2023\/11\/3-copie-min-scaled.jpg\" data-in=\"o:0;\" data-out=\"a:false;\">\n\t\t\t\t\t\t\t<img decoding=\"async\" src=\"\/\/www.ar-architectes.com\/wp-content\/plugins\/revslider\/public\/assets\/assets\/dummy.png\" alt=\"\" title=\"3 copie-min\" width=\"2560\" height=\"1920\" class=\"rev-slidebg tp-rs-img rs-lazyload\" data-lazyload=\"\/\/www.ar-architectes.com\/wp-content\/uploads\/2023\/11\/3-copie-min-scaled.jpg\" data-no-retina>\n<!---->\t\t\t\t\t\t<\/rs-slide>\n\t\t\t\t\t\t<rs-slide style=\"position: absolute;\" data-key=\"rs-277\" data-title=\"Slide\" data-thumb=\"\/\/www.ar-architectes.com\/wp-content\/uploads\/2023\/11\/4-copie-min-scaled.jpg\" data-in=\"o:0;\" data-out=\"a:false;\">\n\t\t\t\t\t\t\t<img loading=\"lazy\" decoding=\"async\" src=\"\/\/www.ar-architectes.com\/wp-content\/plugins\/revslider\/public\/assets\/assets\/dummy.png\" alt=\"\" title=\"4 copie-min\" width=\"1707\" height=\"2560\" class=\"rev-slidebg tp-rs-img rs-lazyload\" data-lazyload=\"\/\/www.ar-architectes.com\/wp-content\/uploads\/2023\/11\/4-copie-min-scaled.jpg\" data-no-retina>\n<!---->\t\t\t\t\t\t<\/rs-slide>\n\t\t\t\t\t\t<rs-slide style=\"position: absolute;\" data-key=\"rs-278\" data-title=\"Slide\" data-thumb=\"\/\/www.ar-architectes.com\/wp-content\/uploads\/2023\/11\/5-copie-min-scaled.jpg\" data-in=\"o:0;\" data-out=\"a:false;\">\n\t\t\t\t\t\t\t<img loading=\"lazy\" decoding=\"async\" src=\"\/\/www.ar-architectes.com\/wp-content\/plugins\/revslider\/public\/assets\/assets\/dummy.png\" alt=\"\" title=\"5 copie-min\" width=\"2560\" height=\"1707\" class=\"rev-slidebg tp-rs-img rs-lazyload\" data-lazyload=\"\/\/www.ar-architectes.com\/wp-content\/uploads\/2023\/11\/5-copie-min-scaled.jpg\" data-no-retina>\n<!---->\t\t\t\t\t\t<\/rs-slide>\n\t\t\t\t\t\t<rs-slide style=\"position: absolute;\" data-key=\"rs-279\" data-title=\"Slide\" data-thumb=\"\/\/www.ar-architectes.com\/wp-content\/uploads\/2023\/11\/6-copie-min-scaled.jpg\" data-in=\"o:0;\" data-out=\"a:false;\">\n\t\t\t\t\t\t\t<img loading=\"lazy\" decoding=\"async\" src=\"\/\/www.ar-architectes.com\/wp-content\/plugins\/revslider\/public\/assets\/assets\/dummy.png\" alt=\"\" title=\"6 copie-min\" width=\"2560\" height=\"1707\" class=\"rev-slidebg tp-rs-img rs-lazyload\" data-lazyload=\"\/\/www.ar-architectes.com\/wp-content\/uploads\/2023\/11\/6-copie-min-scaled.jpg\" data-no-retina>\n<!---->\t\t\t\t\t\t<\/rs-slide>\n\t\t\t\t\t\t<rs-slide style=\"position: absolute;\" data-key=\"rs-280\" data-title=\"Slide\" data-thumb=\"\/\/www.ar-architectes.com\/wp-content\/uploads\/2023\/11\/7-copie-min-scaled.jpg\" data-in=\"o:0;\" data-out=\"a:false;\">\n\t\t\t\t\t\t\t<img loading=\"lazy\" decoding=\"async\" src=\"\/\/www.ar-architectes.com\/wp-content\/plugins\/revslider\/public\/assets\/assets\/dummy.png\" alt=\"\" title=\"7 copie-min\" width=\"1707\" height=\"2560\" class=\"rev-slidebg tp-rs-img rs-lazyload\" data-lazyload=\"\/\/www.ar-architectes.com\/wp-content\/uploads\/2023\/11\/7-copie-min-scaled.jpg\" data-no-retina>\n<!---->\t\t\t\t\t\t<\/rs-slide>\n\t\t\t\t\t\t<rs-slide style=\"position: absolute;\" data-key=\"rs-281\" data-title=\"Slide\" data-thumb=\"\/\/www.ar-architectes.com\/wp-content\/uploads\/2023\/11\/9-copie-min-scaled.jpg\" data-in=\"o:0;\" data-out=\"a:false;\">\n\t\t\t\t\t\t\t<img loading=\"lazy\" decoding=\"async\" src=\"\/\/www.ar-architectes.com\/wp-content\/plugins\/revslider\/public\/assets\/assets\/dummy.png\" alt=\"\" title=\"9 copie-min\" width=\"2560\" height=\"1920\" class=\"rev-slidebg tp-rs-img rs-lazyload\" data-lazyload=\"\/\/www.ar-architectes.com\/wp-content\/uploads\/2023\/11\/9-copie-min-scaled.jpg\" data-no-retina>\n<!---->\t\t\t\t\t\t<\/rs-slide>\n\t\t\t\t\t\t<rs-slide style=\"position: absolute;\" data-key=\"rs-282\" data-title=\"Slide\" data-thumb=\"\/\/www.ar-architectes.com\/wp-content\/uploads\/2023\/11\/10-copie-min-scaled.jpg\" data-in=\"o:0;\" data-out=\"a:false;\">\n\t\t\t\t\t\t\t<img loading=\"lazy\" decoding=\"async\" src=\"\/\/www.ar-architectes.com\/wp-content\/plugins\/revslider\/public\/assets\/assets\/dummy.png\" alt=\"\" title=\"10 copie-min\" width=\"2560\" height=\"1707\" class=\"rev-slidebg tp-rs-img rs-lazyload\" data-lazyload=\"\/\/www.ar-architectes.com\/wp-content\/uploads\/2023\/11\/10-copie-min-scaled.jpg\" data-no-retina>\n<!---->\t\t\t\t\t\t<\/rs-slide>\n\t\t\t\t\t\t<rs-slide style=\"position: absolute;\" data-key=\"rs-283\" data-title=\"Slide\" data-thumb=\"\/\/www.ar-architectes.com\/wp-content\/uploads\/2023\/11\/11-min-4.jpg\" data-in=\"o:0;\" data-out=\"a:false;\">\n\t\t\t\t\t\t\t<img loading=\"lazy\" decoding=\"async\" src=\"\/\/www.ar-architectes.com\/wp-content\/plugins\/revslider\/public\/assets\/assets\/dummy.png\" alt=\"\" title=\"11-min\" width=\"1600\" height=\"1200\" class=\"rev-slidebg tp-rs-img rs-lazyload\" data-lazyload=\"\/\/www.ar-architectes.com\/wp-content\/uploads\/2023\/11\/11-min-4.jpg\" data-no-retina>\n<!---->\t\t\t\t\t\t<\/rs-slide>\n\t\t\t\t\t\t<rs-slide style=\"position: absolute;\" data-key=\"rs-284\" data-title=\"Slide\" data-thumb=\"\/\/www.ar-architectes.com\/wp-content\/uploads\/2023\/11\/12-min-2-scaled.jpg\" data-in=\"o:0;\" data-out=\"a:false;\">\n\t\t\t\t\t\t\t<img loading=\"lazy\" decoding=\"async\" src=\"\/\/www.ar-architectes.com\/wp-content\/plugins\/revslider\/public\/assets\/assets\/dummy.png\" alt=\"\" title=\"12-min\" width=\"2560\" height=\"1707\" class=\"rev-slidebg tp-rs-img rs-lazyload\" data-lazyload=\"\/\/www.ar-architectes.com\/wp-content\/uploads\/2023\/11\/12-min-2-scaled.jpg\" data-no-retina>\n<!---->\t\t\t\t\t\t<\/rs-slide>\n\t\t\t\t\t\t<rs-slide style=\"position: absolute;\" data-key=\"rs-285\" data-title=\"Slide\" data-thumb=\"\/\/www.ar-architectes.com\/wp-content\/uploads\/2023\/11\/13-min-1-scaled.jpg\" data-in=\"o:0;\" data-out=\"a:false;\">\n\t\t\t\t\t\t\t<img loading=\"lazy\" decoding=\"async\" src=\"\/\/www.ar-architectes.com\/wp-content\/plugins\/revslider\/public\/assets\/assets\/dummy.png\" alt=\"\" title=\"13-min\" width=\"2560\" height=\"1785\" class=\"rev-slidebg tp-rs-img rs-lazyload\" data-lazyload=\"\/\/www.ar-architectes.com\/wp-content\/uploads\/2023\/11\/13-min-1-scaled.jpg\" data-no-retina>\n<!---->\t\t\t\t\t\t<\/rs-slide>\n\t\t\t\t\t\t<rs-slide style=\"position: absolute;\" data-key=\"rs-286\" data-title=\"Slide\" data-thumb=\"\/\/www.ar-architectes.com\/wp-content\/uploads\/2023\/11\/14-min-scaled.jpg\" data-in=\"o:0;\" data-out=\"a:false;\">\n\t\t\t\t\t\t\t<img loading=\"lazy\" decoding=\"async\" src=\"\/\/www.ar-architectes.com\/wp-content\/plugins\/revslider\/public\/assets\/assets\/dummy.png\" alt=\"\" title=\"14-min\" width=\"2560\" height=\"1440\" class=\"rev-slidebg tp-rs-img rs-lazyload\" data-lazyload=\"\/\/www.ar-architectes.com\/wp-content\/uploads\/2023\/11\/14-min-scaled.jpg\" data-no-retina>\n<!---->\t\t\t\t\t\t<\/rs-slide>\n\t\t\t\t\t\t<rs-slide style=\"position: absolute;\" data-key=\"rs-287\" data-title=\"Slide\" data-thumb=\"\/\/www.ar-architectes.com\/wp-content\/uploads\/2023\/11\/15-min-scaled.jpg\" data-in=\"o:0;\" data-out=\"a:false;\">\n\t\t\t\t\t\t\t<img loading=\"lazy\" decoding=\"async\" src=\"\/\/www.ar-architectes.com\/wp-content\/plugins\/revslider\/public\/assets\/assets\/dummy.png\" alt=\"\" title=\"15-min\" width=\"2560\" height=\"1863\" class=\"rev-slidebg tp-rs-img rs-lazyload\" data-lazyload=\"\/\/www.ar-architectes.com\/wp-content\/uploads\/2023\/11\/15-min-scaled.jpg\" data-no-retina>\n<!---->\t\t\t\t\t\t<\/rs-slide>\n\t\t\t\t\t<\/rs-slides>\n\t\t\t\t\t<rs-static-layers><!--\n\t\t\t\t\t--><\/rs-static-layers>\n\t\t\t\t<\/rs-module>\n\t\t\t\t<script>\n\t\t\t\t\tsetREVStartSize({c: 'rev_slider_23_1',rl:[1240,1024,778,480],el:[900],gw:[1240],gh:[900],type:'carousel',justify:'',layout:'fullwidth',thumbh:\"180\",mh:\"0\"});if (window.RS_MODULES!==undefined && window.RS_MODULES.modules!==undefined && window.RS_MODULES.modules[\"revslider231\"]!==undefined) {window.RS_MODULES.modules[\"revslider231\"].once = false;window.revapi23 = undefined;if (window.RS_MODULES.checkMinimal!==undefined) window.RS_MODULES.checkMinimal()}\n\t\t\t\t<\/script>\n\t\t\t<\/rs-module-wrap>\n\t\t\t<!-- END REVOLUTION SLIDER -->\n<\/div>\n\n\t\t\t\t\t\t<\/div>\n\t\t\t\t<\/div>\n\t\t\t\t<\/div>\n\t\t\t\t\t<\/div>\n\t\t\t\t<\/div>\n\t\t<div class=\"elementor-element elementor-element-4d1be87 e-flex e-con-boxed e-con e-parent\" data-id=\"4d1be87\" data-element_type=\"container\" data-e-type=\"container\">\n\t\t\t\t\t<div class=\"e-con-inner\">\n\t\t\t\t<div class=\"elementor-element elementor-element-d34259d download-file-button elementor-widget elementor-widget-bridge_icon_text\" data-id=\"d34259d\" data-element_type=\"widget\" data-e-type=\"widget\" data-widget_type=\"bridge_icon_text.default\">\n\t\t\t\t<div class=\"elementor-widget-container\">\n\t\t\t\t\t<div class='q_icon_with_title small normal_icon '><div class=\"icon_holder \" style=\" \"><span data-icon-type=\"normal\"   style=\"\" class=\"qode_iwt_icon_holder q_font_awsome_icon fa-2x  \"><i class=\"qode_icon_font_awesome fa fa-download qode_iwt_icon_element\" style=\"color: #66B545;\" ><\/i><\/span><\/div><div class=\"icon_text_holder\" style=\"\"><div class=\"icon_text_inner\" style=\"\"><h5 class=\"icon_title\" style=\"color: #000000;font-weight: 700;\"><\/h5><p style='color: #000000'><\/p><a itemprop='url' class='icon_with_title_link' href='https:\/\/www.ar-architectes.com\/wp-content\/uploads\/2023\/11\/AR_ECO-STATION-DES-RIVIERES-STEP_SACLAS_91_FRANCAIS.pdf' target='_self' style='color: #000000;'>T\u00c9L\u00c9CHARGER LA FICHE COMPL\u00c8TE DE CE PROJET<\/a><\/div><\/div><\/div>\t\t\t\t<\/div>\n\t\t\t\t<\/div>\n\t\t\t\t\t<\/div>\n\t\t\t\t<\/div>\n\t\t\t\t<\/div>\n\t\t","protected":false},"excerpt":{"rendered":"<p>La nouvelle \u00e9co station d\u2019\u00e9puration de Saclas, est de proposer une int\u00e9gration dans l\u2019espace naturel sensible environnant.<\/p>\n","protected":false},"featured_media":1159,"template":"","categories":[3],"tags":[6],"class_list":["post-1143","projet","type-projet","status-publish","has-post-thumbnail","hentry","category-france","tag-eco-construction"],"_links":{"self":[{"href":"https:\/\/www.ar-architectes.com\/fr\/wp-json\/wp\/v2\/projet\/1143","targetHints":{"allow":["GET"]}}],"collection":[{"href":"https:\/\/www.ar-architectes.com\/fr\/wp-json\/wp\/v2\/projet"}],"about":[{"href":"https:\/\/www.ar-architectes.com\/fr\/wp-json\/wp\/v2\/types\/projet"}],"version-history":[{"count":8,"href":"https:\/\/www.ar-architectes.com\/fr\/wp-json\/wp\/v2\/projet\/1143\/revisions"}],"predecessor-version":[{"id":1169,"href":"https:\/\/www.ar-architectes.com\/fr\/wp-json\/wp\/v2\/projet\/1143\/revisions\/1169"}],"wp:featuredmedia":[{"embeddable":true,"href":"https:\/\/www.ar-architectes.com\/fr\/wp-json\/wp\/v2\/media\/1159"}],"wp:attachment":[{"href":"https:\/\/www.ar-architectes.com\/fr\/wp-json\/wp\/v2\/media?parent=1143"}],"wp:term":[{"taxonomy":"category","embeddable":true,"href":"https:\/\/www.ar-architectes.com\/fr\/wp-json\/wp\/v2\/categories?post=1143"},{"taxonomy":"post_tag","embeddable":true,"href":"https:\/\/www.ar-architectes.com\/fr\/wp-json\/wp\/v2\/tags?post=1143"}],"curies":[{"name":"wp","href":"https:\/\/api.w.org\/{rel}","templated":true}]}}