{"id":4233,"date":"2024-02-13T15:15:57","date_gmt":"2024-02-13T15:15:57","guid":{"rendered":"https:\/\/www.ar-architectes.com\/?post_type=projet&#038;p=4233"},"modified":"2024-02-13T17:04:18","modified_gmt":"2024-02-13T17:04:18","slug":"residence-de-france-tunisie","status":"publish","type":"projet","link":"https:\/\/www.ar-architectes.com\/fr\/projet\/residence-de-france-tunisie\/","title":{"rendered":"R\u00c9SIDENCE DE FRANCE \u00c0 LA MARSA TUNISIE"},"content":{"rendered":"\t\t<div data-elementor-type=\"wp-post\" data-elementor-id=\"4233\" class=\"elementor elementor-4233\">\n\t\t\t\t<div class=\"elementor-element elementor-element-75bc04f e-flex e-con-boxed e-con e-parent\" data-id=\"75bc04f\" data-element_type=\"container\" data-e-type=\"container\">\n\t\t\t\t\t<div class=\"e-con-inner\">\n\t\t\t\t<div class=\"elementor-element elementor-element-09f10ea elementor-widget elementor-widget-heading\" data-id=\"09f10ea\" data-element_type=\"widget\" data-e-type=\"widget\" data-widget_type=\"heading.default\">\n\t\t\t\t<div class=\"elementor-widget-container\">\n\t\t\t\t\t<h2 class=\"elementor-heading-title elementor-size-default\">\u00c9CO-R\u00c9NOVATION ARCHITECTURALE POUR LA R\u00c9SIDENCE DE FRANCE \u00c0 LA MARSA (TUNISIE)<\/h2>\t\t\t\t<\/div>\n\t\t\t\t<\/div>\n\t\t\t\t\t<\/div>\n\t\t\t\t<\/div>\n\t\t<div class=\"elementor-element elementor-element-1cfadb7 e-flex e-con-boxed e-con e-parent\" data-id=\"1cfadb7\" data-element_type=\"container\" data-e-type=\"container\">\n\t\t\t\t\t<div class=\"e-con-inner\">\n\t\t<div class=\"elementor-element elementor-element-a5b518f e-con-full e-flex e-con e-child\" data-id=\"a5b518f\" data-element_type=\"container\" data-e-type=\"container\">\n\t\t\t\t<div class=\"elementor-element elementor-element-552c5b8 projets-highlight elementor-widget elementor-widget-text-editor\" data-id=\"552c5b8\" data-element_type=\"widget\" data-e-type=\"widget\" data-widget_type=\"text-editor.default\">\n\t\t\t\t<div class=\"elementor-widget-container\">\n\t\t\t\t\t\t\t\t\t<p><strong>Ma\u00eetre d\u2019ouvrage\u00a0:<\/strong> Minist\u00e8re de l&rsquo;Europe et des Affaires \u00c9trang\u00e8res<\/p><p><strong>Localisation\u00a0: <\/strong>La Marsa (Tunisie)<\/p><p><strong>Projet\u00a0:<\/strong>\u00a0R\u00e9novation de la r\u00e9sidence de France pour l&rsquo;Ambassade de France en Tunisie<\/p><p><strong>Ma\u00eetrise d\u2019\u0153uvre\u00a0:<\/strong>\u00a0SUD ARCHITECTES, AR ARCHITECTES, MOHAMED MACHTA ARCHITECTE, TEM PARTNERS, STREM INGENIERIE<\/p><p><strong style=\"background-color: #f6f6f6;\">Surface :\u00a0<\/strong><span style=\"background-color: #f6f6f6; text-align: var(--text-align);\">1600 m\u00b2<\/span><\/p><p><span style=\"background-color: #f6f6f6; text-align: var(--text-align); font-size: 17px;\"><span style=\"color: #66b545;\"><b>Budget :<\/b><\/span><\/span><span style=\"background-color: #f6f6f6; text-align: var(--text-align);\">\u00a03 900 000 euros HT<\/span><\/p><p><strong>Calendrier\u00a0: <\/strong>Concours 2023<\/p>\t\t\t\t\t\t\t\t<\/div>\n\t\t\t\t<\/div>\n\t\t\t\t<div class=\"elementor-element elementor-element-f8595a0 elementor-widget elementor-widget-text-editor\" data-id=\"f8595a0\" data-element_type=\"widget\" data-e-type=\"widget\" data-widget_type=\"text-editor.default\">\n\t\t\t\t<div class=\"elementor-widget-container\">\n\t\t\t\t\t\t\t\t\t<p>L&rsquo;objet de l&rsquo;op\u00e9ration consiste \u00e0<b> r\u00e9nover et restructu<\/b><strong>rer<\/strong> partiellement certaines zones de la r\u00e9sidence de l&rsquo;ambassadeur de France situ\u00e9e \u00e0 La Marsa en Tunisie. De mani\u00e8re g\u00e9n\u00e9rale, les installations seront con\u00e7ues dans un objectif de <b>r\u00e9duction des consommations et de performance \u00e9nerg\u00e9tique<\/b>. Les enjeux de cette op\u00e9ration sont de r\u00e9nover la r\u00e9sidence, r\u00e9organiser certains espaces pour former un ensemble coh\u00e9rent et fonctionnel, <b>mettre en valeur le patrimoine et la qualit\u00e9 architecturale des lieux, int\u00e9grer une d\u00e9marche de performance environnementale<\/b> adapt\u00e9e \u00e0 l&rsquo;op\u00e9ration, am\u00e9liorer l&rsquo;accessibilit\u00e9 aux personnes \u00e0 mobilit\u00e9 r\u00e9duite, r\u00e9am\u00e9nager les espaces ext\u00e9rieurs de la parcelle \u00e9tendue (voirie d&rsquo;acc\u00e8s, espaces verts&#8230;) tout en assurant une continuit\u00e9 de service pendant les travaux.<\/p>\t\t\t\t\t\t\t\t<\/div>\n\t\t\t\t<\/div>\n\t\t\t\t<\/div>\n\t\t<div class=\"elementor-element elementor-element-6f696fa e-con-full e-flex e-con e-child\" data-id=\"6f696fa\" data-element_type=\"container\" data-e-type=\"container\">\n\t\t\t\t<div class=\"elementor-element elementor-element-a1efa67 elementor-widget elementor-widget-slider_revolution\" data-id=\"a1efa67\" data-element_type=\"widget\" data-e-type=\"widget\" data-widget_type=\"slider_revolution.default\">\n\t\t\t\t<div class=\"elementor-widget-container\">\n\t\t\t\t\t\n\t\t<div class=\"wp-block-themepunch-revslider\">\n\t\t\t<!-- START R\u00e9sidence de France en Tunisie REVOLUTION SLIDER 6.6.16 --><p class=\"rs-p-wp-fix\"><\/p>\n\t\t\t<rs-module-wrap id=\"rev_slider_68_1_wrapper\" data-source=\"gallery\" style=\"visibility:hidden;background:transparent;padding:0;margin:0px auto;margin-top:0;margin-bottom:0;\">\n\t\t\t\t<rs-module id=\"rev_slider_68_1\" style=\"\" data-version=\"6.6.16\">\n\t\t\t\t\t<rs-slides style=\"overflow: hidden; position: absolute;\">\n\t\t\t\t\t\t<rs-slide style=\"position: absolute;\" data-key=\"rs-715\" data-title=\"Slide\" data-thumb=\"\/\/www.ar-architectes.com\/wp-content\/uploads\/2024\/07\/AR_VUE-EN-PERSPECTIVE_170124-scaled.jpg\" data-in=\"o:0;\" data-out=\"a:false;\">\n\t\t\t\t\t\t\t<img fetchpriority=\"high\" decoding=\"async\" src=\"\/\/www.ar-architectes.com\/wp-content\/plugins\/revslider\/public\/assets\/assets\/dummy.png\" alt=\"\" title=\"AR_VUE EN PERSPECTIVE_170124\" width=\"2560\" height=\"1440\" class=\"rev-slidebg tp-rs-img rs-lazyload\" data-lazyload=\"\/\/www.ar-architectes.com\/wp-content\/uploads\/2024\/07\/AR_VUE-EN-PERSPECTIVE_170124-scaled.jpg\" data-bg=\"f:contain;\" data-no-retina>\n<!---->\t\t\t\t\t\t<\/rs-slide>\n\t\t\t\t\t\t<rs-slide style=\"position: absolute;\" data-key=\"rs-721\" data-title=\"Slide\" data-thumb=\"\/\/www.ar-architectes.com\/wp-content\/uploads\/2024\/07\/AR_4223_NATUROSMOSE_LOGO_MAYOTTE_170124.png\" data-in=\"o:0;\" data-out=\"a:false;\">\n\t\t\t\t\t\t\t<img decoding=\"async\" src=\"\/\/www.ar-architectes.com\/wp-content\/plugins\/revslider\/public\/assets\/assets\/dummy.png\" alt=\"\" title=\"AR_4223_NATUR&rsquo;OSMOSE_LOGO_MAYOTTE_170124\" width=\"1168\" height=\"1005\" class=\"rev-slidebg tp-rs-img rs-lazyload\" data-lazyload=\"\/\/www.ar-architectes.com\/wp-content\/uploads\/2024\/07\/AR_4223_NATUROSMOSE_LOGO_MAYOTTE_170124.png\" data-bg=\"f:contain;\" data-no-retina>\n<!---->\t\t\t\t\t\t<\/rs-slide>\n\t\t\t\t\t\t<rs-slide style=\"position: absolute;\" data-key=\"rs-722\" data-title=\"Slide\" data-thumb=\"\/\/www.ar-architectes.com\/wp-content\/uploads\/2024\/07\/AR_4223_MGP_PLAN-MASSE-PAYSAGER_180124.jpg\" data-in=\"o:0;\" data-out=\"a:false;\">\n\t\t\t\t\t\t\t<img decoding=\"async\" src=\"\/\/www.ar-architectes.com\/wp-content\/plugins\/revslider\/public\/assets\/assets\/dummy.png\" alt=\"\" title=\"AR_4223_MGP_PLAN MASSE PAYSAGER_180124\" width=\"9629\" height=\"5863\" class=\"rev-slidebg tp-rs-img rs-lazyload\" data-lazyload=\"\/\/www.ar-architectes.com\/wp-content\/uploads\/2024\/07\/AR_4223_MGP_PLAN-MASSE-PAYSAGER_180124.jpg\" data-bg=\"f:contain;\" data-no-retina>\n<!---->\t\t\t\t\t\t<\/rs-slide>\n\t\t\t\t\t\t<rs-slide style=\"position: absolute;\" data-key=\"rs-716\" data-title=\"Slide\" data-thumb=\"\/\/www.ar-architectes.com\/wp-content\/uploads\/2024\/07\/AR_4223_MGP-USINE-MAYOTTE_OFFRE_COUPE-HQE-scaled.jpg\" data-in=\"o:0;\" data-out=\"a:false;\">\n\t\t\t\t\t\t\t<img loading=\"lazy\" decoding=\"async\" src=\"\/\/www.ar-architectes.com\/wp-content\/plugins\/revslider\/public\/assets\/assets\/dummy.png\" alt=\"\" title=\"AR_4223_MGP USINE MAYOTTE_OFFRE_COUPE HQE\" width=\"2560\" height=\"1158\" class=\"rev-slidebg tp-rs-img rs-lazyload\" data-lazyload=\"\/\/www.ar-architectes.com\/wp-content\/uploads\/2024\/07\/AR_4223_MGP-USINE-MAYOTTE_OFFRE_COUPE-HQE-scaled.jpg\" data-bg=\"f:contain;\" data-no-retina>\n<!---->\t\t\t\t\t\t<\/rs-slide>\n\t\t\t\t\t\t<rs-slide style=\"position: absolute;\" data-key=\"rs-717\" data-title=\"Slide\" data-thumb=\"\/\/www.ar-architectes.com\/wp-content\/uploads\/2024\/07\/AR_40223_MGP-USINE-MAYOTTE_FACADE-OUEST_180124-scaled.jpg\" data-in=\"o:0;\" data-out=\"a:false;\">\n\t\t\t\t\t\t\t<img loading=\"lazy\" decoding=\"async\" src=\"\/\/www.ar-architectes.com\/wp-content\/plugins\/revslider\/public\/assets\/assets\/dummy.png\" alt=\"\" title=\"AR_40223_MGP USINE MAYOTTE_FACADE OUEST_180124\" width=\"2560\" height=\"730\" class=\"rev-slidebg tp-rs-img rs-lazyload\" data-lazyload=\"\/\/www.ar-architectes.com\/wp-content\/uploads\/2024\/07\/AR_40223_MGP-USINE-MAYOTTE_FACADE-OUEST_180124-scaled.jpg\" data-bg=\"f:contain;\" data-no-retina>\n<!---->\t\t\t\t\t\t<\/rs-slide>\n\t\t\t\t\t\t<rs-slide style=\"position: absolute;\" data-key=\"rs-718\" data-title=\"Slide\" data-thumb=\"\/\/www.ar-architectes.com\/wp-content\/uploads\/2024\/07\/AR_40223_MGP-USINE-MAYOTTE_FACADE-EST_180124-scaled.jpg\" data-in=\"o:0;\" data-out=\"a:false;\">\n\t\t\t\t\t\t\t<img loading=\"lazy\" decoding=\"async\" src=\"\/\/www.ar-architectes.com\/wp-content\/plugins\/revslider\/public\/assets\/assets\/dummy.png\" alt=\"\" title=\"AR_40223_MGP USINE MAYOTTE_FACADE EST_180124\" width=\"2560\" height=\"592\" class=\"rev-slidebg tp-rs-img rs-lazyload\" data-lazyload=\"\/\/www.ar-architectes.com\/wp-content\/uploads\/2024\/07\/AR_40223_MGP-USINE-MAYOTTE_FACADE-EST_180124-scaled.jpg\" data-bg=\"f:contain;\" data-no-retina>\n<!---->\t\t\t\t\t\t<\/rs-slide>\n\t\t\t\t\t<\/rs-slides>\n\t\t\t\t\t<rs-static-layers><!--\n\t\t\t\t\t--><\/rs-static-layers>\n\t\t\t\t<\/rs-module>\n\t\t\t\t<script>\n\t\t\t\t\tsetREVStartSize({c: 'rev_slider_68_1',rl:[1240,1024,778,480],el:[900],gw:[1240],gh:[900],type:'carousel',justify:'',layout:'fullwidth',thumbh:\"180\",mh:\"0\"});if (window.RS_MODULES!==undefined && window.RS_MODULES.modules!==undefined && window.RS_MODULES.modules[\"revslider681\"]!==undefined) {window.RS_MODULES.modules[\"revslider681\"].once = false;window.revapi68 = undefined;if (window.RS_MODULES.checkMinimal!==undefined) window.RS_MODULES.checkMinimal()}\n\t\t\t\t<\/script>\n\t\t\t<\/rs-module-wrap>\n\t\t\t<!-- END REVOLUTION SLIDER -->\n<\/div>\n\n\t\t\t\t\t\t<\/div>\n\t\t\t\t<\/div>\n\t\t\t\t<\/div>\n\t\t\t\t\t<\/div>\n\t\t\t\t<\/div>\n\t\t<div class=\"elementor-element elementor-element-4d1be87 e-flex e-con-boxed e-con e-parent\" data-id=\"4d1be87\" data-element_type=\"container\" data-e-type=\"container\">\n\t\t\t\t\t<div class=\"e-con-inner\">\n\t\t\t\t<div class=\"elementor-element elementor-element-d34259d download-file-button elementor-widget elementor-widget-bridge_icon_text\" data-id=\"d34259d\" data-element_type=\"widget\" data-e-type=\"widget\" data-widget_type=\"bridge_icon_text.default\">\n\t\t\t\t<div class=\"elementor-widget-container\">\n\t\t\t\t\t<div class='q_icon_with_title small normal_icon '><div class=\"icon_holder \" style=\" \"><span data-icon-type=\"normal\"   style=\"\" class=\"qode_iwt_icon_holder q_font_awsome_icon fa-2x  \"><i class=\"qode_icon_font_awesome fa fa-download qode_iwt_icon_element\" style=\"color: #66B545;\" ><\/i><\/span><\/div><div class=\"icon_text_holder\" style=\"\"><div class=\"icon_text_inner\" style=\"\"><h5 class=\"icon_title\" style=\"color: #000000;font-weight: 700;\"><\/h5><p style='color: #000000'><\/p><a itemprop='url' class='icon_with_title_link' href='https:\/\/www.ar-architectes.com\/wp-content\/uploads\/2024\/02\/AR_FICHE-PROJET_RESIDENCE-DE-FRANCE-A-LA-MARSA_050224.pdf' target='_self' style='color: #000000;'>T\u00c9L\u00c9CHARGER LA FICHE COMPL\u00c8TE DE CE PROJET<\/a><\/div><\/div><\/div>\t\t\t\t<\/div>\n\t\t\t\t<\/div>\n\t\t\t\t\t<\/div>\n\t\t\t\t<\/div>\n\t\t\t\t<\/div>\n\t\t","protected":false},"excerpt":{"rendered":"<p>L\u2019objet de l\u2019op\u00e9ration consiste \u00e0 r\u00e9nover et restructurer partiellement certaines zones de la r\u00e9sidence de l\u2019ambassadeur de France situ\u00e9e \u00e0 La Marsa en Tunisie.<\/p>\n","protected":false},"featured_media":4254,"template":"","categories":[4],"tags":[5],"class_list":["post-4233","projet","type-projet","status-publish","has-post-thumbnail","hentry","category-international","tag-eco-renovation"],"_links":{"self":[{"href":"https:\/\/www.ar-architectes.com\/fr\/wp-json\/wp\/v2\/projet\/4233","targetHints":{"allow":["GET"]}}],"collection":[{"href":"https:\/\/www.ar-architectes.com\/fr\/wp-json\/wp\/v2\/projet"}],"about":[{"href":"https:\/\/www.ar-architectes.com\/fr\/wp-json\/wp\/v2\/types\/projet"}],"version-history":[{"count":18,"href":"https:\/\/www.ar-architectes.com\/fr\/wp-json\/wp\/v2\/projet\/4233\/revisions"}],"predecessor-version":[{"id":6528,"href":"https:\/\/www.ar-architectes.com\/fr\/wp-json\/wp\/v2\/projet\/4233\/revisions\/6528"}],"wp:featuredmedia":[{"embeddable":true,"href":"https:\/\/www.ar-architectes.com\/fr\/wp-json\/wp\/v2\/media\/4254"}],"wp:attachment":[{"href":"https:\/\/www.ar-architectes.com\/fr\/wp-json\/wp\/v2\/media?parent=4233"}],"wp:term":[{"taxonomy":"category","embeddable":true,"href":"https:\/\/www.ar-architectes.com\/fr\/wp-json\/wp\/v2\/categories?post=4233"},{"taxonomy":"post_tag","embeddable":true,"href":"https:\/\/www.ar-architectes.com\/fr\/wp-json\/wp\/v2\/tags?post=4233"}],"curies":[{"name":"wp","href":"https:\/\/api.w.org\/{rel}","templated":true}]}}