{"id":4367,"date":"2023-09-18T13:45:23","date_gmt":"2023-09-18T13:45:23","guid":{"rendered":"https:\/\/www.ar-architectes.com\/?post_type=projet&#038;p=4367"},"modified":"2024-09-02T14:15:51","modified_gmt":"2024-09-02T14:15:51","slug":"poste-electrique-sous-enveloppe-metallique-daulnay-sous-bois-93","status":"publish","type":"projet","link":"https:\/\/www.ar-architectes.com\/fr\/projet\/poste-electrique-sous-enveloppe-metallique-daulnay-sous-bois-93\/","title":{"rendered":"Poste \u00e9lectrique sous enveloppe m\u00e9tallique d&rsquo;Aulnay-Sous-Bois (93)"},"content":{"rendered":"\t\t<div data-elementor-type=\"wp-post\" data-elementor-id=\"4367\" class=\"elementor elementor-4367\">\n\t\t\t\t<div class=\"elementor-element elementor-element-75bc04f e-flex e-con-boxed e-con e-parent\" data-id=\"75bc04f\" data-element_type=\"container\" data-e-type=\"container\">\n\t\t\t\t\t<div class=\"e-con-inner\">\n\t\t\t\t<div class=\"elementor-element elementor-element-09f10ea elementor-widget elementor-widget-heading\" data-id=\"09f10ea\" data-element_type=\"widget\" data-e-type=\"widget\" data-widget_type=\"heading.default\">\n\t\t\t\t<div class=\"elementor-widget-container\">\n\t\t\t\t\t<h2 class=\"elementor-heading-title elementor-size-default\">la lisi\u00e8re urbaine - poste \u00e9lectrique sous enveloppe m\u00e9tallique d'aulnay-sous-bois (93)<\/h2>\t\t\t\t<\/div>\n\t\t\t\t<\/div>\n\t\t\t\t\t<\/div>\n\t\t\t\t<\/div>\n\t\t<div class=\"elementor-element elementor-element-1cfadb7 e-flex e-con-boxed e-con e-parent\" data-id=\"1cfadb7\" data-element_type=\"container\" data-e-type=\"container\">\n\t\t\t\t\t<div class=\"e-con-inner\">\n\t\t<div class=\"elementor-element elementor-element-a5b518f e-con-full e-flex e-con e-child\" data-id=\"a5b518f\" data-element_type=\"container\" data-e-type=\"container\">\n\t\t\t\t<div class=\"elementor-element elementor-element-552c5b8 projets-highlight elementor-widget elementor-widget-text-editor\" data-id=\"552c5b8\" data-element_type=\"widget\" data-e-type=\"widget\" data-widget_type=\"text-editor.default\">\n\t\t\t\t<div class=\"elementor-widget-container\">\n\t\t\t\t\t\t\t\t\t<p><strong>Ma\u00eetre d\u2019ouvrage\u00a0:<\/strong> RTE (R\u00e9seau de Transport Electrique)<\/p><p><strong>Localisation\u00a0:<\/strong> Aulnay-Sous-Bois (93)<\/p><p><strong>Projet\u00a0:<\/strong> Construction d\u2019un poste \u00e9lectrique sous enveloppe m\u00e9tallique pour un datacenter<\/p><p><strong>Ma\u00eetrise d\u2019\u0153uvre\u00a0:\u00a0<\/strong>AR ARCHI\u00adTECTES, TEM PARTNERS<\/p><p><strong>Surface\u00a0: <\/strong>1 230 m\u00b2 SDP, parcelle 2 320 m\u00b2<\/p><p><strong>Budget\u00a0:<\/strong>\u00a04 896 480 \u20ac HT<\/p><p><strong style=\"text-align: var(--text-align);\">Calendrier\u00a0: <\/strong><span style=\"text-align: var(--text-align);\">Concours 2023<\/span><\/p>\t\t\t\t\t\t\t\t<\/div>\n\t\t\t\t<\/div>\n\t\t\t\t<div class=\"elementor-element elementor-element-f8595a0 elementor-widget elementor-widget-text-editor\" data-id=\"f8595a0\" data-element_type=\"widget\" data-e-type=\"widget\" data-widget_type=\"text-editor.default\">\n\t\t\t\t<div class=\"elementor-widget-container\">\n\t\t\t\t\t\t\t\t\t<p><span class=\"fontstyle0\">Situ\u00e9 <\/span><span class=\"fontstyle2\"><b>\u00e0 la rencontre d\u2019un tissu urbain industriel, d\u2019une zone tertiaire et d\u2019espaces naturels prot\u00e9g\u00e9s (site ZNIEFF type II)<\/b>, <\/span><span class=\"fontstyle0\">le site du futur PSEM de DATA HILLS \u00e0 Aulnay-Sous-Bois (95) s\u2019int\u00e8grera dans un <\/span><span class=\"fontstyle2\"><b>environnement complexe et riche<\/b><\/span><span class=\"fontstyle0\">, comportant de nombreux <\/span><span class=\"fontstyle2\"><b>enjeux environnementaux dont la sauvegarde de la biodiversit\u00e9 des espaces naturels avoisinants<\/b>. <\/span><span class=\"fontstyle0\">Ainsi est n\u00e9 le projet de<b> <\/b><\/span><span class=\"fontstyle3\"><b>La Lisi\u00e8re Urbaine\u00a9 : B\u00e2timents PSEM de d\u2019Aulnay-sous-Bois.<\/b><\/span><\/p><p>\u00a0<\/p><p><span class=\"fontstyle0\">Les b\u00e2timents sont <\/span><span class=\"fontstyle2\"><b>\u00e9co-con\u00e7us<\/b> <\/span><span class=\"fontstyle0\">bas carbone. Le b\u00e2timent du PSEM est en structure en b\u00e9ton, rev\u00eatu d\u2019un <\/span><span class=\"fontstyle2\"><b>bardage m\u00e9tallique<\/b> <b>et bois de pin Douglas<\/b><\/span><span class=\"fontstyle0\">. Le b\u00e2timent technique est en <\/span><span class=\"fontstyle2\"><b>ossature bois, isol\u00e9 en fibre de bois<\/b> <\/span><span class=\"fontstyle0\">et rev\u00eatue d\u2019un bardage m\u00e9tallique. Les toitures, l\u2019infrastructure (sol) sont <\/span><span class=\"fontstyle2\"><b>v\u00e9g\u00e9talis\u00e9es en lien avec la nature avoisinante.<\/b><\/span><\/p>\t\t\t\t\t\t\t\t<\/div>\n\t\t\t\t<\/div>\n\t\t\t\t<\/div>\n\t\t<div class=\"elementor-element elementor-element-6f696fa e-con-full e-flex e-con e-child\" data-id=\"6f696fa\" data-element_type=\"container\" data-e-type=\"container\">\n\t\t\t\t<div class=\"elementor-element elementor-element-a1efa67 elementor-widget elementor-widget-slider_revolution\" data-id=\"a1efa67\" data-element_type=\"widget\" data-e-type=\"widget\" data-widget_type=\"slider_revolution.default\">\n\t\t\t\t<div class=\"elementor-widget-container\">\n\t\t\t\t\t\n\t\t<div class=\"wp-block-themepunch-revslider\">\n\t\t\t<!-- START Concours PSEM AulnaysousBois REVOLUTION SLIDER 6.6.16 --><p class=\"rs-p-wp-fix\"><\/p>\n\t\t\t<rs-module-wrap id=\"rev_slider_70_1_wrapper\" data-source=\"gallery\" style=\"visibility:hidden;background:transparent;padding:0;margin:0px auto;margin-top:0;margin-bottom:0;\">\n\t\t\t\t<rs-module id=\"rev_slider_70_1\" style=\"\" data-version=\"6.6.16\">\n\t\t\t\t\t<rs-slides style=\"overflow: hidden; position: absolute;\">\n\t\t\t\t\t\t<rs-slide style=\"position: absolute;\" data-key=\"rs-728\" data-title=\"Slide\" data-thumb=\"\/\/www.ar-architectes.com\/wp-content\/uploads\/2024\/03\/AR_3623_PSEM-AULNAY-SOUS-BOIS_PERSPECTIVE-scaled.jpg\" data-in=\"o:0;\" data-out=\"a:false;\">\n\t\t\t\t\t\t\t<img fetchpriority=\"high\" decoding=\"async\" src=\"\/\/www.ar-architectes.com\/wp-content\/plugins\/revslider\/public\/assets\/assets\/dummy.png\" alt=\"\" title=\"AR_PSEM AULNAY SOUS BOIS_PERSPECTIVE\" width=\"2560\" height=\"1810\" class=\"rev-slidebg tp-rs-img rs-lazyload\" data-lazyload=\"\/\/www.ar-architectes.com\/wp-content\/uploads\/2024\/03\/AR_3623_PSEM-AULNAY-SOUS-BOIS_PERSPECTIVE-scaled.jpg\" data-bg=\"f:contain;\" data-no-retina>\n<!---->\t\t\t\t\t\t<\/rs-slide>\n\t\t\t\t\t\t<rs-slide style=\"position: absolute;\" data-key=\"rs-729\" data-title=\"Slide\" data-thumb=\"\/\/www.ar-architectes.com\/wp-content\/uploads\/2024\/03\/AR_3623_PLAN-MASSE_COLORISE.jpg\" data-in=\"o:0;\" data-out=\"a:false;\">\n\t\t\t\t\t\t\t<img decoding=\"async\" src=\"\/\/www.ar-architectes.com\/wp-content\/plugins\/revslider\/public\/assets\/assets\/dummy.png\" alt=\"\" title=\"AR_3623_PLAN MASSE_COLORISE\" width=\"8861\" height=\"6267\" class=\"rev-slidebg tp-rs-img rs-lazyload\" data-lazyload=\"\/\/www.ar-architectes.com\/wp-content\/uploads\/2024\/03\/AR_3623_PLAN-MASSE_COLORISE.jpg\" data-bg=\"f:contain;\" data-no-retina>\n<!---->\t\t\t\t\t\t<\/rs-slide>\n\t\t\t\t\t\t<rs-slide style=\"position: absolute;\" data-key=\"rs-730\" data-title=\"Slide\" data-thumb=\"\/\/www.ar-architectes.com\/wp-content\/uploads\/2024\/03\/AR_3623_PSEM-AULNAY-SOUS-BOIS_COUPE-HQE-scaled.jpg\" data-in=\"o:0;\" data-out=\"a:false;\">\n\t\t\t\t\t\t\t<img decoding=\"async\" src=\"\/\/www.ar-architectes.com\/wp-content\/plugins\/revslider\/public\/assets\/assets\/dummy.png\" alt=\"\" title=\"AR_3623_PSEM AULNAY SOUS BOIS_COUPE HQE\" width=\"2560\" height=\"1299\" class=\"rev-slidebg tp-rs-img rs-lazyload\" data-lazyload=\"\/\/www.ar-architectes.com\/wp-content\/uploads\/2024\/03\/AR_3623_PSEM-AULNAY-SOUS-BOIS_COUPE-HQE-scaled.jpg\" data-bg=\"f:contain;\" data-no-retina>\n<!---->\t\t\t\t\t\t<\/rs-slide>\n\t\t\t\t\t\t<rs-slide style=\"position: absolute;\" data-key=\"rs-733\" data-title=\"Slide\" data-thumb=\"\/\/www.ar-architectes.com\/wp-content\/uploads\/2024\/03\/AR_3623_PSEM-DAULNAY-SOUS-BOIS_A1_181223.jpg\" data-in=\"o:0;\" data-out=\"a:false;\">\n\t\t\t\t\t\t\t<img loading=\"lazy\" decoding=\"async\" src=\"\/\/www.ar-architectes.com\/wp-content\/plugins\/revslider\/public\/assets\/assets\/dummy.png\" alt=\"\" title=\"AR_3623_PSEM D&rsquo;AULNAY SOUS BOIS_A1_181223\" width=\"14031\" height=\"19866\" class=\"rev-slidebg tp-rs-img rs-lazyload\" data-lazyload=\"\/\/www.ar-architectes.com\/wp-content\/uploads\/2024\/03\/AR_3623_PSEM-DAULNAY-SOUS-BOIS_A1_181223.jpg\" data-bg=\"f:contain;\" data-no-retina>\n<!---->\t\t\t\t\t\t<\/rs-slide>\n\t\t\t\t\t\t<rs-slide style=\"position: absolute;\" data-key=\"rs-731\" data-title=\"Slide\" data-thumb=\"\/\/www.ar-architectes.com\/wp-content\/uploads\/2024\/03\/AR_3623_PSEM-AULNAY-SOUS-BOIS_FACADE_SUD-EST-scaled.jpg\" data-in=\"o:0;\" data-out=\"a:false;\">\n\t\t\t\t\t\t\t<img loading=\"lazy\" decoding=\"async\" src=\"\/\/www.ar-architectes.com\/wp-content\/plugins\/revslider\/public\/assets\/assets\/dummy.png\" alt=\"\" title=\"AR_3623_PSEM AULNAY SOUS BOIS_FACADE_SUD EST\" width=\"2560\" height=\"1900\" class=\"rev-slidebg tp-rs-img rs-lazyload\" data-lazyload=\"\/\/www.ar-architectes.com\/wp-content\/uploads\/2024\/03\/AR_3623_PSEM-AULNAY-SOUS-BOIS_FACADE_SUD-EST-scaled.jpg\" data-bg=\"f:contain;\" data-no-retina>\n<!---->\t\t\t\t\t\t<\/rs-slide>\n\t\t\t\t\t\t<rs-slide style=\"position: absolute;\" data-key=\"rs-732\" data-title=\"Slide\" data-thumb=\"\/\/www.ar-architectes.com\/wp-content\/uploads\/2024\/03\/AR_3623_PSEM-AULNAY-SOUS-BOIS_FACADE_NORD-OUEST-scaled.jpg\" data-in=\"o:0;\" data-out=\"a:false;\">\n\t\t\t\t\t\t\t<img loading=\"lazy\" decoding=\"async\" src=\"\/\/www.ar-architectes.com\/wp-content\/plugins\/revslider\/public\/assets\/assets\/dummy.png\" alt=\"\" title=\"AR_3623_PSEM AULNAY SOUS BOIS_FACADE_NORD OUEST\" width=\"2560\" height=\"1756\" class=\"rev-slidebg tp-rs-img rs-lazyload\" data-lazyload=\"\/\/www.ar-architectes.com\/wp-content\/uploads\/2024\/03\/AR_3623_PSEM-AULNAY-SOUS-BOIS_FACADE_NORD-OUEST-scaled.jpg\" data-bg=\"f:contain;\" data-no-retina>\n<!---->\t\t\t\t\t\t<\/rs-slide>\n\t\t\t\t\t\t<rs-slide style=\"position: absolute;\" data-key=\"rs-803\" data-title=\"Slide\" data-thumb=\"\/\/www.ar-architectes.com\/wp-content\/uploads\/2024\/03\/AR_3623_PSEM-AULNAY-SOUS-BOIS_FACADE_SUD-OUEST-scaled.jpg\" data-in=\"o:0;\" data-out=\"a:false;\">\n\t\t\t\t\t\t\t<img loading=\"lazy\" decoding=\"async\" src=\"\/\/www.ar-architectes.com\/wp-content\/plugins\/revslider\/public\/assets\/assets\/dummy.png\" alt=\"\" title=\"AR_3623_PSEM AULNAY SOUS BOIS_FACADE_SUD OUEST\" width=\"2560\" height=\"984\" class=\"rev-slidebg tp-rs-img rs-lazyload\" data-lazyload=\"\/\/www.ar-architectes.com\/wp-content\/uploads\/2024\/03\/AR_3623_PSEM-AULNAY-SOUS-BOIS_FACADE_SUD-OUEST-scaled.jpg\" data-bg=\"f:contain;\" data-no-retina>\n<!---->\t\t\t\t\t\t<\/rs-slide>\n\t\t\t\t\t<\/rs-slides>\n\t\t\t\t\t<rs-static-layers><!--\n\t\t\t\t\t--><\/rs-static-layers>\n\t\t\t\t<\/rs-module>\n\t\t\t\t<script>\n\t\t\t\t\tsetREVStartSize({c: 'rev_slider_70_1',rl:[1240,1024,778,480],el:[900],gw:[1240],gh:[900],type:'carousel',justify:'',layout:'fullwidth',thumbh:\"180\",mh:\"0\"});if (window.RS_MODULES!==undefined && window.RS_MODULES.modules!==undefined && window.RS_MODULES.modules[\"revslider701\"]!==undefined) {window.RS_MODULES.modules[\"revslider701\"].once = false;window.revapi70 = undefined;if (window.RS_MODULES.checkMinimal!==undefined) window.RS_MODULES.checkMinimal()}\n\t\t\t\t<\/script>\n\t\t\t<\/rs-module-wrap>\n\t\t\t<!-- END REVOLUTION SLIDER -->\n<\/div>\n\n\t\t\t\t\t\t<\/div>\n\t\t\t\t<\/div>\n\t\t\t\t<\/div>\n\t\t\t\t\t<\/div>\n\t\t\t\t<\/div>\n\t\t<div class=\"elementor-element elementor-element-4d1be87 e-flex e-con-boxed e-con e-parent\" data-id=\"4d1be87\" data-element_type=\"container\" data-e-type=\"container\">\n\t\t\t\t\t<div class=\"e-con-inner\">\n\t\t\t\t<div class=\"elementor-element elementor-element-d34259d download-file-button elementor-widget elementor-widget-bridge_icon_text\" data-id=\"d34259d\" data-element_type=\"widget\" data-e-type=\"widget\" data-widget_type=\"bridge_icon_text.default\">\n\t\t\t\t<div class=\"elementor-widget-container\">\n\t\t\t\t\t<div class='q_icon_with_title small normal_icon '><div class=\"icon_holder \" style=\" \"><span data-icon-type=\"normal\"   style=\"\" class=\"qode_iwt_icon_holder q_font_awsome_icon fa-2x  \"><i class=\"qode_icon_font_awesome fa fa-download qode_iwt_icon_element\" style=\"color: #66B545;\" ><\/i><\/span><\/div><div class=\"icon_text_holder\" style=\"\"><div class=\"icon_text_inner\" style=\"\"><h5 class=\"icon_title\" style=\"color: #000000;font-weight: 700;\"><\/h5><p style='color: #000000'><\/p><a itemprop='url' class='icon_with_title_link' href='https:\/\/www.ar-architectes.com\/wp-content\/uploads\/2024\/03\/AR_FICHE-PROJET_PSEM-AULNAY-SOUS-BOIS_071123-1.pdf' target='_self' style='color: #000000;'>T\u00c9L\u00c9CHARGER LA FICHE COMPL\u00c8TE DE CE PROJET<\/a><\/div><\/div><\/div>\t\t\t\t<\/div>\n\t\t\t\t<\/div>\n\t\t\t\t\t<\/div>\n\t\t\t\t<\/div>\n\t\t\t\t<\/div>\n\t\t","protected":false},"excerpt":{"rendered":"<p>Site du futur PSEM de DATA HILLS \u00e0 Aulnay-Sous-Bois (95)<\/p>\n","protected":false},"featured_media":4361,"template":"","categories":[3],"tags":[6],"class_list":["post-4367","projet","type-projet","status-publish","has-post-thumbnail","hentry","category-france","tag-eco-construction"],"_links":{"self":[{"href":"https:\/\/www.ar-architectes.com\/fr\/wp-json\/wp\/v2\/projet\/4367","targetHints":{"allow":["GET"]}}],"collection":[{"href":"https:\/\/www.ar-architectes.com\/fr\/wp-json\/wp\/v2\/projet"}],"about":[{"href":"https:\/\/www.ar-architectes.com\/fr\/wp-json\/wp\/v2\/types\/projet"}],"version-history":[{"count":22,"href":"https:\/\/www.ar-architectes.com\/fr\/wp-json\/wp\/v2\/projet\/4367\/revisions"}],"predecessor-version":[{"id":4416,"href":"https:\/\/www.ar-architectes.com\/fr\/wp-json\/wp\/v2\/projet\/4367\/revisions\/4416"}],"wp:featuredmedia":[{"embeddable":true,"href":"https:\/\/www.ar-architectes.com\/fr\/wp-json\/wp\/v2\/media\/4361"}],"wp:attachment":[{"href":"https:\/\/www.ar-architectes.com\/fr\/wp-json\/wp\/v2\/media?parent=4367"}],"wp:term":[{"taxonomy":"category","embeddable":true,"href":"https:\/\/www.ar-architectes.com\/fr\/wp-json\/wp\/v2\/categories?post=4367"},{"taxonomy":"post_tag","embeddable":true,"href":"https:\/\/www.ar-architectes.com\/fr\/wp-json\/wp\/v2\/tags?post=4367"}],"curies":[{"name":"wp","href":"https:\/\/api.w.org\/{rel}","templated":true}]}}