{"id":6400,"date":"2023-08-14T14:54:56","date_gmt":"2023-08-14T14:54:56","guid":{"rendered":"https:\/\/www.ar-architectes.com\/?post_type=projet&#038;p=6400"},"modified":"2025-05-14T15:17:59","modified_gmt":"2025-05-14T15:17:59","slug":"la-decheterie-depreville-76","status":"publish","type":"projet","link":"https:\/\/www.ar-architectes.com\/fr\/projet\/la-decheterie-depreville-76\/","title":{"rendered":"LA D\u00c9CH\u00c8TERIE D&rsquo;\u00c9PREVILLE (76)"},"content":{"rendered":"\t\t<div data-elementor-type=\"wp-post\" data-elementor-id=\"6400\" class=\"elementor elementor-6400\">\n\t\t\t\t<div class=\"elementor-element elementor-element-75bc04f e-flex e-con-boxed e-con e-parent\" data-id=\"75bc04f\" data-element_type=\"container\" data-e-type=\"container\">\n\t\t\t\t\t<div class=\"e-con-inner\">\n\t\t\t\t<div class=\"elementor-element elementor-element-09f10ea elementor-widget elementor-widget-heading\" data-id=\"09f10ea\" data-element_type=\"widget\" data-e-type=\"widget\" data-widget_type=\"heading.default\">\n\t\t\t\t<div class=\"elementor-widget-container\">\n\t\t\t\t\t<h2 class=\"elementor-heading-title elementor-size-default\">RECONSTRUCTION DE LA D\u00c9CH\u00c8TERIE D'\u00c9PREVILLE (76)<\/h2>\t\t\t\t<\/div>\n\t\t\t\t<\/div>\n\t\t\t\t\t<\/div>\n\t\t\t\t<\/div>\n\t\t<div class=\"elementor-element elementor-element-1cfadb7 e-flex e-con-boxed e-con e-parent\" data-id=\"1cfadb7\" data-element_type=\"container\" data-e-type=\"container\">\n\t\t\t\t\t<div class=\"e-con-inner\">\n\t\t<div class=\"elementor-element elementor-element-a5b518f e-con-full e-flex e-con e-child\" data-id=\"a5b518f\" data-element_type=\"container\" data-e-type=\"container\">\n\t\t\t\t<div class=\"elementor-element elementor-element-552c5b8 projets-highlight elementor-widget elementor-widget-text-editor\" data-id=\"552c5b8\" data-element_type=\"widget\" data-e-type=\"widget\" data-widget_type=\"text-editor.default\">\n\t\t\t\t<div class=\"elementor-widget-container\">\n\t\t\t\t\t\t\t\t\t<p><strong>Ma\u00eetre d\u2019ouvrage\u00a0:<\/strong>\u00a0Communaut\u00e9 d&rsquo;Agglom\u00e9ration F\u00e9camp Caux Littoral<\/p><p><strong>Localisation\u00a0:<\/strong>\u00a0\u00c9preville (76)<\/p><p><strong>Projet\u00a0:<\/strong> Reconstruction de la d\u00e9ch\u00e8terie d&rsquo;\u00c9preville<br \/><strong>Ma\u00eetrise d\u2019\u0153uvre\u00a0: <\/strong>Cabinet MERLIN, AR ARCHI\u00adTECTES<\/p><p><strong>Surface :\u00a0<\/strong>(Parcelle) 12 780 m\u00b2 environ<\/p><p><strong>Budget\u00a0:<\/strong> 2 700 000 \u20ac HT<\/p><p><strong style=\"text-align: var(--text-align);\">Calendrier : <\/strong>\u00c9tudes en cours<\/p>\t\t\t\t\t\t\t\t<\/div>\n\t\t\t\t<\/div>\n\t\t\t\t<div class=\"elementor-element elementor-element-f8595a0 elementor-widget elementor-widget-text-editor\" data-id=\"f8595a0\" data-element_type=\"widget\" data-e-type=\"widget\" data-widget_type=\"text-editor.default\">\n\t\t\t\t<div class=\"elementor-widget-container\">\n\t\t\t\t\t\t\t\t\t<p>\u00a0<span class=\"fontstyle0\">Le projet de reconstruction de la d\u00e9ch\u00e8terie d\u2019\u00c9preville vise \u00e0 optimiser la gestion des d\u00e9chets tout en offrant un service de qualit\u00e9, \u00e9volutif et s\u00e9curis\u00e9, favorisant le r\u00e9emploi, la valorisation des fili\u00e8res sp\u00e9cifiques et l\u2019accueil p\u00e9dagogique du public.<\/span><\/p><p>\u00a0<\/p><p><span class=\"fontstyle0\">Cette mission vise la requalification du parc d\u2019activit\u00e9s des Hautes Falaises \u00e0 \u00c9preville, avec la <\/span><strong><span class=\"fontstyle2\">reconstruction de la d\u00e9ch\u00e8terie \u00e0 plat<\/span><\/strong><span class=\"fontstyle0\">, facilitant <\/span><strong><span class=\"fontstyle2\">l\u2019accessibilit\u00e9 et la s\u00e9curit\u00e9 des d\u00e9p\u00f4ts<\/span><\/strong><span class=\"fontstyle0\">. Elle comprend la restructuration des flux et des acc\u00e8s, la mise en valeur <\/span><strong><span class=\"fontstyle2\">des lisi\u00e8res paysag\u00e8res <\/span><\/strong><span class=\"fontstyle0\">et la <\/span><strong><span class=\"fontstyle2\">gestion durable des eaux pluviales<\/span><\/strong><span class=\"fontstyle0\">. Le projet veille \u00e0 pr\u00e9server la <\/span><strong><span class=\"fontstyle2\">biodiversit\u00e9 locale <\/span><\/strong><span class=\"fontstyle0\">par des <\/span><strong><span class=\"fontstyle2\">plantations adapt\u00e9es <\/span><\/strong><span class=\"fontstyle0\">et des <\/span><strong><span class=\"fontstyle2\">am\u00e9nagements \u00e9cologiques<\/span><\/strong><span class=\"fontstyle0\">.<\/span><\/p><p>\u00a0<\/p><p><span class=\"fontstyle0\">Le local gardien est con\u00e7u d\u2019une mani\u00e8re <\/span><span class=\"fontstyle2\"><strong>bioclimatique<\/strong> <\/span><span class=\"fontstyle0\">assurant fonctionnalit\u00e9 et durabilit\u00e9 de la construction.<\/span> <br \/><br \/><\/p>\t\t\t\t\t\t\t\t<\/div>\n\t\t\t\t<\/div>\n\t\t\t\t<\/div>\n\t\t<div class=\"elementor-element elementor-element-6f696fa e-con-full e-flex e-con e-child\" data-id=\"6f696fa\" data-element_type=\"container\" data-e-type=\"container\">\n\t\t\t\t<div class=\"elementor-element elementor-element-e579edd elementor-widget elementor-widget-image\" data-id=\"e579edd\" data-element_type=\"widget\" data-e-type=\"widget\" data-widget_type=\"image.default\">\n\t\t\t\t<div class=\"elementor-widget-container\">\n\t\t\t\t\t\t\t\t\t\t\t\t\t\t\t<img fetchpriority=\"high\" decoding=\"async\" width=\"1024\" height=\"519\" src=\"https:\/\/www.ar-architectes.com\/wp-content\/uploads\/2025\/05\/AR_5724_PM-1024x519.png\" class=\"attachment-large size-large wp-image-6342\" alt=\"\" srcset=\"https:\/\/www.ar-architectes.com\/wp-content\/uploads\/2025\/05\/AR_5724_PM-1024x519.png 1024w, https:\/\/www.ar-architectes.com\/wp-content\/uploads\/2025\/05\/AR_5724_PM-300x152.png 300w, https:\/\/www.ar-architectes.com\/wp-content\/uploads\/2025\/05\/AR_5724_PM-768x389.png 768w, https:\/\/www.ar-architectes.com\/wp-content\/uploads\/2025\/05\/AR_5724_PM-1536x778.png 1536w, https:\/\/www.ar-architectes.com\/wp-content\/uploads\/2025\/05\/AR_5724_PM-700x355.png 700w, https:\/\/www.ar-architectes.com\/wp-content\/uploads\/2025\/05\/AR_5724_PM.png 1541w\" sizes=\"(max-width: 1024px) 100vw, 1024px\" \/>\t\t\t\t\t\t\t\t\t\t\t\t\t\t\t<\/div>\n\t\t\t\t<\/div>\n\t\t\t\t<\/div>\n\t\t\t\t\t<\/div>\n\t\t\t\t<\/div>\n\t\t<div class=\"elementor-element elementor-element-4d1be87 e-flex e-con-boxed e-con e-parent\" data-id=\"4d1be87\" data-element_type=\"container\" data-e-type=\"container\">\n\t\t\t\t\t<div class=\"e-con-inner\">\n\t\t\t\t<div class=\"elementor-element elementor-element-d34259d download-file-button elementor-widget elementor-widget-bridge_icon_text\" data-id=\"d34259d\" data-element_type=\"widget\" data-e-type=\"widget\" data-widget_type=\"bridge_icon_text.default\">\n\t\t\t\t<div class=\"elementor-widget-container\">\n\t\t\t\t\t<div class='q_icon_with_title small normal_icon '><div class=\"icon_holder \" style=\" \"><span data-icon-type=\"normal\"   style=\"\" class=\"qode_iwt_icon_holder q_font_awsome_icon fa-2x  \"><i class=\"qode_icon_font_awesome fa fa-download qode_iwt_icon_element\" style=\"color: #66B545;\" ><\/i><\/span><\/div><div class=\"icon_text_holder\" style=\"\"><div class=\"icon_text_inner\" style=\"\"><h5 class=\"icon_title\" style=\"color: #000000;font-weight: 700;\"><\/h5><p style='color: #000000'><\/p><a itemprop='url' class='icon_with_title_link' href='https:\/\/www.ar-architectes.com\/wp-content\/uploads\/2025\/05\/AR_FICHE-PROJET_DECHETERIE-EPREVILLE_120525.pdf' target='_self' style='color: #000000;'>T\u00c9L\u00c9CHARGER LA FICHE COMPL\u00c8TE DE CE PROJET<\/a><\/div><\/div><\/div>\t\t\t\t<\/div>\n\t\t\t\t<\/div>\n\t\t\t\t\t<\/div>\n\t\t\t\t<\/div>\n\t\t\t\t<\/div>\n\t\t","protected":false},"excerpt":{"rendered":"<p>Reconstruction de la d\u00e9ch\u00e8terie d&rsquo;\u00c9preville.<\/p>\n","protected":false},"featured_media":6340,"template":"","categories":[3],"tags":[5],"class_list":["post-6400","projet","type-projet","status-publish","has-post-thumbnail","hentry","category-france","tag-eco-renovation"],"_links":{"self":[{"href":"https:\/\/www.ar-architectes.com\/fr\/wp-json\/wp\/v2\/projet\/6400","targetHints":{"allow":["GET"]}}],"collection":[{"href":"https:\/\/www.ar-architectes.com\/fr\/wp-json\/wp\/v2\/projet"}],"about":[{"href":"https:\/\/www.ar-architectes.com\/fr\/wp-json\/wp\/v2\/types\/projet"}],"version-history":[{"count":8,"href":"https:\/\/www.ar-architectes.com\/fr\/wp-json\/wp\/v2\/projet\/6400\/revisions"}],"predecessor-version":[{"id":6412,"href":"https:\/\/www.ar-architectes.com\/fr\/wp-json\/wp\/v2\/projet\/6400\/revisions\/6412"}],"wp:featuredmedia":[{"embeddable":true,"href":"https:\/\/www.ar-architectes.com\/fr\/wp-json\/wp\/v2\/media\/6340"}],"wp:attachment":[{"href":"https:\/\/www.ar-architectes.com\/fr\/wp-json\/wp\/v2\/media?parent=6400"}],"wp:term":[{"taxonomy":"category","embeddable":true,"href":"https:\/\/www.ar-architectes.com\/fr\/wp-json\/wp\/v2\/categories?post=6400"},{"taxonomy":"post_tag","embeddable":true,"href":"https:\/\/www.ar-architectes.com\/fr\/wp-json\/wp\/v2\/tags?post=6400"}],"curies":[{"name":"wp","href":"https:\/\/api.w.org\/{rel}","templated":true}]}}