{"id":6462,"date":"2023-08-14T09:09:42","date_gmt":"2023-08-14T09:09:42","guid":{"rendered":"https:\/\/www.ar-architectes.com\/?post_type=projet&#038;p=6462"},"modified":"2025-06-16T09:13:20","modified_gmt":"2025-06-16T09:13:20","slug":"melun-77","status":"publish","type":"projet","link":"https:\/\/www.ar-architectes.com\/fr\/projet\/melun-77\/","title":{"rendered":"5 COLL\u00c8GES MELUN (77)"},"content":{"rendered":"\t\t<div data-elementor-type=\"wp-post\" data-elementor-id=\"6462\" class=\"elementor elementor-6462\">\n\t\t\t\t<div class=\"elementor-element elementor-element-75bc04f e-flex e-con-boxed e-con e-parent\" data-id=\"75bc04f\" data-element_type=\"container\" data-e-type=\"container\">\n\t\t\t\t\t<div class=\"e-con-inner\">\n\t\t\t\t<div class=\"elementor-element elementor-element-09f10ea elementor-widget elementor-widget-heading\" data-id=\"09f10ea\" data-element_type=\"widget\" data-e-type=\"widget\" data-widget_type=\"heading.default\">\n\t\t\t\t<div class=\"elementor-widget-container\">\n\t\t\t\t\t<h2 class=\"elementor-heading-title elementor-size-default\">MISE EN ACCESSIBilit\u00e9 handicap de 5 coll\u00e8ges - lot 2<\/h2>\t\t\t\t<\/div>\n\t\t\t\t<\/div>\n\t\t\t\t\t<\/div>\n\t\t\t\t<\/div>\n\t\t<div class=\"elementor-element elementor-element-1cfadb7 e-flex e-con-boxed e-con e-parent\" data-id=\"1cfadb7\" data-element_type=\"container\" data-e-type=\"container\">\n\t\t\t\t\t<div class=\"e-con-inner\">\n\t\t<div class=\"elementor-element elementor-element-a5b518f e-con-full e-flex e-con e-child\" data-id=\"a5b518f\" data-element_type=\"container\" data-e-type=\"container\">\n\t\t\t\t<div class=\"elementor-element elementor-element-552c5b8 projets-highlight elementor-widget elementor-widget-text-editor\" data-id=\"552c5b8\" data-element_type=\"widget\" data-e-type=\"widget\" data-widget_type=\"text-editor.default\">\n\t\t\t\t<div class=\"elementor-widget-container\">\n\t\t\t\t\t\t\t\t\t<p><strong>Ma\u00eetre d\u2019ouvrage\u00a0:<\/strong>\u00a0AEDIFICEM (mandataire) agissant pour le compte du d\u00e9partement de Seine-et-Marne<\/p>\n<p><strong>Localisation\u00a0: <\/strong>D\u00e9partement de Seine-et-Marne<\/p>\n<p><strong>Projet\u00a0:<\/strong>\u00a0Mise en accessibilit\u00e9 handicap de 5 coll\u00e8ges<\/p>\n<p><strong>Ma\u00eetrise d\u2019\u0153uvre\u00a0:<\/strong>\u00a0AR ARCHITECTES, ING\u00c9BIM, PHOENIX DB<\/p>\n<p><span style=\"text-align: var(--text-align); background-color: #f6f6f6; font-size: 17px;\"><span style=\"color: #66b545;\"><b>Budget :<\/b><\/span><\/span><span style=\"text-align: var(--text-align); background-color: #f6f6f6;\">\u00a04 039 650 euros HT<\/span><\/p>\n<p><strong>Calendrier\u00a0: <\/strong>Phase DIAG et APD en cours<\/p>\t\t\t\t\t\t\t\t<\/div>\n\t\t\t\t<\/div>\n\t\t\t\t<div class=\"elementor-element elementor-element-f8595a0 elementor-widget elementor-widget-text-editor\" data-id=\"f8595a0\" data-element_type=\"widget\" data-e-type=\"widget\" data-widget_type=\"text-editor.default\">\n\t\t\t\t<div class=\"elementor-widget-container\">\n\t\t\t\t\t\t\t\t\t<p>\u00a0<span class=\"fontstyle0\">Les <strong>5 coll\u00e8ges<\/strong> de Seine-et-Marne concern\u00e9s par le march\u00e9 sont des ERP r\u00e9partis sur plusieurs niveaux variant selon les \u00e9tablissements. Accueillant chaque jour de nombreux coll\u00e9giens, ces \u00e9tablissements doivent r\u00e9pondre aux <strong>nouvelles exigences r\u00e9glementaires<\/strong> en mati\u00e8re d\u2019<strong>accessibilit\u00e9 pour les personnes handicap\u00e9es<\/strong>. Pour que chaque trajet soit simple et sans contrainte pour tout le monde. Dans ce contexte, il a \u00e9t\u00e9 n\u00e9cessaire de mettre aux normes les <strong>sanitaires, escaliers et ascenseurs<\/strong>, ainsi que la cr\u00e9ation de <strong>zones de transfert horizontales coupe-feu<\/strong>, afin de prot\u00e9ger les usagers en cas d\u2019incendie.<\/span><\/p>\t\t\t\t\t\t\t\t<\/div>\n\t\t\t\t<\/div>\n\t\t\t\t<\/div>\n\t\t<div class=\"elementor-element elementor-element-6f696fa e-con-full e-flex e-con e-child\" data-id=\"6f696fa\" data-element_type=\"container\" data-e-type=\"container\">\n\t\t\t\t<div class=\"elementor-element elementor-element-a1efa67 elementor-widget elementor-widget-slider_revolution\" data-id=\"a1efa67\" data-element_type=\"widget\" data-e-type=\"widget\" data-widget_type=\"slider_revolution.default\">\n\t\t\t\t<div class=\"elementor-widget-container\">\n\t\t\t\t\t\n\t\t<div class=\"wp-block-themepunch-revslider\">\n\t\t\t<!-- START ADAP MELUN REVOLUTION SLIDER 6.6.16 --><p class=\"rs-p-wp-fix\"><\/p>\n\t\t\t<rs-module-wrap id=\"rev_slider_86_1_wrapper\" data-source=\"gallery\" style=\"visibility:hidden;background:transparent;padding:0;margin:0px auto;margin-top:0;margin-bottom:0;\">\n\t\t\t\t<rs-module id=\"rev_slider_86_1\" style=\"\" data-version=\"6.6.16\">\n\t\t\t\t\t<rs-slides style=\"overflow: hidden; position: absolute;\">\n\t\t\t\t\t\t<rs-slide style=\"position: absolute;\" data-key=\"rs-903\" data-title=\"Slide\" data-thumb=\"\/\/www.ar-architectes.com\/wp-content\/uploads\/2025\/06\/COLLEGE-PIERRE-BROSSOLETTE.jpg\" data-in=\"o:0;\" data-out=\"a:false;\">\n\t\t\t\t\t\t\t<img fetchpriority=\"high\" decoding=\"async\" src=\"\/\/www.ar-architectes.com\/wp-content\/plugins\/revslider\/public\/assets\/assets\/dummy.png\" alt=\"\" title=\"COLLEGE PIERRE BROSSOLETTE\" width=\"1980\" height=\"1114\" class=\"rev-slidebg tp-rs-img rs-lazyload\" data-lazyload=\"\/\/www.ar-architectes.com\/wp-content\/uploads\/2025\/06\/COLLEGE-PIERRE-BROSSOLETTE.jpg\" data-bg=\"f:contain;\" data-no-retina>\n<!---->\t\t\t\t\t\t<\/rs-slide>\n\t\t\t\t\t\t<rs-slide style=\"position: absolute;\" data-key=\"rs-904\" data-title=\"Slide\" data-thumb=\"\/\/www.ar-architectes.com\/wp-content\/uploads\/2025\/06\/IMG_3128-Copie-scaled.jpg\" data-in=\"o:0;\" data-out=\"a:false;\">\n\t\t\t\t\t\t\t<img decoding=\"async\" src=\"\/\/www.ar-architectes.com\/wp-content\/plugins\/revslider\/public\/assets\/assets\/dummy.png\" alt=\"\" title=\"IMG_3128 &#8211; Copie\" width=\"2513\" height=\"2560\" class=\"rev-slidebg tp-rs-img rs-lazyload\" data-lazyload=\"\/\/www.ar-architectes.com\/wp-content\/uploads\/2025\/06\/IMG_3128-Copie-scaled.jpg\" data-bg=\"f:contain;\" data-no-retina>\n<!---->\t\t\t\t\t\t<\/rs-slide>\n\t\t\t\t\t\t<rs-slide style=\"position: absolute;\" data-key=\"rs-906\" data-title=\"Slide\" data-thumb=\"\/\/www.ar-architectes.com\/wp-content\/uploads\/2025\/06\/COLLEGE-GERARD-PHILIPE.jpg\" data-in=\"o:0;\" data-out=\"a:false;\">\n\t\t\t\t\t\t\t<img decoding=\"async\" src=\"\/\/www.ar-architectes.com\/wp-content\/plugins\/revslider\/public\/assets\/assets\/dummy.png\" alt=\"\" title=\"COLLEGE GERARD PHILIPE\" width=\"1920\" height=\"936\" class=\"rev-slidebg tp-rs-img rs-lazyload\" data-lazyload=\"\/\/www.ar-architectes.com\/wp-content\/uploads\/2025\/06\/COLLEGE-GERARD-PHILIPE.jpg\" data-bg=\"f:contain;\" data-no-retina>\n<!---->\t\t\t\t\t\t<\/rs-slide>\n\t\t\t\t\t\t<rs-slide style=\"position: absolute;\" data-key=\"rs-905\" data-title=\"Slide\" data-thumb=\"\/\/www.ar-architectes.com\/wp-content\/uploads\/2025\/06\/20250319_094402-scaled.jpg\" data-in=\"o:0;\" data-out=\"a:false;\">\n\t\t\t\t\t\t\t<img loading=\"lazy\" decoding=\"async\" src=\"\/\/www.ar-architectes.com\/wp-content\/plugins\/revslider\/public\/assets\/assets\/dummy.png\" alt=\"\" title=\"20250319_094402\" width=\"2560\" height=\"1440\" class=\"rev-slidebg tp-rs-img rs-lazyload\" data-lazyload=\"\/\/www.ar-architectes.com\/wp-content\/uploads\/2025\/06\/20250319_094402-scaled.jpg\" data-bg=\"f:contain;\" data-no-retina>\n<!---->\t\t\t\t\t\t<\/rs-slide>\n\t\t\t\t\t\t<rs-slide style=\"position: absolute;\" data-key=\"rs-907\" data-title=\"Slide\" data-thumb=\"\/\/www.ar-architectes.com\/wp-content\/uploads\/2025\/06\/20250402_094312-scaled.jpg\" data-in=\"o:0;\" data-out=\"a:false;\">\n\t\t\t\t\t\t\t<img loading=\"lazy\" decoding=\"async\" src=\"\/\/www.ar-architectes.com\/wp-content\/plugins\/revslider\/public\/assets\/assets\/dummy.png\" alt=\"\" title=\"20250402_094312\" width=\"2560\" height=\"1440\" class=\"rev-slidebg tp-rs-img rs-lazyload\" data-lazyload=\"\/\/www.ar-architectes.com\/wp-content\/uploads\/2025\/06\/20250402_094312-scaled.jpg\" data-bg=\"f:contain;\" data-no-retina>\n<!---->\t\t\t\t\t\t<\/rs-slide>\n\t\t\t\t\t<\/rs-slides>\n\t\t\t\t\t<rs-static-layers><!--\n\t\t\t\t\t--><\/rs-static-layers>\n\t\t\t\t<\/rs-module>\n\t\t\t\t<script>\n\t\t\t\t\tsetREVStartSize({c: 'rev_slider_86_1',rl:[1240,1024,778,480],el:[900],gw:[1240],gh:[900],type:'carousel',justify:'',layout:'fullwidth',thumbh:\"180\",mh:\"0\"});if (window.RS_MODULES!==undefined && window.RS_MODULES.modules!==undefined && window.RS_MODULES.modules[\"revslider861\"]!==undefined) {window.RS_MODULES.modules[\"revslider861\"].once = false;window.revapi86 = undefined;if (window.RS_MODULES.checkMinimal!==undefined) window.RS_MODULES.checkMinimal()}\n\t\t\t\t<\/script>\n\t\t\t<\/rs-module-wrap>\n\t\t\t<!-- END REVOLUTION SLIDER -->\n<\/div>\n\n\t\t\t\t\t\t<\/div>\n\t\t\t\t<\/div>\n\t\t\t\t<\/div>\n\t\t\t\t\t<\/div>\n\t\t\t\t<\/div>\n\t\t<div class=\"elementor-element elementor-element-4d1be87 e-flex e-con-boxed e-con e-parent\" data-id=\"4d1be87\" data-element_type=\"container\" data-e-type=\"container\">\n\t\t\t\t\t<div class=\"e-con-inner\">\n\t\t\t\t<div class=\"elementor-element elementor-element-d34259d download-file-button elementor-widget elementor-widget-bridge_icon_text\" data-id=\"d34259d\" data-element_type=\"widget\" data-e-type=\"widget\" data-widget_type=\"bridge_icon_text.default\">\n\t\t\t\t<div class=\"elementor-widget-container\">\n\t\t\t\t\t<div class='q_icon_with_title small normal_icon '><div class=\"icon_holder \" style=\" \"><span data-icon-type=\"normal\"   style=\"\" class=\"qode_iwt_icon_holder q_font_awsome_icon fa-2x  \"><i class=\"qode_icon_font_awesome fa fa-download qode_iwt_icon_element\" style=\"color: #66B545;\" ><\/i><\/span><\/div><div class=\"icon_text_holder\" style=\"\"><div class=\"icon_text_inner\" style=\"\"><h5 class=\"icon_title\" style=\"color: #000000;font-weight: 700;\"><\/h5><p style='color: #000000'><\/p><a itemprop='url' class='icon_with_title_link' href='https:\/\/www.ar-architectes.com\/wp-content\/uploads\/2025\/06\/AR_FICHE-PROJET_5-COLLEGES-ADAP-MELUN_050624.pdf' target='_self' style='color: #000000;'>T\u00c9L\u00c9CHARGER LA FICHE COMPL\u00c8TE DE CE PROJET<\/a><\/div><\/div><\/div>\t\t\t\t<\/div>\n\t\t\t\t<\/div>\n\t\t\t\t\t<\/div>\n\t\t\t\t<\/div>\n\t\t\t\t<\/div>\n\t\t","protected":false},"excerpt":{"rendered":"<p>L&rsquo;objet de l&rsquo;op\u00e9ration consiste \u00e0 faire une mise en accessibilit\u00e9 tous handicaps de 5 coll\u00e8ges de la r\u00e9gion Seine-et-Marne (77)<\/p>\n","protected":false},"featured_media":6464,"template":"","categories":[3],"tags":[8],"class_list":["post-6462","projet","type-projet","status-publish","has-post-thumbnail","hentry","category-france","tag-mise-en-accessibilite"],"_links":{"self":[{"href":"https:\/\/www.ar-architectes.com\/fr\/wp-json\/wp\/v2\/projet\/6462","targetHints":{"allow":["GET"]}}],"collection":[{"href":"https:\/\/www.ar-architectes.com\/fr\/wp-json\/wp\/v2\/projet"}],"about":[{"href":"https:\/\/www.ar-architectes.com\/fr\/wp-json\/wp\/v2\/types\/projet"}],"version-history":[{"count":12,"href":"https:\/\/www.ar-architectes.com\/fr\/wp-json\/wp\/v2\/projet\/6462\/revisions"}],"predecessor-version":[{"id":6486,"href":"https:\/\/www.ar-architectes.com\/fr\/wp-json\/wp\/v2\/projet\/6462\/revisions\/6486"}],"wp:featuredmedia":[{"embeddable":true,"href":"https:\/\/www.ar-architectes.com\/fr\/wp-json\/wp\/v2\/media\/6464"}],"wp:attachment":[{"href":"https:\/\/www.ar-architectes.com\/fr\/wp-json\/wp\/v2\/media?parent=6462"}],"wp:term":[{"taxonomy":"category","embeddable":true,"href":"https:\/\/www.ar-architectes.com\/fr\/wp-json\/wp\/v2\/categories?post=6462"},{"taxonomy":"post_tag","embeddable":true,"href":"https:\/\/www.ar-architectes.com\/fr\/wp-json\/wp\/v2\/tags?post=6462"}],"curies":[{"name":"wp","href":"https:\/\/api.w.org\/{rel}","templated":true}]}}