{"id":7219,"date":"2023-08-12T08:53:05","date_gmt":"2023-08-12T08:53:05","guid":{"rendered":"https:\/\/www.ar-architectes.com\/?post_type=projet&#038;p=7219"},"modified":"2026-02-11T09:55:25","modified_gmt":"2026-02-11T09:55:25","slug":"stations-pompage-calais-62","status":"publish","type":"projet","link":"https:\/\/www.ar-architectes.com\/fr\/projet\/stations-pompage-calais-62\/","title":{"rendered":"STATIONS POMPAGE &#8211; CALAIS (62)"},"content":{"rendered":"\t\t<div data-elementor-type=\"wp-post\" data-elementor-id=\"7219\" class=\"elementor elementor-7219\">\n\t\t\t\t<div class=\"elementor-element elementor-element-75bc04f e-flex e-con-boxed e-con e-parent\" data-id=\"75bc04f\" data-element_type=\"container\" data-e-type=\"container\">\n\t\t\t\t\t<div class=\"e-con-inner\">\n\t\t\t\t<div class=\"elementor-element elementor-element-09f10ea elementor-widget elementor-widget-heading\" data-id=\"09f10ea\" data-element_type=\"widget\" data-e-type=\"widget\" data-widget_type=\"heading.default\">\n\t\t\t\t<div class=\"elementor-widget-container\">\n\t\t\t\t\t<h2 class=\"elementor-heading-title elementor-size-default\">\u00e9co-construction et \u00e9co-r\u00e9habilitation de stations de pompage pour\nl\u2019optimisation du syst\u00e8me hydraulique Rivi\u00e8re Neuve \/ Pierrettes (62)<\/h2>\t\t\t\t<\/div>\n\t\t\t\t<\/div>\n\t\t\t\t\t<\/div>\n\t\t\t\t<\/div>\n\t\t<div class=\"elementor-element elementor-element-1cfadb7 e-flex e-con-boxed e-con e-parent\" data-id=\"1cfadb7\" data-element_type=\"container\" data-e-type=\"container\">\n\t\t\t\t\t<div class=\"e-con-inner\">\n\t\t<div class=\"elementor-element elementor-element-a5b518f e-con-full e-flex e-con e-child\" data-id=\"a5b518f\" data-element_type=\"container\" data-e-type=\"container\">\n\t\t\t\t<div class=\"elementor-element elementor-element-552c5b8 projets-highlight elementor-widget elementor-widget-text-editor\" data-id=\"552c5b8\" data-element_type=\"widget\" data-e-type=\"widget\" data-widget_type=\"text-editor.default\">\n\t\t\t\t<div class=\"elementor-widget-container\">\n\t\t\t\t\t\t\t\t\t<p><strong>Ma\u00eetre d\u2019ouvrage\u00a0:<\/strong>\u00a0Institution Intercommunale des Wateringues<\/p>\n<p><strong>Localisation\u00a0:<\/strong>\u00a0Calais et Hames-Boucres (62)<\/p>\n<p><strong>Projet\u00a0:<\/strong> Restauration de la fa\u00e7ade du si\u00e8ge d&rsquo;Eau de Paris<br \/><strong>Ma\u00eetrise d\u2019\u0153uvre :\u00a0<\/strong>SETEC HYDRATEC \/ AR ARCHITECTES<\/p>\n<p><strong style=\"text-align: var(--text-align);\">Calendrier : <\/strong>Phase APD 2026<\/p>\t\t\t\t\t\t\t\t<\/div>\n\t\t\t\t<\/div>\n\t\t\t\t<div class=\"elementor-element elementor-element-f8595a0 elementor-widget elementor-widget-text-editor\" data-id=\"f8595a0\" data-element_type=\"widget\" data-e-type=\"widget\" data-widget_type=\"text-editor.default\">\n\t\t\t\t<div class=\"elementor-widget-container\">\n\t\t\t\t\t\t\t\t\t<p>Le projet d<strong>\u2019optimisation du syst\u00e8me hydraulique Rivi\u00e8re Neuve \/ Pierrettes<\/strong> s\u2019inscrit dans un contexte<br>de <strong>vuln\u00e9rabilit\u00e9 accrue du territoire face aux risques d\u2019inondation, amplifi \u00e9s par le changement<\/strong><br><strong>climatique<\/strong>.&nbsp;<\/p><p><br><\/p>\n<p>Situ\u00e9 au c\u0153ur du<strong> syst\u00e8me des Wateringues<\/strong>, le secteur est soumis \u00e0 la combinaison de&nbsp;<strong>fortes pluies,<\/strong> de <strong>mar\u00e9es hautes<\/strong> et de <strong>surcotes marines<\/strong> limitant <strong>l\u2019\u00e9coulement gravitaire vers la mer.<\/strong><\/p><p><strong><br><\/strong><\/p>\n<p><\/p>\n<p>Les <strong>ouvrages existants et projet\u00e9s<\/strong> (stations de pompage, bassins et \u00e9quipements associ\u00e9s) visent \u00e0 <strong>s\u00e9curiser la gestion des niveaux d\u2019eau, \u00e0 r\u00e9duire les risques d\u2019inondation<\/strong> pour les<strong> zones urbanis\u00e9es<\/strong> et \u00e0 <strong>prot\u00e9ger les populations et les activit\u00e9s<\/strong>. Le projet int\u00e8gre \u00e9galement des enjeux d\u2019<strong>insertion paysag\u00e8re, environnementale et patrimoniale<\/strong>, afin de concilier <strong>performance hydraulique et int\u00e9gration territoriale durable.<\/strong><\/p>\t\t\t\t\t\t\t\t<\/div>\n\t\t\t\t<\/div>\n\t\t\t\t<\/div>\n\t\t<div class=\"elementor-element elementor-element-6f696fa e-con-full e-flex e-con e-child\" data-id=\"6f696fa\" data-element_type=\"container\" data-e-type=\"container\">\n\t\t\t\t<div class=\"elementor-element elementor-element-e579edd elementor-widget elementor-widget-image\" data-id=\"e579edd\" data-element_type=\"widget\" data-e-type=\"widget\" data-widget_type=\"image.default\">\n\t\t\t\t<div class=\"elementor-widget-container\">\n\t\t\t\t\t\t\t\t\t\t\t\t\t\t\t<img fetchpriority=\"high\" decoding=\"async\" width=\"1024\" height=\"576\" src=\"https:\/\/www.ar-architectes.com\/wp-content\/uploads\/2026\/01\/Calais-le-Fort-Risban1-scaled-3128913689-1024x576.png\" class=\"attachment-large size-large wp-image-7144\" alt=\"\" srcset=\"https:\/\/www.ar-architectes.com\/wp-content\/uploads\/2026\/01\/Calais-le-Fort-Risban1-scaled-3128913689-1024x576.png 1024w, https:\/\/www.ar-architectes.com\/wp-content\/uploads\/2026\/01\/Calais-le-Fort-Risban1-scaled-3128913689-300x169.png 300w, https:\/\/www.ar-architectes.com\/wp-content\/uploads\/2026\/01\/Calais-le-Fort-Risban1-scaled-3128913689-768x432.png 768w, https:\/\/www.ar-architectes.com\/wp-content\/uploads\/2026\/01\/Calais-le-Fort-Risban1-scaled-3128913689-1536x864.png 1536w, https:\/\/www.ar-architectes.com\/wp-content\/uploads\/2026\/01\/Calais-le-Fort-Risban1-scaled-3128913689-2048x1152.png 2048w, https:\/\/www.ar-architectes.com\/wp-content\/uploads\/2026\/01\/Calais-le-Fort-Risban1-scaled-3128913689-700x394.png 700w, https:\/\/www.ar-architectes.com\/wp-content\/uploads\/2026\/01\/Calais-le-Fort-Risban1-scaled-3128913689-539x303.png 539w\" sizes=\"(max-width: 1024px) 100vw, 1024px\" \/>\t\t\t\t\t\t\t\t\t\t\t\t\t\t\t<\/div>\n\t\t\t\t<\/div>\n\t\t\t\t<\/div>\n\t\t\t\t\t<\/div>\n\t\t\t\t<\/div>\n\t\t<div class=\"elementor-element elementor-element-4d1be87 e-flex e-con-boxed e-con e-parent\" data-id=\"4d1be87\" data-element_type=\"container\" data-e-type=\"container\">\n\t\t\t\t\t<div class=\"e-con-inner\">\n\t\t\t\t<div class=\"elementor-element elementor-element-d34259d download-file-button elementor-widget elementor-widget-bridge_icon_text\" data-id=\"d34259d\" data-element_type=\"widget\" data-e-type=\"widget\" data-widget_type=\"bridge_icon_text.default\">\n\t\t\t\t<div class=\"elementor-widget-container\">\n\t\t\t\t\t<div class='q_icon_with_title small normal_icon '><div class=\"icon_holder \" style=\" \"><span data-icon-type=\"normal\"   style=\"\" class=\"qode_iwt_icon_holder q_font_awsome_icon fa-2x  \"><i class=\"qode_icon_font_awesome fa fa-download qode_iwt_icon_element\" style=\"color: #66B545;\" ><\/i><\/span><\/div><div class=\"icon_text_holder\" style=\"\"><div class=\"icon_text_inner\" style=\"\"><h5 class=\"icon_title\" style=\"color: #000000;font-weight: 700;\"><\/h5><p style='color: #000000'><\/p><a itemprop='url' class='icon_with_title_link' href='https:\/\/www.ar-architectes.com\/wp-content\/uploads\/2026\/02\/AR_FICHE-PROJET_ECLUSES-STATIONS-POMPAGE_260126.pdf' target='_self' style='color: #000000;'>T\u00c9L\u00c9CHARGER LA FICHE COMPL\u00c8TE DE CE PROJET<\/a><\/div><\/div><\/div>\t\t\t\t<\/div>\n\t\t\t\t<\/div>\n\t\t\t\t\t<\/div>\n\t\t\t\t<\/div>\n\t\t\t\t<\/div>\n\t\t","protected":false},"excerpt":{"rendered":"<p>\u00c9co-construction et \u00e9co-r\u00e9habilitation de stations de pompage pour l\u2019optimisation du syst\u00e8me hydraulique Rivi\u00e8re Neuve \/ Pierrettes (62)<\/p>\n","protected":false},"featured_media":7144,"template":"","categories":[3],"tags":[6],"class_list":["post-7219","projet","type-projet","status-publish","has-post-thumbnail","hentry","category-france","tag-eco-construction"],"_links":{"self":[{"href":"https:\/\/www.ar-architectes.com\/fr\/wp-json\/wp\/v2\/projet\/7219","targetHints":{"allow":["GET"]}}],"collection":[{"href":"https:\/\/www.ar-architectes.com\/fr\/wp-json\/wp\/v2\/projet"}],"about":[{"href":"https:\/\/www.ar-architectes.com\/fr\/wp-json\/wp\/v2\/types\/projet"}],"version-history":[{"count":23,"href":"https:\/\/www.ar-architectes.com\/fr\/wp-json\/wp\/v2\/projet\/7219\/revisions"}],"predecessor-version":[{"id":7283,"href":"https:\/\/www.ar-architectes.com\/fr\/wp-json\/wp\/v2\/projet\/7219\/revisions\/7283"}],"wp:featuredmedia":[{"embeddable":true,"href":"https:\/\/www.ar-architectes.com\/fr\/wp-json\/wp\/v2\/media\/7144"}],"wp:attachment":[{"href":"https:\/\/www.ar-architectes.com\/fr\/wp-json\/wp\/v2\/media?parent=7219"}],"wp:term":[{"taxonomy":"category","embeddable":true,"href":"https:\/\/www.ar-architectes.com\/fr\/wp-json\/wp\/v2\/categories?post=7219"},{"taxonomy":"post_tag","embeddable":true,"href":"https:\/\/www.ar-architectes.com\/fr\/wp-json\/wp\/v2\/tags?post=7219"}],"curies":[{"name":"wp","href":"https:\/\/api.w.org\/{rel}","templated":true}]}}