{"id":7252,"date":"2023-08-13T08:00:30","date_gmt":"2023-08-13T08:00:30","guid":{"rendered":"https:\/\/www.ar-architectes.com\/?post_type=projet&#038;p=7252"},"modified":"2026-02-11T09:53:56","modified_gmt":"2026-02-11T09:53:56","slug":"psem-jean-jaures-chatillon-92","status":"publish","type":"projet","link":"https:\/\/www.ar-architectes.com\/fr\/projet\/psem-jean-jaures-chatillon-92\/","title":{"rendered":"PSEM JEAN-JAUR\u00c8S &#8211; CH\u00c2TILLON (92)"},"content":{"rendered":"\t\t<div data-elementor-type=\"wp-post\" data-elementor-id=\"7252\" class=\"elementor elementor-7252\">\n\t\t\t\t<div class=\"elementor-element elementor-element-75bc04f e-flex e-con-boxed e-con e-parent\" data-id=\"75bc04f\" data-element_type=\"container\" data-e-type=\"container\">\n\t\t\t\t\t<div class=\"e-con-inner\">\n\t\t\t\t<div class=\"elementor-element elementor-element-09f10ea elementor-widget elementor-widget-heading\" data-id=\"09f10ea\" data-element_type=\"widget\" data-e-type=\"widget\" data-widget_type=\"heading.default\">\n\t\t\t\t<div class=\"elementor-widget-container\">\n\t\t\t\t\t<h2 class=\"elementor-heading-title elementor-size-default\"><span>\u00e9co-conception architecturale bas carbone du Poste<br>Sous Enveloppe M\u00e9tallique (PSEM) Jean-Jaur\u00e8s 63kV \u00e0<br>Ch\u00e2tillon (92)<\/span><\/h2>\t\t\t\t<\/div>\n\t\t\t\t<\/div>\n\t\t\t\t\t<\/div>\n\t\t\t\t<\/div>\n\t\t<div class=\"elementor-element elementor-element-1cfadb7 e-flex e-con-boxed e-con e-parent\" data-id=\"1cfadb7\" data-element_type=\"container\" data-e-type=\"container\">\n\t\t\t\t\t<div class=\"e-con-inner\">\n\t\t<div class=\"elementor-element elementor-element-a5b518f e-con-full e-flex e-con e-child\" data-id=\"a5b518f\" data-element_type=\"container\" data-e-type=\"container\">\n\t\t\t\t<div class=\"elementor-element elementor-element-552c5b8 projets-highlight elementor-widget elementor-widget-text-editor\" data-id=\"552c5b8\" data-element_type=\"widget\" data-e-type=\"widget\" data-widget_type=\"text-editor.default\">\n\t\t\t\t<div class=\"elementor-widget-container\">\n\t\t\t\t\t\t\t\t\t<p><strong>Ma\u00eetre d\u2019ouvrage\u00a0:<\/strong> RTE<\/p>\n<p><strong>Localisation\u00a0:<\/strong> Ch\u00e2tillon (92)<\/p>\n<p><strong>Projet\u00a0:<\/strong> Conception architecturale du b\u00e2timent PSEM 63kV<br \/><strong>Ma\u00eetrise d\u2019\u0153uvre : <\/strong>AR ARCHITECTES \/ B.E.b\u00e2tiTECH<\/p>\n<p><strong style=\"text-align: var(--text-align);\">Capacit\u00e9 \u00e9lectrique : <\/strong>Poste source 63kV<\/p>\n<p><strong style=\"text-align: var(--text-align);\">Surface : <\/strong>510m\u00b2 SDP<\/p>\n<p><strong style=\"text-align: var(--text-align);\">Budget : <\/strong>1 958 000 \u20acHT<\/p>\n<p><strong style=\"text-align: var(--text-align);\">Calendrier : <\/strong>Concours 2025<\/p>\t\t\t\t\t\t\t\t<\/div>\n\t\t\t\t<\/div>\n\t\t\t\t<div class=\"elementor-element elementor-element-f8595a0 elementor-widget elementor-widget-text-editor\" data-id=\"f8595a0\" data-element_type=\"widget\" data-e-type=\"widget\" data-widget_type=\"text-editor.default\">\n\t\t\t\t<div class=\"elementor-widget-container\">\n\t\t\t\t\t\t\t\t\t<p>Plac\u00e9 \u00e0 la jonction d\u2019un secteur \u00e0 vocation dominante d\u2019activit\u00e9s ferroviaires et d\u2019un secteur de zone naturelle, nous imaginons un projet industriel <strong>qui fait lien avec la nature environnante : LI<\/strong><strong>\u0418EA \u00a9 : PSEM JEAN-JAUR\u00c8S \u00c0 CH\u00c2TILLON (92).<\/strong><\/p>\n<p>\u00a0<\/p>\n<p>Un b\u00e2timent bioclimatique \u00e0 faible impact environnemental, mat\u00e9rialis\u00e9 par <strong>une expression de fa\u00e7ade forte, singuli\u00e8re et <\/strong><strong>l\u00e9g\u00e8re<\/strong> ; qui communique avec son environnement proche comme lointain, rappelant <strong>les lignes \/ axes autours desquels l\u2019architecture se d\u00e9veloppe dans le milieu industriel et urbain.<\/strong><\/p>\t\t\t\t\t\t\t\t<\/div>\n\t\t\t\t<\/div>\n\t\t\t\t<\/div>\n\t\t<div class=\"elementor-element elementor-element-6f696fa e-con-full e-flex e-con e-child\" data-id=\"6f696fa\" data-element_type=\"container\" data-e-type=\"container\">\n\t\t\t\t<div class=\"elementor-element elementor-element-e579edd elementor-widget elementor-widget-image\" data-id=\"e579edd\" data-element_type=\"widget\" data-e-type=\"widget\" data-widget_type=\"image.default\">\n\t\t\t\t<div class=\"elementor-widget-container\">\n\t\t\t\t\t\t\t\t\t\t\t\t\t\t\t<img fetchpriority=\"high\" decoding=\"async\" width=\"1024\" height=\"569\" src=\"https:\/\/www.ar-architectes.com\/wp-content\/uploads\/2026\/02\/AR_4125-1-1024x569.jpg\" class=\"attachment-large size-large wp-image-7258\" alt=\"\" srcset=\"https:\/\/www.ar-architectes.com\/wp-content\/uploads\/2026\/02\/AR_4125-1-1024x569.jpg 1024w, https:\/\/www.ar-architectes.com\/wp-content\/uploads\/2026\/02\/AR_4125-1-300x167.jpg 300w, https:\/\/www.ar-architectes.com\/wp-content\/uploads\/2026\/02\/AR_4125-1-768x427.jpg 768w, https:\/\/www.ar-architectes.com\/wp-content\/uploads\/2026\/02\/AR_4125-1-1536x853.jpg 1536w, https:\/\/www.ar-architectes.com\/wp-content\/uploads\/2026\/02\/AR_4125-1-2048x1138.jpg 2048w, https:\/\/www.ar-architectes.com\/wp-content\/uploads\/2026\/02\/AR_4125-1-700x389.jpg 700w\" sizes=\"(max-width: 1024px) 100vw, 1024px\" \/>\t\t\t\t\t\t\t\t\t\t\t\t\t\t\t<\/div>\n\t\t\t\t<\/div>\n\t\t\t\t<\/div>\n\t\t\t\t\t<\/div>\n\t\t\t\t<\/div>\n\t\t<div class=\"elementor-element elementor-element-4d1be87 e-flex e-con-boxed e-con e-parent\" data-id=\"4d1be87\" data-element_type=\"container\" data-e-type=\"container\">\n\t\t\t\t\t<div class=\"e-con-inner\">\n\t\t\t\t<div class=\"elementor-element elementor-element-d34259d download-file-button elementor-widget elementor-widget-bridge_icon_text\" data-id=\"d34259d\" data-element_type=\"widget\" data-e-type=\"widget\" data-widget_type=\"bridge_icon_text.default\">\n\t\t\t\t<div class=\"elementor-widget-container\">\n\t\t\t\t\t<div class='q_icon_with_title small normal_icon '><div class=\"icon_holder \" style=\" \"><span data-icon-type=\"normal\"   style=\"\" class=\"qode_iwt_icon_holder q_font_awsome_icon fa-2x  \"><i class=\"qode_icon_font_awesome fa fa-download qode_iwt_icon_element\" style=\"color: #66B545;\" ><\/i><\/span><\/div><div class=\"icon_text_holder\" style=\"\"><div class=\"icon_text_inner\" style=\"\"><h5 class=\"icon_title\" style=\"color: #000000;font-weight: 700;\"><\/h5><p style='color: #000000'><\/p><a itemprop='url' class='icon_with_title_link' href='https:\/\/www.ar-architectes.com\/wp-content\/uploads\/2026\/02\/AR_FICHE-PROJET_PSEM-J-JAURES_MONTROUGE_92_020226.pdf' target='_self' style='color: #000000;'>T\u00c9L\u00c9CHARGER LA FICHE COMPL\u00c8TE DE CE PROJET<\/a><\/div><\/div><\/div>\t\t\t\t<\/div>\n\t\t\t\t<\/div>\n\t\t\t\t\t<\/div>\n\t\t\t\t<\/div>\n\t\t\t\t<\/div>\n\t\t","protected":false},"excerpt":{"rendered":"<p>\u00e9co-conception architecturale bas carbone du Poste Sous Enveloppe M\u00e9tallique (PSEM) Jean-Jaur\u00e8s 63kV \u00e0 Ch\u00e2tillon (92)<\/p>\n","protected":false},"featured_media":7258,"template":"","categories":[3],"tags":[6],"class_list":["post-7252","projet","type-projet","status-publish","has-post-thumbnail","hentry","category-france","tag-eco-construction"],"_links":{"self":[{"href":"https:\/\/www.ar-architectes.com\/fr\/wp-json\/wp\/v2\/projet\/7252","targetHints":{"allow":["GET"]}}],"collection":[{"href":"https:\/\/www.ar-architectes.com\/fr\/wp-json\/wp\/v2\/projet"}],"about":[{"href":"https:\/\/www.ar-architectes.com\/fr\/wp-json\/wp\/v2\/types\/projet"}],"version-history":[{"count":8,"href":"https:\/\/www.ar-architectes.com\/fr\/wp-json\/wp\/v2\/projet\/7252\/revisions"}],"predecessor-version":[{"id":7282,"href":"https:\/\/www.ar-architectes.com\/fr\/wp-json\/wp\/v2\/projet\/7252\/revisions\/7282"}],"wp:featuredmedia":[{"embeddable":true,"href":"https:\/\/www.ar-architectes.com\/fr\/wp-json\/wp\/v2\/media\/7258"}],"wp:attachment":[{"href":"https:\/\/www.ar-architectes.com\/fr\/wp-json\/wp\/v2\/media?parent=7252"}],"wp:term":[{"taxonomy":"category","embeddable":true,"href":"https:\/\/www.ar-architectes.com\/fr\/wp-json\/wp\/v2\/categories?post=7252"},{"taxonomy":"post_tag","embeddable":true,"href":"https:\/\/www.ar-architectes.com\/fr\/wp-json\/wp\/v2\/tags?post=7252"}],"curies":[{"name":"wp","href":"https:\/\/api.w.org\/{rel}","templated":true}]}}